{"id":1460,"date":"2021-05-29T20:15:21","date_gmt":"2021-05-29T20:15:21","guid":{"rendered":"https:\/\/ucach.mx\/?page_id=1460"},"modified":"2025-05-27T10:35:52","modified_gmt":"2025-05-27T16:35:52","slug":"diplomado-en-teologia-sistematica","status":"publish","type":"page","link":"https:\/\/ucach.mx\/index.php\/diplomado-en-teologia-sistematica\/","title":{"rendered":"Diplomado en Teolog\u00eda Sistem\u00e1tica"},"content":{"rendered":"<p>[et_pb_section fb_built=\u00bb1&#8243; _builder_version=\u00bb4.16&#8243; _module_preset=\u00bbdefault\u00bb background_color=\u00bb#f6f6f6&#8243; locked=\u00bboff\u00bb global_colors_info=\u00bb{}\u00bb][et_pb_row _builder_version=\u00bb4.16&#8243; _module_preset=\u00bbdefault\u00bb custom_padding=\u00bb56px|||||\u00bb global_colors_info=\u00bb{}\u00bb][et_pb_column type=\u00bb4_4&#8243; _builder_version=\u00bb4.16&#8243; _module_preset=\u00bbdefault\u00bb global_colors_info=\u00bb{}\u00bb][et_pb_text _builder_version=\u00bb4.25.0&#8243; _module_preset=\u00bbdefault\u00bb text_font=\u00bb|600|||||||\u00bb text_text_color=\u00bb#0C71C3&#8243; text_font_size=\u00bb36px\u00bb text_orientation=\u00bbcenter\u00bb custom_margin=\u00bb||29px|||\u00bb custom_padding=\u00bb2px|||||\u00bb text_text_shadow_style=\u00bbpreset3&#8243; box_shadow_style=\u00bbpreset4&#8243; box_shadow_blur=\u00bb33px\u00bb box_shadow_spread=\u00bb-21px\u00bb box_shadow_color=\u00bb#0C71C3&#8243; global_colors_info=\u00bb{}\u00bb]<\/p>\n<h1 style=\"text-align: center;\"><strong>DIPLOMADO EN TEOLOG\u00cdA SISTEM\u00c1TICA<\/strong><\/h1>\n<h2 style=\"text-align: center;\"><strong>Buscando la inteligencia de la fe<\/strong><\/h2>\n<p style=\"text-align: center;\">[\/et_pb_text][\/et_pb_column][\/et_pb_row][et_pb_row use_custom_gutter=\u00bbon\u00bb _builder_version=\u00bb4.16&#8243; _module_preset=\u00bbdefault\u00bb width=\u00bb98%\u00bb max_width=\u00bb1945px\u00bb custom_margin=\u00bb-63px|auto||auto||\u00bb global_colors_info=\u00bb{}\u00bb][et_pb_column type=\u00bb4_4&#8243; _builder_version=\u00bb4.16&#8243; _module_preset=\u00bbdefault\u00bb global_colors_info=\u00bb{}\u00bb][et_pb_divider color=\u00bb#fecc00&#8243; _builder_version=\u00bb4.16&#8243; _module_preset=\u00bbdefault\u00bb global_colors_info=\u00bb{}\u00bb][\/et_pb_divider][\/et_pb_column][\/et_pb_row][et_pb_row column_structure=\u00bb2_5,3_5&#8243; use_custom_gutter=\u00bbon\u00bb gutter_width=\u00bb1&#8243; _builder_version=\u00bb4.16&#8243; _module_preset=\u00bbdefault\u00bb max_width=\u00bb1138px\u00bb global_colors_info=\u00bb{}\u00bb][et_pb_column type=\u00bb2_5&#8243; _builder_version=\u00bb4.16&#8243; _module_preset=\u00bbdefault\u00bb global_colors_info=\u00bb{}\u00bb][et_pb_blurb title=\u00bbOBJETIVO\u00bb _builder_version=\u00bb4.25.0&#8243; _module_preset=\u00bbdefault\u00bb header_level=\u00bbh3&#8243; header_font=\u00bb|600|||||||\u00bb header_font_size=\u00bb22px\u00bb header_letter_spacing=\u00bb2px\u00bb background_color=\u00bb#FFFFFF\u00bb min_height=\u00bb379px\u00bb custom_padding=\u00bb25px|25px|25px|25px|false|false\u00bb animation_style=\u00bbslide\u00bb box_shadow_style=\u00bbpreset3&#8243; locked=\u00bboff\u00bb global_colors_info=\u00bb{}\u00bb]<\/p>\n<p>El estudiante logra un acercamiento profundo a las verdades fundamentales de la fe cristiana-cat\u00f3lica, centradas en Jesucristo, las explicar\u00e1 por el m\u00e9todo anal\u00edtico-sint\u00e9tico, las integrar\u00e1 a su experiencia de fe, cualificar\u00e1 su vida espiritual, en orden a dar razones de su esperanza en Dios e influir teol\u00f3gicamente su entorno socio cultural as\u00ed como eficientar su pr\u00e1ctica pastoral.<\/p>\n<p>[\/et_pb_blurb][\/et_pb_column][et_pb_column type=\u00bb3_5&#8243; _builder_version=\u00bb4.16&#8243; _module_preset=\u00bbdefault\u00bb global_colors_info=\u00bb{}\u00bb][et_pb_image src=\u00bbhttps:\/\/ucach.mx\/wp-content\/uploads\/2023\/07\/Captura-de-pantalla-2023-07-17-a-las-12.44.51.jpg\u00bb title_text=\u00bbTeolog\u00eda\u00bb _builder_version=\u00bb4.21.0&#8243; _module_preset=\u00bbdefault\u00bb custom_margin=\u00bb3px|-41px|-2px|49px|false|false\u00bb custom_padding=\u00bb0px|||0px|false|false\u00bb animation_style=\u00bbslide\u00bb animation_direction=\u00bbright\u00bb global_colors_info=\u00bb{}\u00bb][\/et_pb_image][\/et_pb_column][\/et_pb_row][\/et_pb_section][et_pb_section fb_built=\u00bb1&#8243; _builder_version=\u00bb4.16&#8243; _module_preset=\u00bbdefault\u00bb locked=\u00bboff\u00bb global_colors_info=\u00bb{}\u00bb][et_pb_row column_structure=\u00bb1_2,1_2&#8243; _builder_version=\u00bb4.16&#8243; _module_preset=\u00bbdefault\u00bb custom_padding=\u00bb|||0px||\u00bb animation_style=\u00bbzoom\u00bb global_colors_info=\u00bb{}\u00bb][et_pb_column type=\u00bb1_2&#8243; _builder_version=\u00bb4.16&#8243; _module_preset=\u00bbdefault\u00bb global_colors_info=\u00bb{}\u00bb][et_pb_text _builder_version=\u00bb4.25.0&#8243; _module_preset=\u00bbdefault\u00bb background_color=\u00bb#FFFFFF\u00bb custom_padding=\u00bb25px|25px|25px|25px|false|false\u00bb box_shadow_style=\u00bbpreset3&#8243; global_colors_info=\u00bb{}\u00bb]<\/p>\n<h2><span style=\"color: #000080;\"><strong>Perfil de egreso<\/strong><\/span><\/h2>\n<p>Los egresados del Diplomado en Teolog\u00eda Sistem\u00e1tica I contar\u00e1n con los conocimientos serios y profundos sobre los art\u00edculos de la fe\u00a0 (B\u00edblica, Fundamental, Cristo, salvaci\u00f3n, Esp\u00edritu Santo, Trinidad y realidades \u00faltimas); que los lleva a profundizar su vivencia cristiana, lo podr\u00e1n explicar y con ellos intervenir en la pastoral de la Iglesia (ense\u00f1anza de la catequesis y diversos \u00e1mbitos de formaci\u00f3n cristiana).<\/p>\n<p>[\/et_pb_text][et_pb_text _builder_version=\u00bb4.25.0&#8243; _module_preset=\u00bbdefault\u00bb background_color=\u00bb#FFFFFF\u00bb custom_padding=\u00bb25px|25px|25px|25px|false|false\u00bb box_shadow_style=\u00bbpreset3&#8243; global_colors_info=\u00bb{}\u00bb]<\/p>\n<h2><span style=\"color: #000080;\"><strong>Metodolog\u00eda<\/strong><\/span><\/h2>\n<div class=\"page\" title=\"Page 5\">\n<div class=\"section\">\n<div class=\"layoutArea\">\n<div class=\"column\">\n<p>El estudiante aprende con las clases presenciales y clases magistrales del docente; participaci\u00f3n creativa en las actividades de aprendizaje durante la clase, la evaluaci\u00f3n continua para el aprendizaje y los trabajos acad\u00e9micos en cada m\u00f3dulo.<\/p>\n<\/div>\n<\/div>\n<\/div>\n<\/div>\n<p>[\/et_pb_text][\/et_pb_column][et_pb_column type=\u00bb1_2&#8243; _builder_version=\u00bb4.16&#8243; _module_preset=\u00bbdefault\u00bb global_colors_info=\u00bb{}\u00bb][et_pb_blurb _builder_version=\u00bb4.25.0&#8243; _module_preset=\u00bbdefault\u00bb custom_padding=\u00bb1px|||||\u00bb global_colors_info=\u00bb{}\u00bb]<\/p>\n<blockquote>\n<h3><span style=\"color: #000080;\"><strong>Plan de estudios<\/strong><\/span><\/h3>\n<p><strong>Introducci\u00f3n a la Teolog\u00eda<\/strong>: concepto, m\u00e9todo y formas de hacer teolog\u00eda.<\/p>\n<p><strong>Teolog\u00eda B\u00edblica<\/strong>: fundamentos para la teolog\u00eda desde el A.T. y N. T.<\/p>\n<p><strong>Teolog\u00eda Fundamental<\/strong>: Centinela de la inteligencia de la fe.<\/p>\n<p><strong>Cristolog\u00eda<\/strong>: Estudio sobre Jes\u00fas, Hijo de Dios.<\/p>\n<p><strong>Soteriolog\u00eda<\/strong>: La salvaci\u00f3n realizada por Jesucristo.\u00a0\u00a0\u00a0\u00a0\u00a0\u00a0\u00a0\u00a0<\/p>\n<p><strong>Pneumatolog\u00eda<\/strong>: Tratado del Esp\u00edritu Santo.\u00a0\u00a0<\/p>\n<p><strong>Teolog\u00eda Trinitaria<\/strong>: Dios uno en tres personas.<\/p>\n<p><strong>Escatolog\u00eda<\/strong>: Tratado sobre las realidades \u00faltimas y el fin de los tiempos.<\/p>\n<\/blockquote>\n<p>[\/et_pb_blurb][et_pb_text _builder_version=\u00bb4.27.4&#8243; _module_preset=\u00bbdefault\u00bb background_color=\u00bb#FFFFFF\u00bb custom_padding=\u00bb25px|25px|25px|25px|false|false\u00bb box_shadow_style=\u00bbpreset3&#8243; global_colors_info=\u00bb{}\u00bb]<\/p>\n<p><strong>Fecha de inicio: <\/strong>17 de Enero 2026<\/p>\n<p><strong>Horario: <\/strong>Lunes a S\u00e1bados: 09:00 a 13:30 hrs<\/p>\n<p><strong>Modalidad: <\/strong>Presencial<\/p>\n<p><strong>Duraci\u00f3n: <\/strong>6 meses<\/p>\n<p>&nbsp;<\/p>\n<p>[\/et_pb_text][\/et_pb_column][\/et_pb_row][et_pb_row _builder_version=\u00bb4.27.4&#8243; _module_preset=\u00bbdefault\u00bb][et_pb_column _builder_version=\u00bb4.27.4&#8243; _module_preset=\u00bbdefault\u00bb type=\u00bb4_4&#8243;][wpforms_selector _builder_version=\u00bb4.27.4&#8243; _module_preset=\u00bbdefault\u00bb form_id=\u00bb3020&#8243; show_title=\u00bbon\u00bb hover_enabled=\u00bb0&#8243; sticky_enabled=\u00bb0&#8243;][\/wpforms_selector][\/et_pb_column][\/et_pb_row][\/et_pb_section]<\/p>\n","protected":false},"excerpt":{"rendered":"<p>DIPLOMADO EN TEOLOG\u00cdA SISTEM\u00c1TICA Buscando la inteligencia de la fe El estudiante logra un acercamiento profundo a las verdades fundamentales de la fe cristiana-cat\u00f3lica, centradas en Jesucristo, las explicar\u00e1 por el m\u00e9todo anal\u00edtico-sint\u00e9tico, las integrar\u00e1 a su experiencia de fe, cualificar\u00e1 su vida espiritual, en orden a dar razones de su esperanza en Dios e [&hellip;]<\/p>\n","protected":false},"author":1,"featured_media":0,"parent":0,"menu_order":0,"comment_status":"closed","ping_status":"closed","template":"","meta":{"_et_pb_use_builder":"on","_et_pb_old_content":"","_et_gb_content_width":"","_monsterinsights_skip_tracking":false,"_monsterinsights_sitenote_active":false,"_monsterinsights_sitenote_note":"","_monsterinsights_sitenote_category":0,"_uf_show_specific_survey":0,"_uf_disable_surveys":false,"footnotes":""},"class_list":["post-1460","page","type-page","status-publish","hentry"],"aioseo_notices":[],"jetpack_sharing_enabled":true,"_links":{"self":[{"href":"https:\/\/ucach.mx\/index.php\/wp-json\/wp\/v2\/pages\/1460","targetHints":{"allow":["GET"]}}],"collection":[{"href":"https:\/\/ucach.mx\/index.php\/wp-json\/wp\/v2\/pages"}],"about":[{"href":"https:\/\/ucach.mx\/index.php\/wp-json\/wp\/v2\/types\/page"}],"author":[{"embeddable":true,"href":"https:\/\/ucach.mx\/index.php\/wp-json\/wp\/v2\/users\/1"}],"replies":[{"embeddable":true,"href":"https:\/\/ucach.mx\/index.php\/wp-json\/wp\/v2\/comments?post=1460"}],"version-history":[{"count":22,"href":"https:\/\/ucach.mx\/index.php\/wp-json\/wp\/v2\/pages\/1460\/revisions"}],"predecessor-version":[{"id":4014,"href":"https:\/\/ucach.mx\/index.php\/wp-json\/wp\/v2\/pages\/1460\/revisions\/4014"}],"wp:attachment":[{"href":"https:\/\/ucach.mx\/index.php\/wp-json\/wp\/v2\/media?parent=1460"}],"curies":[{"name":"wp","href":"https:\/\/api.w.org\/{rel}","templated":true}]}}