{"id":2460,"date":"2022-05-26T09:56:28","date_gmt":"2022-05-26T14:56:28","guid":{"rendered":"https:\/\/ucach.mx\/?page_id=2460"},"modified":"2023-06-05T14:56:00","modified_gmt":"2023-06-05T20:56:00","slug":"analisis-bioetico-posmoderno","status":"publish","type":"page","link":"https:\/\/ucach.mx\/index.php\/analisis-bioetico-posmoderno\/","title":{"rendered":"An\u00e1lisis Bio\u00e9tico sobre las nuevas tecnolog\u00edas y otros desaf\u00edos en el mundo posmoderno"},"content":{"rendered":"<p>[et_pb_section fb_built=\u00bb1&#8243; _builder_version=\u00bb4.16&#8243; _module_preset=\u00bbdefault\u00bb background_color=\u00bb#f6f6f6&#8243; locked=\u00bboff\u00bb global_colors_info=\u00bb{}\u00bb][et_pb_row _builder_version=\u00bb4.17.4&#8243; _module_preset=\u00bbdefault\u00bb custom_padding=\u00bb56px|||||\u00bb global_colors_info=\u00bb{}\u00bb][et_pb_column type=\u00bb4_4&#8243; _builder_version=\u00bb4.16&#8243; _module_preset=\u00bbdefault\u00bb global_colors_info=\u00bb{}\u00bb][et_pb_text _builder_version=\u00bb4.21.0&#8243; _module_preset=\u00bbdefault\u00bb text_font=\u00bb|600|||||||\u00bb text_text_color=\u00bb#0C71C3&#8243; text_font_size=\u00bb36px\u00bb text_letter_spacing=\u00bb11px\u00bb text_orientation=\u00bbcenter\u00bb custom_margin=\u00bb||29px|||\u00bb custom_padding=\u00bb2px|||||\u00bb text_text_shadow_style=\u00bbpreset3&#8243; box_shadow_style=\u00bbpreset4&#8243; box_shadow_blur=\u00bb33px\u00bb box_shadow_spread=\u00bb-21px\u00bb box_shadow_color=\u00bb#0C71C3&#8243; global_colors_info=\u00bb{}\u00bb]<\/p>\n<h1 style=\"text-align: center;\">AN\u00c1LISIS BIO\u00c9TICO SOBRE LAS NUEVAS TECNOLOG\u00cdAS Y OTROS DESAF\u00cdOS EN EL MUNDO POSMODERNO<\/h1>\n<p>[\/et_pb_text][\/et_pb_column][\/et_pb_row][et_pb_row use_custom_gutter=\u00bbon\u00bb _builder_version=\u00bb4.16&#8243; _module_preset=\u00bbdefault\u00bb width=\u00bb98%\u00bb max_width=\u00bb1945px\u00bb custom_margin=\u00bb-63px|auto||auto||\u00bb global_colors_info=\u00bb{}\u00bb][et_pb_column type=\u00bb4_4&#8243; _builder_version=\u00bb4.16&#8243; _module_preset=\u00bbdefault\u00bb global_colors_info=\u00bb{}\u00bb][et_pb_divider color=\u00bb#fecc00&#8243; _builder_version=\u00bb4.16&#8243; _module_preset=\u00bbdefault\u00bb global_colors_info=\u00bb{}\u00bb][\/et_pb_divider][\/et_pb_column][\/et_pb_row][et_pb_row column_structure=\u00bb2_5,3_5&#8243; use_custom_gutter=\u00bbon\u00bb gutter_width=\u00bb1&#8243; _builder_version=\u00bb4.17.4&#8243; _module_preset=\u00bbdefault\u00bb max_width=\u00bb1138px\u00bb animation_style=\u00bbslide\u00bb global_colors_info=\u00bb{}\u00bb][et_pb_column type=\u00bb2_5&#8243; _builder_version=\u00bb4.16&#8243; _module_preset=\u00bbdefault\u00bb global_colors_info=\u00bb{}\u00bb][et_pb_blurb title=\u00bbOBJETIVO\u00bb _builder_version=\u00bb4.17.4&#8243; _module_preset=\u00bbdefault\u00bb header_font=\u00bb|600|||||||\u00bb header_font_size=\u00bb22px\u00bb header_letter_spacing=\u00bb2px\u00bb body_font=\u00bb||||||||\u00bb body_text_align=\u00bbcenter\u00bb body_font_size=\u00bb14px\u00bb background_color=\u00bb#FFFFFF\u00bb min_height=\u00bb332px\u00bb custom_padding=\u00bb25px|25px|25px|25px|false|false\u00bb animation_style=\u00bbslide\u00bb box_shadow_style=\u00bbpreset3&#8243; locked=\u00bboff\u00bb global_colors_info=\u00bb{}\u00bb]<\/p>\n<div class=\"page\" title=\"Page 1\">\n<div class=\"section\">\n<div class=\"layoutArea\">\n<div class=\"column\">\n<p>&nbsp;<\/p>\n<\/div>\n<\/div>\n<\/div>\n<\/div>\n<p style=\"text-align: justify;\">\n<ul><\/ul>\n<p style=\"text-align: justify;\">\n<p>[\/et_pb_blurb][\/et_pb_column][et_pb_column type=\u00bb3_5&#8243; _builder_version=\u00bb4.16&#8243; _module_preset=\u00bbdefault\u00bb global_colors_info=\u00bb{}\u00bb][et_pb_image src=\u00bbhttps:\/\/ucach.mx\/wp-content\/uploads\/2023\/06\/analisis-bioetico.png\u00bb title_text=\u00bbanalisis bio\u00e9tico\u00bb align=\u00bbcenter\u00bb align_tablet=\u00bbcenter\u00bb align_phone=\u00bbcenter\u00bb align_last_edited=\u00bbon|phone\u00bb _builder_version=\u00bb4.21.0&#8243; _module_preset=\u00bbdefault\u00bb width=\u00bb85%\u00bb max_height=\u00bb332px\u00bb custom_padding=\u00bb0px|||0px|false|false\u00bb animation_style=\u00bbslide\u00bb animation_direction=\u00bbright\u00bb global_colors_info=\u00bb{}\u00bb][\/et_pb_image][\/et_pb_column][\/et_pb_row][\/et_pb_section][et_pb_section fb_built=\u00bb1&#8243; _builder_version=\u00bb4.16&#8243; _module_preset=\u00bbdefault\u00bb locked=\u00bboff\u00bb global_colors_info=\u00bb{}\u00bb][et_pb_row _builder_version=\u00bb4.17.4&#8243; _module_preset=\u00bbdefault\u00bb global_colors_info=\u00bb{}\u00bb][et_pb_column type=\u00bb4_4&#8243; _builder_version=\u00bb4.17.4&#8243; _module_preset=\u00bbdefault\u00bb global_colors_info=\u00bb{}\u00bb][et_pb_text _builder_version=\u00bb4.17.4&#8243; _module_preset=\u00bbdefault\u00bb animation_style=\u00bbslide\u00bb header_text_shadow_style=\u00bbpreset2&#8243; global_colors_info=\u00bb{}\u00bb]<\/p>\n<h1 style=\"text-align: center;\">PROGRAMA DE ESTUDIOS<\/h1>\n<p>[\/et_pb_text][\/et_pb_column][\/et_pb_row][et_pb_row column_structure=\u00bb1_2,1_2&#8243; _builder_version=\u00bb4.16&#8243; _module_preset=\u00bbdefault\u00bb custom_padding=\u00bb|||0px||\u00bb animation_style=\u00bbzoom\u00bb global_colors_info=\u00bb{}\u00bb][et_pb_column type=\u00bb1_2&#8243; _builder_version=\u00bb4.16&#8243; _module_preset=\u00bbdefault\u00bb global_colors_info=\u00bb{}\u00bb][et_pb_blurb _builder_version=\u00bb4.21.0&#8243; _module_preset=\u00bbdefault\u00bb custom_padding=\u00bb1px|20px||40px|false|false\u00bb animation_style=\u00bbslide\u00bb global_colors_info=\u00bb{}\u00bb]<\/p>\n<div class=\"page\" title=\"Page 1\">\n<div class=\"section\">\n<div class=\"layoutArea\">\n<div class=\"column\">\n<ul>\n<li>Tema 1. El mundo posmoderno y la Bio\u00e9tica Personalista Ontol\u00f3gicamente Fundada, sus bases, sustentos y principios. <\/li>\n<li>Tema 2. La historia y la idea del progreso.<\/li>\n<li>Tema 3. Avances tecnol\u00f3gicos y cient\u00edficos, un an\u00e1lisis desde la antropolog\u00eda y la \u00e9tica.<\/li>\n<li>Tema 4. An\u00e1lisis \u00e9tico y antropol\u00f3gico de la inform\u00e1tica. <\/li>\n<li>Tema 5. Bio\u00e9tica y manipulaci\u00f3n gen\u00e9tica.<\/li>\n<\/ul>\n<\/div>\n<\/div>\n<\/div>\n<\/div>\n<p>[\/et_pb_blurb][\/et_pb_column][et_pb_column type=\u00bb1_2&#8243; _builder_version=\u00bb4.16&#8243; _module_preset=\u00bbdefault\u00bb global_colors_info=\u00bb{}\u00bb][et_pb_text _builder_version=\u00bb4.21.0&#8243; _module_preset=\u00bbdefault\u00bb custom_padding=\u00bb||0px|||\u00bb custom_padding_tablet=\u00bb||0px|||\u00bb custom_padding_phone=\u00bb|||40px|false|false\u00bb custom_padding_last_edited=\u00bbon|phone\u00bb animation_style=\u00bbslide\u00bb global_colors_info=\u00bb{}\u00bb]<\/p>\n<div class=\"page\" title=\"Page 1\">\n<div class=\"section\">\n<div class=\"layoutArea\">\n<div class=\"column\">\n<ul>\n<li>Tema 6. Bio\u00e9tica y el empleo de la energ\u00eda at\u00f3mica.<\/li>\n<li>Tema 7. Bio\u00e9tica y la contaminaci\u00f3n medioambiental.<\/li>\n<li>Tema 8. Algunas consideraciones sobre el transhumanismo.<\/li>\n<li>Tema 9. Algunas consideraciones sobre la inteligencia artificial.<\/li>\n<li>Tema 10. Bio\u00e9tica y biopol\u00edtica.<\/li>\n<\/ul>\n<\/div>\n<\/div>\n<\/div>\n<\/div>\n<p>[\/et_pb_text][\/et_pb_column][\/et_pb_row][et_pb_row _builder_version=\u00bb4.17.4&#8243; _module_preset=\u00bbdefault\u00bb global_colors_info=\u00bb{}\u00bb][et_pb_column type=\u00bb4_4&#8243; _builder_version=\u00bb4.17.4&#8243; _module_preset=\u00bbdefault\u00bb global_colors_info=\u00bb{}\u00bb][et_pb_text _builder_version=\u00bb4.17.4&#8243; _module_preset=\u00bbdefault\u00bb animation_style=\u00bbslide\u00bb header_text_shadow_style=\u00bbpreset2&#8243; global_colors_info=\u00bb{}\u00bb]<\/p>\n<h1 style=\"text-align: center;\">HORARIOS\u00a0<\/h1>\n<p>[\/et_pb_text][\/et_pb_column][\/et_pb_row][et_pb_row _builder_version=\u00bb4.17.4&#8243; _module_preset=\u00bbdefault\u00bb global_colors_info=\u00bb{}\u00bb][et_pb_column type=\u00bb4_4&#8243; _builder_version=\u00bb4.17.4&#8243; _module_preset=\u00bbdefault\u00bb global_colors_info=\u00bb{}\u00bb][et_pb_text _builder_version=\u00bb4.21.0&#8243; _module_preset=\u00bbdefault\u00bb custom_padding=\u00bb|||40px|false|false\u00bb animation_style=\u00bbslide\u00bb global_colors_info=\u00bb{}\u00bb]<\/p>\n<h4>Modalidad<\/h4>\n<p>Virtual<\/p>\n<h4>Duraci\u00f3n<\/h4>\n<p>40 horas<\/p>\n<h4>Horario<\/h4>\n<p>&nbsp;<\/p>\n<h4>Fechas<\/h4>\n<p>&nbsp;<\/p>\n<p>[\/et_pb_text][\/et_pb_column][\/et_pb_row][\/et_pb_section][et_pb_section fb_built=\u00bb1&#8243; _builder_version=\u00bb4.16&#8243; _module_preset=\u00bbdefault\u00bb background_color=\u00bb#f7f7f7&#8243; locked=\u00bboff\u00bb global_colors_info=\u00bb{}\u00bb][et_pb_row _builder_version=\u00bb4.16&#8243; _module_preset=\u00bbdefault\u00bb global_colors_info=\u00bb{}\u00bb][et_pb_column type=\u00bb4_4&#8243; _builder_version=\u00bb4.16&#8243; _module_preset=\u00bbdefault\u00bb global_colors_info=\u00bb{}\u00bb][wpforms_selector form_id=\u00bb2865&#8243; show_title=\u00bbon\u00bb _builder_version=\u00bb4.21.0&#8243; _module_preset=\u00bbdefault\u00bb animation_style=\u00bbslide\u00bb hover_enabled=\u00bb0&#8243; global_colors_info=\u00bb{}\u00bb sticky_enabled=\u00bb0&#8243;][\/wpforms_selector][\/et_pb_column][\/et_pb_row][\/et_pb_section][et_pb_section fb_built=\u00bb1&#8243; _builder_version=\u00bb4.16&#8243; _module_preset=\u00bbdefault\u00bb locked=\u00bboff\u00bb global_colors_info=\u00bb{}\u00bb][et_pb_row _builder_version=\u00bb4.16&#8243; _module_preset=\u00bbdefault\u00bb width=\u00bb100%\u00bb max_width=\u00bb1557px\u00bb custom_margin=\u00bb|auto|-36px|auto||\u00bb locked=\u00bboff\u00bb global_colors_info=\u00bb{}\u00bb][et_pb_column type=\u00bb4_4&#8243; _builder_version=\u00bb4.16&#8243; _module_preset=\u00bbdefault\u00bb global_colors_info=\u00bb{}\u00bb][et_pb_divider _builder_version=\u00bb4.16&#8243; _module_preset=\u00bbdefault\u00bb global_colors_info=\u00bb{}\u00bb][\/et_pb_divider][\/et_pb_column][\/et_pb_row][et_pb_row _builder_version=\u00bb4.16&#8243; _module_preset=\u00bbdefault\u00bb locked=\u00bboff\u00bb global_colors_info=\u00bb{}\u00bb][et_pb_column type=\u00bb4_4&#8243; _builder_version=\u00bb4.16&#8243; _module_preset=\u00bbdefault\u00bb global_colors_info=\u00bb{}\u00bb][et_pb_image src=\u00bbhttps:\/\/ucach.mx\/wp-content\/uploads\/2021\/01\/logo-UCACH.png\u00bb title_text=\u00bblogo UCACH\u00bb align=\u00bbcenter\u00bb _builder_version=\u00bb4.16&#8243; _module_preset=\u00bbdefault\u00bb width=\u00bb20%\u00bb animation_style=\u00bbzoom\u00bb global_colors_info=\u00bb{}\u00bb][\/et_pb_image][\/et_pb_column][\/et_pb_row][\/et_pb_section]<\/p>\n","protected":false},"excerpt":{"rendered":"<p>AN\u00c1LISIS BIO\u00c9TICO SOBRE LAS NUEVAS TECNOLOG\u00cdAS Y OTROS DESAF\u00cdOS EN EL MUNDO POSMODERNO &nbsp; PROGRAMA DE ESTUDIOS Tema 1. El mundo posmoderno y la Bio\u00e9tica Personalista Ontol\u00f3gicamente Fundada, sus bases, sustentos y principios. Tema 2. La historia y la idea del progreso. Tema 3. Avances tecnol\u00f3gicos y cient\u00edficos, un an\u00e1lisis desde la antropolog\u00eda y la [&hellip;]<\/p>\n","protected":false},"author":1,"featured_media":0,"parent":0,"menu_order":0,"comment_status":"closed","ping_status":"closed","template":"","meta":{"_et_pb_use_builder":"on","_et_pb_old_content":"","_et_gb_content_width":"","_monsterinsights_skip_tracking":false,"_monsterinsights_sitenote_active":false,"_monsterinsights_sitenote_note":"","_monsterinsights_sitenote_category":0,"_uf_show_specific_survey":0,"_uf_disable_surveys":false,"footnotes":""},"class_list":["post-2460","page","type-page","status-publish","hentry"],"aioseo_notices":[],"jetpack_sharing_enabled":true,"_links":{"self":[{"href":"https:\/\/ucach.mx\/index.php\/wp-json\/wp\/v2\/pages\/2460","targetHints":{"allow":["GET"]}}],"collection":[{"href":"https:\/\/ucach.mx\/index.php\/wp-json\/wp\/v2\/pages"}],"about":[{"href":"https:\/\/ucach.mx\/index.php\/wp-json\/wp\/v2\/types\/page"}],"author":[{"embeddable":true,"href":"https:\/\/ucach.mx\/index.php\/wp-json\/wp\/v2\/users\/1"}],"replies":[{"embeddable":true,"href":"https:\/\/ucach.mx\/index.php\/wp-json\/wp\/v2\/comments?post=2460"}],"version-history":[{"count":8,"href":"https:\/\/ucach.mx\/index.php\/wp-json\/wp\/v2\/pages\/2460\/revisions"}],"predecessor-version":[{"id":2873,"href":"https:\/\/ucach.mx\/index.php\/wp-json\/wp\/v2\/pages\/2460\/revisions\/2873"}],"wp:attachment":[{"href":"https:\/\/ucach.mx\/index.php\/wp-json\/wp\/v2\/media?parent=2460"}],"curies":[{"name":"wp","href":"https:\/\/api.w.org\/{rel}","templated":true}]}}