{"id":2514,"date":"2022-07-02T19:40:33","date_gmt":"2022-07-03T00:40:33","guid":{"rendered":"https:\/\/ucach.mx\/?page_id=2514"},"modified":"2025-05-27T11:12:12","modified_gmt":"2025-05-27T17:12:12","slug":"diplomado-en-desarrollo-psicologico-y-espiritual","status":"publish","type":"page","link":"https:\/\/ucach.mx\/index.php\/diplomado-en-desarrollo-psicologico-y-espiritual\/","title":{"rendered":"DIPLOMADO EN DESARROLLO PSICOL\u00d3GICO Y ESPIRITUAL"},"content":{"rendered":"<p>[et_pb_section fb_built=\u00bb1&#8243; _builder_version=\u00bb4.16&#8243; _module_preset=\u00bbdefault\u00bb background_color=\u00bb#f6f6f6&#8243; locked=\u00bboff\u00bb global_colors_info=\u00bb{}\u00bb][et_pb_row _builder_version=\u00bb4.16&#8243; _module_preset=\u00bbdefault\u00bb custom_padding=\u00bb56px|||||\u00bb global_colors_info=\u00bb{}\u00bb][et_pb_column type=\u00bb4_4&#8243; _builder_version=\u00bb4.16&#8243; _module_preset=\u00bbdefault\u00bb global_colors_info=\u00bb{}\u00bb][et_pb_text admin_label=\u00bbDiplomado en Desarrollo Psic y Esp\u00bb _builder_version=\u00bb4.25.0&#8243; _module_preset=\u00bbdefault\u00bb text_font=\u00bb|600|||||||\u00bb text_text_color=\u00bb#0C71C3&#8243; text_font_size=\u00bb36px\u00bb text_line_height=\u00bb1.6em\u00bb text_orientation=\u00bbcenter\u00bb custom_margin=\u00bb||29px|||\u00bb custom_padding=\u00bb2px|||||\u00bb text_text_shadow_style=\u00bbpreset3&#8243; box_shadow_style=\u00bbpreset4&#8243; box_shadow_blur=\u00bb33px\u00bb box_shadow_spread=\u00bb-21px\u00bb box_shadow_color=\u00bb#0C71C3&#8243; global_colors_info=\u00bb{}\u00bb]<\/p>\n<h1 style=\"text-align: center;\"><strong>DIPLOMADO EN DESARROLLO PSICOL\u00d3GICO\u00a0 Y ESPIRITUAL<\/strong><\/h1>\n<h2><strong>Dando sentido al desarrollo vital, trascendente y espiritual del ser humano<\/strong><\/h2>\n<p style=\"text-align: center;\">[\/et_pb_text][\/et_pb_column][\/et_pb_row][et_pb_row use_custom_gutter=\u00bbon\u00bb _builder_version=\u00bb4.16&#8243; _module_preset=\u00bbdefault\u00bb width=\u00bb98%\u00bb max_width=\u00bb1945px\u00bb custom_margin=\u00bb-63px|auto||auto||\u00bb global_colors_info=\u00bb{}\u00bb][et_pb_column type=\u00bb4_4&#8243; _builder_version=\u00bb4.16&#8243; _module_preset=\u00bbdefault\u00bb global_colors_info=\u00bb{}\u00bb][et_pb_divider color=\u00bb#fecc00&#8243; _builder_version=\u00bb4.16&#8243; _module_preset=\u00bbdefault\u00bb global_colors_info=\u00bb{}\u00bb][\/et_pb_divider][\/et_pb_column][\/et_pb_row][et_pb_row column_structure=\u00bb2_5,3_5&#8243; use_custom_gutter=\u00bbon\u00bb gutter_width=\u00bb1&#8243; _builder_version=\u00bb4.16&#8243; _module_preset=\u00bbdefault\u00bb max_width=\u00bb1138px\u00bb global_colors_info=\u00bb{}\u00bb][et_pb_column type=\u00bb2_5&#8243; _builder_version=\u00bb4.16&#8243; _module_preset=\u00bbdefault\u00bb global_colors_info=\u00bb{}\u00bb][et_pb_blurb title=\u00bbOBJETIVO\u00bb _builder_version=\u00bb4.25.0&#8243; _module_preset=\u00bbdefault\u00bb header_font=\u00bb|600|||||||\u00bb header_font_size=\u00bb22px\u00bb header_letter_spacing=\u00bb2px\u00bb background_color=\u00bb#FFFFFF\u00bb min_height=\u00bb259px\u00bb custom_padding=\u00bb25px|25px|25px|25px|false|false\u00bb animation_style=\u00bbslide\u00bb box_shadow_style=\u00bbpreset3&#8243; locked=\u00bboff\u00bb global_colors_info=\u00bb{}\u00bb]<\/p>\n<p>Analizar de manera sistem\u00e1tica el desarrollo humano integral en sus distintas etapas biol\u00f3gicas, obteniendo la comprensi\u00f3n y significaci\u00f3n en la vida personal de la relaci\u00f3n entre la psicolog\u00eda y la espiritualidad, asumiendo los aportes de ambas, para aplicar los criterios y las herramientas de su afrontamiento, manejo y acompa\u00f1amiento desde el sentido trascendente y orientaci\u00f3n espiritual que aporte plenitud a la vida de las personas.<\/p>\n<p>[\/et_pb_blurb][\/et_pb_column][et_pb_column type=\u00bb3_5&#8243; _builder_version=\u00bb4.16&#8243; _module_preset=\u00bbdefault\u00bb global_colors_info=\u00bb{}\u00bb][et_pb_image src=\u00bbhttps:\/\/ucach.mx\/wp-content\/uploads\/2023\/07\/Captura-de-pantalla-2023-07-17-a-las-13.01.33.jpg\u00bb title_text=\u00bbDesarrollo espiritual\u00bb align=\u00bbcenter\u00bb _builder_version=\u00bb4.25.0&#8243; _module_preset=\u00bbdefault\u00bb width=\u00bb72%\u00bb module_alignment=\u00bbcenter\u00bb custom_margin=\u00bb3px|-41px|-2px|49px|false|false\u00bb custom_padding=\u00bb0px|||0px|false|false\u00bb animation_style=\u00bbslide\u00bb animation_direction=\u00bbright\u00bb global_colors_info=\u00bb{}\u00bb][\/et_pb_image][\/et_pb_column][\/et_pb_row][\/et_pb_section][et_pb_section fb_built=\u00bb1&#8243; _builder_version=\u00bb4.16&#8243; _module_preset=\u00bbdefault\u00bb locked=\u00bboff\u00bb global_colors_info=\u00bb{}\u00bb][et_pb_row column_structure=\u00bb1_2,1_2&#8243; _builder_version=\u00bb4.16&#8243; _module_preset=\u00bbdefault\u00bb custom_padding=\u00bb|||0px||\u00bb animation_style=\u00bbzoom\u00bb global_colors_info=\u00bb{}\u00bb][et_pb_column type=\u00bb1_2&#8243; _builder_version=\u00bb4.16&#8243; _module_preset=\u00bbdefault\u00bb global_colors_info=\u00bb{}\u00bb][et_pb_text _builder_version=\u00bb4.25.0&#8243; _module_preset=\u00bbdefault\u00bb background_color=\u00bb#FFFFFF\u00bb custom_margin=\u00bb20px||||false|false\u00bb custom_padding=\u00bb15px|15px|15px|15px|false|false\u00bb box_shadow_style=\u00bbpreset3&#8243; global_colors_info=\u00bb{}\u00bb]<\/p>\n<h4><strong>Perfil de Egreso:<\/strong><\/h4>\n<p>Los egresados del diplomado en desarrollo psicol\u00f3gico y espiritual habr\u00e1n desarrollado las siguientes habilidades:<\/p>\n<ul>\n<li>explicar el proceso evolutivo de la vida humana, desde la concepci\u00f3n hasta la vejez, y dar cuenta de la demanda psicosocial y espiritual de cada una de esas etapas desde una visi\u00f3n integral;<\/li>\n<li>auto diagnosticar el desarrollo de la propia vida y personalidad e intervenir en su propio ajuste psicol\u00f3gico y espiritual;<\/li>\n<li>aplicar t\u00e9cnicas de intervenci\u00f3n para ayudar a las personas con desajuste de sentido y desarrollo de su persona, en orden a dar plenitud a la vivencia de la propia vida, sincronizando la edad biol\u00f3gica, psicol\u00f3gica y espiritual en el marco del desarrollo humano integral.<\/li>\n<\/ul>\n<p>[\/et_pb_text][et_pb_text _builder_version=\u00bb4.25.0&#8243; _module_preset=\u00bbdefault\u00bb background_color=\u00bb#FFFFFF\u00bb custom_margin=\u00bb20px||||false|false\u00bb custom_padding=\u00bb15px|15px|15px|15px|false|false\u00bb box_shadow_style=\u00bbpreset3&#8243; global_colors_info=\u00bb{}\u00bb]<\/p>\n<h2><strong>Metodolog\u00eda<\/strong><\/h2>\n<p>El estudiante UCACH aprende y desarrolla el conocimiento mediante las sesiones en vivo y directo con el facilitador desde la aplicaci\u00f3n Meet, con los recursos did\u00e1cticos que encuentra en Classroom, m\u00e1s la elaboraci\u00f3n-entrega de sus evidencias de aprendizaje; estos tres elementos se conducen a partir del modelo pedag\u00f3gico constructivo, donde el estudiante es autogestivo y tiene un papel muy activo en su aprendizaje a partir de lo previsto en la planeaci\u00f3n did\u00e1ctica y la gu\u00eda de sus facilitadores; esto requiere administraci\u00f3n de su tiempo, desde una experiencia activa entre sus compa\u00f1eros y maestros, con ayuda de la tecnolog\u00eda, en un trabajo coordinado con la Universidad. Nuestros programas se desarrollan en una visi\u00f3n interdisciplinar, integrando Ciencia, Fe, Raz\u00f3n, \u00c9tica y Trascendencia.<\/p>\n<p>[\/et_pb_text][\/et_pb_column][et_pb_column type=\u00bb1_2&#8243; _builder_version=\u00bb4.25.0&#8243; _module_preset=\u00bbdefault\u00bb global_colors_info=\u00bb{}\u00bb][et_pb_blurb _builder_version=\u00bb4.27.4&#8243; _module_preset=\u00bbdefault\u00bb background_color=\u00bb#FFFFFF\u00bb custom_padding=\u00bb15px|15px|5px|15px|false|false\u00bb box_shadow_style=\u00bbpreset3&#8243; global_colors_info=\u00bb{}\u00bb]<\/p>\n<blockquote>\n<h3><span style=\"color: #000080;\"><strong>Plan de estudios<\/strong><\/span><\/h3>\n<p><strong>M\u00f3dulo 1.<\/strong> Desarrollo humano, sentido, etapas y crisis de la vida.<\/p>\n<p><strong>M\u00f3dulo 2.<\/strong> Desarrollo psicol\u00f3gico y espiritual del nacimiento a la ni\u00f1ez.<\/p>\n<p><strong>M\u00f3dulo 3.<\/strong> Desarrollo espiritual en todas las etapas de la vida humana.<\/p>\n<p><strong>M\u00f3dulo 4.<\/strong> Desarrollo psicol\u00f3gico y espiritual del adolescente.<\/p>\n<p><strong>M\u00f3dulo 5.<\/strong> Desarrollo psicol\u00f3gico y espiritual del joven.<\/p>\n<p><strong>M\u00f3dulo 6.<\/strong> Desarrollo psicol\u00f3gico y espiritual de la adultez madura.<\/p>\n<p><strong>M\u00f3dulo 7.<\/strong> Desarrollo psicol\u00f3gico y espiritual en la vejez.<\/p>\n<\/blockquote>\n<p>[\/et_pb_blurb][et_pb_text _builder_version=\u00bb4.25.0&#8243; _module_preset=\u00bbdefault\u00bb background_color=\u00bb#FFFFFF\u00bb custom_padding=\u00bb25px|25px|25px|25px|false|false\u00bb box_shadow_style=\u00bbpreset2&#8243; global_colors_info=\u00bb{}\u00bb]<\/p>\n<h4><strong>Fecha de inicio:<\/strong><\/h4>\n<p>19 de agosto de 2026<strong><\/strong><\/p>\n<h4><strong>Horario:<\/strong><\/h4>\n<p>Lunes a mi\u00e9rcoles 7:00 &#8211; 9:00 P.M.<\/p>\n<h4><strong>Modalidad:<\/strong><\/h4>\n<p>Virtual<\/p>\n<h4><strong>Duraci\u00f3n:<\/strong><\/h4>\n<p>6 meses<\/p>\n<p>[\/et_pb_text][et_pb_text _builder_version=\u00bb4.27.4&#8243; _module_preset=\u00bbdefault\u00bb background_color=\u00bb#FFFFFF\u00bb custom_padding=\u00bb25px|25px|25px|25px|false|false\u00bb hover_enabled=\u00bb0&#8243; box_shadow_style=\u00bbpreset2&#8243; locked=\u00bboff\u00bb global_colors_info=\u00bb{}\u00bb sticky_enabled=\u00bb0&#8243;]<\/p>\n<h4><strong>Promoci\u00f3n:<\/strong><\/h4>\n<div class=\"page\" title=\"Page 5\">\n<div class=\"section\">\n<div class=\"layoutArea\">\n<div class=\"column\">\n<p><span>50%<\/span><span> <\/span><span>de<\/span><span> <\/span><span>descuento<\/span><span> en el pago de la inscripci\u00f3n<\/span><\/p>\n<\/div>\n<\/div>\n<\/div>\n<\/div>\n<p>[\/et_pb_text][\/et_pb_column][\/et_pb_row][\/et_pb_section][et_pb_section fb_built=\u00bb1&#8243; _builder_version=\u00bb4.16&#8243; _module_preset=\u00bbdefault\u00bb locked=\u00bboff\u00bb global_colors_info=\u00bb{}\u00bb][et_pb_row _builder_version=\u00bb4.17.4&#8243; _module_preset=\u00bbdefault\u00bb max_width=\u00bb1557px\u00bb custom_margin=\u00bb|auto|-36px|auto||\u00bb locked=\u00bboff\u00bb global_colors_info=\u00bb{}\u00bb][et_pb_column type=\u00bb4_4&#8243; _builder_version=\u00bb4.16&#8243; _module_preset=\u00bbdefault\u00bb global_colors_info=\u00bb{}\u00bb][wpforms_selector form_id=\u00bb3031&#8243; show_title=\u00bbon\u00bb show_desc=\u00bboff\u00bb admin_label=\u00bbForm Diplomado Desarrollo Psicol\u00f3gico y Emocional\u00bb _builder_version=\u00bb4.27.4&#8243; _module_preset=\u00bbdefault\u00bb animation_style=\u00bbslide\u00bb global_colors_info=\u00bb{}\u00bb][\/wpforms_selector][\/et_pb_column][\/et_pb_row][\/et_pb_section]<\/p>\n","protected":false},"excerpt":{"rendered":"<p>DIPLOMADO EN DESARROLLO PSICOL\u00d3GICO\u00a0 Y ESPIRITUAL Dando sentido al desarrollo vital, trascendente y espiritual del ser humano Analizar de manera sistem\u00e1tica el desarrollo humano integral en sus distintas etapas biol\u00f3gicas, obteniendo la comprensi\u00f3n y significaci\u00f3n en la vida personal de la relaci\u00f3n entre la psicolog\u00eda y la espiritualidad, asumiendo los aportes de ambas, para aplicar [&hellip;]<\/p>\n","protected":false},"author":1,"featured_media":0,"parent":0,"menu_order":0,"comment_status":"closed","ping_status":"closed","template":"","meta":{"_et_pb_use_builder":"on","_et_pb_old_content":"","_et_gb_content_width":"","_monsterinsights_skip_tracking":false,"_monsterinsights_sitenote_active":false,"_monsterinsights_sitenote_note":"","_monsterinsights_sitenote_category":0,"_uf_show_specific_survey":0,"_uf_disable_surveys":false,"footnotes":""},"class_list":["post-2514","page","type-page","status-publish","hentry"],"aioseo_notices":[],"jetpack_sharing_enabled":true,"_links":{"self":[{"href":"https:\/\/ucach.mx\/index.php\/wp-json\/wp\/v2\/pages\/2514","targetHints":{"allow":["GET"]}}],"collection":[{"href":"https:\/\/ucach.mx\/index.php\/wp-json\/wp\/v2\/pages"}],"about":[{"href":"https:\/\/ucach.mx\/index.php\/wp-json\/wp\/v2\/types\/page"}],"author":[{"embeddable":true,"href":"https:\/\/ucach.mx\/index.php\/wp-json\/wp\/v2\/users\/1"}],"replies":[{"embeddable":true,"href":"https:\/\/ucach.mx\/index.php\/wp-json\/wp\/v2\/comments?post=2514"}],"version-history":[{"count":20,"href":"https:\/\/ucach.mx\/index.php\/wp-json\/wp\/v2\/pages\/2514\/revisions"}],"predecessor-version":[{"id":4033,"href":"https:\/\/ucach.mx\/index.php\/wp-json\/wp\/v2\/pages\/2514\/revisions\/4033"}],"wp:attachment":[{"href":"https:\/\/ucach.mx\/index.php\/wp-json\/wp\/v2\/media?parent=2514"}],"curies":[{"name":"wp","href":"https:\/\/api.w.org\/{rel}","templated":true}]}}