{"id":3107,"date":"2023-07-18T16:05:21","date_gmt":"2023-07-18T22:05:21","guid":{"rendered":"https:\/\/ucach.mx\/?page_id=3107"},"modified":"2025-05-27T10:33:17","modified_gmt":"2025-05-27T16:33:17","slug":"diplomado-liderazgo-pastoral","status":"publish","type":"page","link":"https:\/\/ucach.mx\/index.php\/diplomado-liderazgo-pastoral\/","title":{"rendered":"Diplomado Liderazgo Pastoral"},"content":{"rendered":"<p>[et_pb_section fb_built=\u00bb1&#8243; _builder_version=\u00bb4.16&#8243; _module_preset=\u00bbdefault\u00bb background_color=\u00bb#f6f6f6&#8243; locked=\u00bboff\u00bb global_colors_info=\u00bb{}\u00bb][et_pb_row _builder_version=\u00bb4.16&#8243; _module_preset=\u00bbdefault\u00bb custom_padding=\u00bb56px|||||\u00bb global_colors_info=\u00bb{}\u00bb][et_pb_column type=\u00bb4_4&#8243; _builder_version=\u00bb4.16&#8243; _module_preset=\u00bbdefault\u00bb global_colors_info=\u00bb{}\u00bb][et_pb_text _builder_version=\u00bb4.26.1&#8243; _module_preset=\u00bbdefault\u00bb text_font=\u00bb|600|||||||\u00bb text_text_color=\u00bb#0C71C3&#8243; text_font_size=\u00bb36px\u00bb text_letter_spacing=\u00bb3px\u00bb text_orientation=\u00bbcenter\u00bb custom_margin=\u00bb||29px|||\u00bb custom_padding=\u00bb2px|||||\u00bb text_font_size_tablet=\u00bb36px\u00bb text_font_size_phone=\u00bb25px\u00bb text_font_size_last_edited=\u00bbon|phone\u00bb text_text_shadow_style=\u00bbpreset3&#8243; box_shadow_style=\u00bbpreset4&#8243; box_shadow_blur=\u00bb33px\u00bb box_shadow_spread=\u00bb-21px\u00bb box_shadow_color=\u00bb#0C71C3&#8243; global_colors_info=\u00bb{}\u00bb]<\/p>\n<h1 style=\"text-align: center;\"><strong>DIPLOMADO LIDERAZGO PASTORAL<\/strong><\/h1>\n<h2 style=\"text-align: center;\"><strong>Aprendiendo a ser gu\u00eda de la comunidad eclesial<\/strong><\/h2>\n<p>[\/et_pb_text][\/et_pb_column][\/et_pb_row][et_pb_row use_custom_gutter=\u00bbon\u00bb _builder_version=\u00bb4.16&#8243; _module_preset=\u00bbdefault\u00bb width=\u00bb98%\u00bb max_width=\u00bb1945px\u00bb custom_margin=\u00bb-63px|auto||auto||\u00bb global_colors_info=\u00bb{}\u00bb][et_pb_column type=\u00bb4_4&#8243; _builder_version=\u00bb4.16&#8243; _module_preset=\u00bbdefault\u00bb global_colors_info=\u00bb{}\u00bb][et_pb_divider color=\u00bb#fecc00&#8243; _builder_version=\u00bb4.16&#8243; _module_preset=\u00bbdefault\u00bb global_colors_info=\u00bb{}\u00bb][\/et_pb_divider][\/et_pb_column][\/et_pb_row][et_pb_row column_structure=\u00bb2_5,3_5&#8243; use_custom_gutter=\u00bbon\u00bb gutter_width=\u00bb1&#8243; _builder_version=\u00bb4.16&#8243; _module_preset=\u00bbdefault\u00bb max_width=\u00bb1138px\u00bb global_colors_info=\u00bb{}\u00bb][et_pb_column type=\u00bb2_5&#8243; _builder_version=\u00bb4.16&#8243; _module_preset=\u00bbdefault\u00bb global_colors_info=\u00bb{}\u00bb][et_pb_blurb title=\u00bbOBJETIVO\u00bb _builder_version=\u00bb4.26.1&#8243; _module_preset=\u00bbdefault\u00bb header_font=\u00bb|600|||||||\u00bb header_font_size=\u00bb22px\u00bb header_letter_spacing=\u00bb2px\u00bb background_color=\u00bb#FFFFFF\u00bb min_height=\u00bb379px\u00bb custom_padding=\u00bb25px|25px|25px|25px|false|false\u00bb animation_style=\u00bbslide\u00bb box_shadow_style=\u00bbpreset3&#8243; locked=\u00bboff\u00bb global_colors_info=\u00bb{}\u00bb]<\/p>\n<p>Desarrollar los conocimientos te\u00f3ricos y pr\u00e1cticos sobre liderazgo en atenci\u00f3n pastoral de las comunidades eclesiales, para intervenir con t\u00e9cnicas y procesos que implementen acciones que transformen en el agente personal y comunitario, sus ambientes, siendo agentes de cambio en el \u00e1mbito social y eclesial.<\/p>\n<p>[\/et_pb_blurb][\/et_pb_column][et_pb_column type=\u00bb3_5&#8243; _builder_version=\u00bb4.16&#8243; _module_preset=\u00bbdefault\u00bb global_colors_info=\u00bb{}\u00bb][et_pb_image src=\u00bbhttps:\/\/ucach.mx\/wp-content\/uploads\/2024\/07\/WhatsApp-Image-2024-07-16-at-10.50.52.jpeg\u00bb title_text=\u00bbLiderazgo Pastoral\u00bb align=\u00bbcenter\u00bb align_phone=\u00bbleft\u00bb align_last_edited=\u00bboff|phone\u00bb _builder_version=\u00bb4.26.1&#8243; _module_preset=\u00bbdefault\u00bb max_height=\u00bb391px\u00bb custom_margin=\u00bb3px|-41px|-2px|49px|false|false\u00bb custom_margin_tablet=\u00bb3px|-41px|-2px|49px|false|false\u00bb custom_margin_phone=\u00bb3px|0px|-2px|0px|false|false\u00bb custom_margin_last_edited=\u00bbon|phone\u00bb custom_padding=\u00bb0px|||0px|false|false\u00bb animation_style=\u00bbslide\u00bb animation_direction=\u00bbright\u00bb global_colors_info=\u00bb{}\u00bb][\/et_pb_image][\/et_pb_column][\/et_pb_row][\/et_pb_section][et_pb_section fb_built=\u00bb1&#8243; _builder_version=\u00bb4.16&#8243; _module_preset=\u00bbdefault\u00bb locked=\u00bboff\u00bb global_colors_info=\u00bb{}\u00bb][et_pb_row column_structure=\u00bb1_2,1_2&#8243; _builder_version=\u00bb4.16&#8243; _module_preset=\u00bbdefault\u00bb custom_padding=\u00bb|||0px||\u00bb animation_style=\u00bbzoom\u00bb global_colors_info=\u00bb{}\u00bb][et_pb_column type=\u00bb1_2&#8243; _builder_version=\u00bb4.16&#8243; _module_preset=\u00bbdefault\u00bb global_colors_info=\u00bb{}\u00bb][et_pb_text _builder_version=\u00bb4.26.1&#8243; _module_preset=\u00bbdefault\u00bb background_color=\u00bb#FFFFFF\u00bb custom_padding=\u00bb25px|25px|25px|25px|false|false\u00bb box_shadow_style=\u00bbpreset3&#8243; global_colors_info=\u00bb{}\u00bb]<\/p>\n<h2><span style=\"color: #000080;\"><strong>Perfil de egreso<\/strong><\/span><\/h2>\n<p>Los egresados contar\u00e1n con conocimientos te\u00f3ricos y pr\u00e1cticos sobre pastoral, ser\u00e1n capaces de identificar, valorar, proponer e intervenir positivamente las acciones pastorales en orden a extender el reino de Dios. Podr\u00e1n dedicarse al diagn\u00f3stico, planeaci\u00f3n y direcci\u00f3n de las tareas y dimensiones de la pastoral.<\/p>\n<p>[\/et_pb_text][et_pb_text _builder_version=\u00bb4.25.0&#8243; _module_preset=\u00bbdefault\u00bb background_color=\u00bb#FFFFFF\u00bb custom_padding=\u00bb25px|25px|25px|25px|false|false\u00bb box_shadow_style=\u00bbpreset3&#8243; locked=\u00bboff\u00bb global_colors_info=\u00bb{}\u00bb]<\/p>\n<h2><span style=\"color: #000080;\"><strong>Metodolog\u00eda<\/strong><\/span><\/h2>\n<p>El estudiante UCACH aprende y desarrolla el conocimiento mediante las sesiones en vivo y directo con el facilitador desde la aplicaci\u00f3n Meet, con los recursos did\u00e1cticos que encuentra en Classroom, m\u00e1s la elaboraci\u00f3n-entrega de sus evidencias de aprendizaje; estos tres elementos se conducen a partir del modelo pedag\u00f3gico constructivo, donde el estudiante es autogestivo y tiene un papel muy activo en su aprendizaje a partir de lo previsto en la planeaci\u00f3n did\u00e1ctica y la gu\u00eda de sus facilitadores; esto requiere administraci\u00f3n de su tiempo, desde una experiencia activa entre sus compa\u00f1eros y maestros, con ayuda de la tecnolog\u00eda, en un trabajo coordinado con la Universidad. Nuestros programas se desarrollan en una visi\u00f3n interdisciplinar, integrando Ciencia, Fe, Raz\u00f3n, \u00c9tica y Trascendencia.<\/p>\n<p>[\/et_pb_text][\/et_pb_column][et_pb_column type=\u00bb1_2&#8243; _builder_version=\u00bb4.16&#8243; _module_preset=\u00bbdefault\u00bb global_colors_info=\u00bb{}\u00bb][et_pb_blurb _builder_version=\u00bb4.26.1&#8243; _module_preset=\u00bbdefault\u00bb custom_padding=\u00bb1px|||||\u00bb global_colors_info=\u00bb{}\u00bb]<\/p>\n<blockquote>\n<h3><span style=\"color: #000080;\"><strong>Plan de estudios<\/strong><\/span><\/h3>\n<p><strong>M\u00f3dulo 1.<\/strong> El liderazgo como realidad humana a desarrollar<\/p>\n<p><strong>M\u00f3dulo 2.<\/strong> El ser y quehacer del l\u00edder<\/p>\n<p><strong>M\u00f3dulo 3.<\/strong> Hacia un nuevo modelo de liderazgo para el siglo XXI<\/p>\n<p><strong>M\u00f3dulo 4.<\/strong> Ejemplos de liderazgo en el A.T.<\/p>\n<p><strong>M\u00f3dulo 5.<\/strong> El liderazgo de Jes\u00fas de Nazaret<\/p>\n<p><strong>M\u00f3dulo 6.<\/strong> El liderazgo de San Pablo y otros pastores de la Iglesia<\/p>\n<p><strong>M\u00f3dulo 7.<\/strong> Retos y desaf\u00edos del liderazgo pastoral en la postmodernidad<\/p>\n<p><strong>M\u00f3dulo 8.<\/strong> Enfoques del liderazgo pastoral<\/p>\n<p><strong>M\u00f3dulo 9.<\/strong> El liderazgo pastoral en una iglesia de puertas abiertas y en salida<\/p>\n<p><strong>M\u00f3dulo 10.<\/strong> Gesti\u00f3n, planeaci\u00f3n y presentaci\u00f3n de proyecto pastoral en una comunidad concreta.<\/p>\n<p>&nbsp;<\/p>\n<\/blockquote>\n<p>[\/et_pb_blurb][et_pb_text _builder_version=\u00bb4.27.4&#8243; _module_preset=\u00bbdefault\u00bb background_color=\u00bb#FFFFFF\u00bb custom_padding=\u00bb25px|25px|25px|25px|false|false\u00bb box_shadow_style=\u00bbpreset3&#8243; locked=\u00bboff\u00bb global_colors_info=\u00bb{}\u00bb]<\/p>\n<p><strong>Fecha de inicio: <\/strong>Febrero del 2026.<\/p>\n<p><strong>Horario: <\/strong>Lunes a mi\u00e9rcoles 7:00 a 9:00 p.m.<\/p>\n<p><strong>Modalidad: <\/strong>Virtual<\/p>\n<p><strong>Duraci\u00f3n: <\/strong>6 meses\u00a0<\/p>\n<p>[\/et_pb_text][\/et_pb_column][\/et_pb_row][\/et_pb_section][et_pb_section fb_built=\u00bb1&#8243; _builder_version=\u00bb4.16&#8243; _module_preset=\u00bbdefault\u00bb locked=\u00bboff\u00bb global_colors_info=\u00bb{}\u00bb][et_pb_row _builder_version=\u00bb4.17.4&#8243; _module_preset=\u00bbdefault\u00bb max_width=\u00bb1557px\u00bb custom_margin=\u00bb|auto|-36px|auto||\u00bb locked=\u00bboff\u00bb global_colors_info=\u00bb{}\u00bb][et_pb_column type=\u00bb4_4&#8243; _builder_version=\u00bb4.16&#8243; _module_preset=\u00bbdefault\u00bb global_colors_info=\u00bb{}\u00bb][wpforms_selector form_id=\u00bb3111&#8243; show_title=\u00bbon\u00bb _builder_version=\u00bb4.27.4&#8243; _module_preset=\u00bbdefault\u00bb animation_style=\u00bbslide\u00bb hover_enabled=\u00bb0&#8243; global_colors_info=\u00bb{}\u00bb sticky_enabled=\u00bb0&#8243;][\/wpforms_selector][wpforms_selector form_id=\u00bb3111&#8243; show_title=\u00bboff\u00bb _builder_version=\u00bb4.26.1&#8243; _module_preset=\u00bbdefault\u00bb animation_style=\u00bbslide\u00bb global_colors_info=\u00bb{}\u00bb][\/wpforms_selector][\/et_pb_column][\/et_pb_row][et_pb_row _builder_version=\u00bb4.16&#8243; _module_preset=\u00bbdefault\u00bb locked=\u00bboff\u00bb global_colors_info=\u00bb{}\u00bb][et_pb_column type=\u00bb4_4&#8243; _builder_version=\u00bb4.16&#8243; _module_preset=\u00bbdefault\u00bb global_colors_info=\u00bb{}\u00bb][et_pb_image src=\u00bbhttps:\/\/ucach.mx\/wp-content\/uploads\/2021\/01\/logo-UCACH.png\u00bb title_text=\u00bblogo UCACH\u00bb align=\u00bbcenter\u00bb _builder_version=\u00bb4.16&#8243; _module_preset=\u00bbdefault\u00bb width=\u00bb20%\u00bb animation_style=\u00bbzoom\u00bb global_colors_info=\u00bb{}\u00bb][\/et_pb_image][\/et_pb_column][\/et_pb_row][\/et_pb_section]<\/p>\n","protected":false},"excerpt":{"rendered":"<p>DIPLOMADO LIDERAZGO PASTORAL Aprendiendo a ser gu\u00eda de la comunidad eclesialDesarrollar los conocimientos te\u00f3ricos y pr\u00e1cticos sobre liderazgo en atenci\u00f3n pastoral de las comunidades eclesiales, para intervenir con t\u00e9cnicas y procesos que implementen acciones que transformen en el agente personal y comunitario, sus ambientes, siendo agentes de cambio en el \u00e1mbito social y eclesial.Perfil de [&hellip;]<\/p>\n","protected":false},"author":1,"featured_media":0,"parent":0,"menu_order":0,"comment_status":"closed","ping_status":"closed","template":"","meta":{"_et_pb_use_builder":"on","_et_pb_old_content":"","_et_gb_content_width":"","_monsterinsights_skip_tracking":false,"_monsterinsights_sitenote_active":false,"_monsterinsights_sitenote_note":"","_monsterinsights_sitenote_category":0,"_uf_show_specific_survey":0,"_uf_disable_surveys":false,"footnotes":""},"class_list":["post-3107","page","type-page","status-publish","hentry"],"aioseo_notices":[],"jetpack_sharing_enabled":true,"_links":{"self":[{"href":"https:\/\/ucach.mx\/index.php\/wp-json\/wp\/v2\/pages\/3107","targetHints":{"allow":["GET"]}}],"collection":[{"href":"https:\/\/ucach.mx\/index.php\/wp-json\/wp\/v2\/pages"}],"about":[{"href":"https:\/\/ucach.mx\/index.php\/wp-json\/wp\/v2\/types\/page"}],"author":[{"embeddable":true,"href":"https:\/\/ucach.mx\/index.php\/wp-json\/wp\/v2\/users\/1"}],"replies":[{"embeddable":true,"href":"https:\/\/ucach.mx\/index.php\/wp-json\/wp\/v2\/comments?post=3107"}],"version-history":[{"count":8,"href":"https:\/\/ucach.mx\/index.php\/wp-json\/wp\/v2\/pages\/3107\/revisions"}],"predecessor-version":[{"id":4012,"href":"https:\/\/ucach.mx\/index.php\/wp-json\/wp\/v2\/pages\/3107\/revisions\/4012"}],"wp:attachment":[{"href":"https:\/\/ucach.mx\/index.php\/wp-json\/wp\/v2\/media?parent=3107"}],"curies":[{"name":"wp","href":"https:\/\/api.w.org\/{rel}","templated":true}]}}