{"id":3598,"date":"2024-09-13T13:40:09","date_gmt":"2024-09-13T19:40:09","guid":{"rendered":"https:\/\/ucach.mx\/?page_id=3598"},"modified":"2024-09-17T17:03:03","modified_gmt":"2024-09-17T23:03:03","slug":"maestria-en-proceso-penal-acusatorio","status":"publish","type":"page","link":"https:\/\/ucach.mx\/index.php\/maestria-en-proceso-penal-acusatorio\/","title":{"rendered":"MAESTR\u00cdA EN PROCESO PENAL ACUSATORIO"},"content":{"rendered":"<p>[et_pb_section fb_built=\u00bb1&#8243; _builder_version=\u00bb4.16&#8243; _module_preset=\u00bbdefault\u00bb background_color=\u00bb#f6f6f6&#8243; locked=\u00bboff\u00bb global_colors_info=\u00bb{}\u00bb][et_pb_row custom_padding_last_edited=\u00bboff|phone\u00bb _builder_version=\u00bb4.27.0&#8243; _module_preset=\u00bbdefault\u00bb background_image=\u00bbhttps:\/\/ucach.mx\/wp-content\/uploads\/2024\/09\/judge-3665164_1280.jpg\u00bb width=\u00bb99%\u00bb width_tablet=\u00bb80%\u00bb width_phone=\u00bb100%\u00bb width_last_edited=\u00bboff|desktop\u00bb custom_padding=\u00bb8px||||false|false\u00bb custom_padding_tablet=\u00bb17px||3px|||\u00bb global_colors_info=\u00bb{}\u00bb][et_pb_column type=\u00bb4_4&#8243; _builder_version=\u00bb4.16&#8243; _module_preset=\u00bbdefault\u00bb global_colors_info=\u00bb{}\u00bb][et_pb_text _builder_version=\u00bb4.27.0&#8243; _module_preset=\u00bbdefault\u00bb text_font=\u00bbOswald||||||||\u00bb text_font_size=\u00bb25px\u00bb text_letter_spacing=\u00bb4px\u00bb header_font=\u00bbOswald||||||||\u00bb header_text_color=\u00bb#FFFFFF\u00bb header_font_size=\u00bb48px\u00bb background_color=\u00bbRGBA(255,255,255,0)\u00bb width=\u00bb80%\u00bb min_height=\u00bb92px\u00bb custom_margin=\u00bb28px|auto|0px|auto|false|false\u00bb custom_margin_tablet=\u00bb||29px|||\u00bb custom_margin_phone=\u00bb||0px||false|false\u00bb custom_margin_last_edited=\u00bbon|phone\u00bb custom_padding=\u00bb22px||0px||false|false\u00bb custom_padding_tablet=\u00bb22px||||false|false\u00bb custom_padding_phone=\u00bb22px||22px||false|false\u00bb custom_padding_last_edited=\u00bbon|desktop\u00bb text_font_size_tablet=\u00bb25px\u00bb text_font_size_phone=\u00bb22px\u00bb text_font_size_last_edited=\u00bbon|phone\u00bb header_font_size_tablet=\u00bb\u00bb header_font_size_phone=\u00bb26px\u00bb header_font_size_last_edited=\u00bbon|phone\u00bb border_width_bottom=\u00bb8px\u00bb border_color_bottom=\u00bb#fdd838&#8243; global_colors_info=\u00bb{}\u00bb]<\/p>\n<h1 style=\"text-align: center;\">MAESTR\u00cdA EN PROCESO PENAL ACUSATORIO<\/h1>\n<p>[\/et_pb_text][et_pb_text _builder_version=\u00bb4.27.0&#8243; _module_preset=\u00bbdefault\u00bb text_font=\u00bbActor||||||||\u00bb text_font_size=\u00bb25px\u00bb text_letter_spacing=\u00bb4px\u00bb header_font=\u00bbOswald||||||||\u00bb header_text_color=\u00bb#FFFFFF\u00bb header_font_size=\u00bb48px\u00bb background_color=\u00bbRGBA(255,255,255,0)\u00bb width=\u00bb80%\u00bb min_height=\u00bb92px\u00bb custom_margin=\u00bb|auto||auto|false|false\u00bb custom_margin_tablet=\u00bb||29px|||\u00bb custom_margin_phone=\u00bb||0px||false|false\u00bb custom_margin_last_edited=\u00bbon|phone\u00bb custom_padding=\u00bb12px||||false|false\u00bb custom_padding_tablet=\u00bb22px||||false|false\u00bb custom_padding_phone=\u00bb22px||22px||false|false\u00bb custom_padding_last_edited=\u00bboff|desktop\u00bb text_font_size_tablet=\u00bb25px\u00bb text_font_size_phone=\u00bb22px\u00bb text_font_size_last_edited=\u00bbon|phone\u00bb header_font_size_tablet=\u00bb\u00bb header_font_size_phone=\u00bb32px\u00bb header_font_size_last_edited=\u00bbon|phone\u00bb border_color_all=\u00bbRGBA(255,255,255,0)\u00bb border_style_all=\u00bbnone\u00bb border_width_bottom=\u00bb8px\u00bb border_color_bottom=\u00bb#fdd838&#8243; global_colors_info=\u00bb{}\u00bb]<\/p>\n<h1 style=\"font-weight: 400; text-align: center;\">RVOE ESTATAL: PSU-03\/2024<\/h1>\n<p>[\/et_pb_text][\/et_pb_column][\/et_pb_row][et_pb_row custom_padding_last_edited=\u00bboff|phone\u00bb _builder_version=\u00bb4.27.0&#8243; _module_preset=\u00bbdefault\u00bb width=\u00bb99%\u00bb width_tablet=\u00bb80%\u00bb width_phone=\u00bb100%\u00bb width_last_edited=\u00bboff|desktop\u00bb custom_padding=\u00bb8px||||false|false\u00bb custom_padding_tablet=\u00bb17px||3px|||\u00bb global_colors_info=\u00bb{}\u00bb][et_pb_column type=\u00bb4_4&#8243; _builder_version=\u00bb4.16&#8243; _module_preset=\u00bbdefault\u00bb global_colors_info=\u00bb{}\u00bb][et_pb_text admin_label=\u00bbTexto\u00bb _builder_version=\u00bb4.27.0&#8243; _module_preset=\u00bbdefault\u00bb text_font=\u00bbActor||||||||\u00bb text_font_size=\u00bb18px\u00bb header_font=\u00bbActor||||||||\u00bb header_2_font=\u00bbOswald||||||||\u00bb background_color=\u00bbRGBA(255,255,255,0)\u00bb text_orientation=\u00bbjustified\u00bb width=\u00bb75%\u00bb width_tablet=\u00bb75%\u00bb width_phone=\u00bb85%\u00bb width_last_edited=\u00bbon|desktop\u00bb min_height=\u00bb92px\u00bb custom_margin=\u00bb|auto||auto|false|false\u00bb custom_margin_tablet=\u00bb||29px|||\u00bb custom_margin_phone=\u00bb||0px||false|false\u00bb custom_margin_last_edited=\u00bbon|phone\u00bb custom_padding=\u00bb22px|10px|22px|10px|false|false\u00bb custom_padding_tablet=\u00bb22px||||false|false\u00bb custom_padding_phone=\u00bb22px||22px||false|false\u00bb custom_padding_last_edited=\u00bbon|phone\u00bb text_font_size_tablet=\u00bb25px\u00bb text_font_size_phone=\u00bb19px\u00bb text_font_size_last_edited=\u00bbon|desktop\u00bb header_font_size_tablet=\u00bb\u00bb header_font_size_phone=\u00bb14px\u00bb header_font_size_last_edited=\u00bbon|phone\u00bb global_colors_info=\u00bb{}\u00bb]<\/p>\n<h2 style=\"font-weight: 400;\"><strong>MAESTR\u00cdA EN PROCESO PENAL ACUSATORIO<\/strong><\/h2>\n<p>La reforma constitucional en materia de justicia penal en M\u00e9xico, es parte de los cambios reflejados en la legislaci\u00f3n en materia de proceso penal acusatorio, la atenci\u00f3n de dichos cambios requiere una reformulaci\u00f3n del perfil general de los abogados postulantes. Ante eso, la Maestr\u00eda en Proceso Penal Acusatorio, pretende atender no s\u00f3lo las capacidades cient\u00edficas en materia legal, sino intervenir, socialmente, a favor del valor universal de la justicia, un valor del individuo que se basa en la persona, como forma de la raz\u00f3n, garant\u00eda de la \u00e9tica social en las relaciones humanas.<\/p>\n<p>El presente Plan de Estudios, \u00e9sta hecho con la m\u00e1xima objetividad, precisi\u00f3n metodol\u00f3gica y desarrollo de los programas con estrategias y m\u00e9todos de ense\u00f1anza-aprendizaje, a partir del estudio de mercado realizado, nos ha permitido entender y asumir en dicho programa la necesidad de nuestra gente, luego de los cambios en la norma constitucional y legal en materia de justicia penal.<\/p>\n<p>[\/et_pb_text][\/et_pb_column][\/et_pb_row][et_pb_row custom_padding_last_edited=\u00bboff|phone\u00bb _builder_version=\u00bb4.27.0&#8243; _module_preset=\u00bbdefault\u00bb background_color=\u00bb#fdd836&#8243; width=\u00bb99%\u00bb width_tablet=\u00bb80%\u00bb width_phone=\u00bb100%\u00bb width_last_edited=\u00bboff|desktop\u00bb custom_padding=\u00bb8px||||false|false\u00bb custom_padding_tablet=\u00bb17px||3px|||\u00bb global_colors_info=\u00bb{}\u00bb][et_pb_column type=\u00bb4_4&#8243; _builder_version=\u00bb4.16&#8243; _module_preset=\u00bbdefault\u00bb global_colors_info=\u00bb{}\u00bb][et_pb_text admin_label=\u00bbTexto\u00bb _builder_version=\u00bb4.27.0&#8243; _module_preset=\u00bbdefault\u00bb text_font=\u00bbActor||||||||\u00bb text_font_size=\u00bb18px\u00bb header_font=\u00bbActor||||||||\u00bb header_2_font=\u00bbOswald||||||||\u00bb background_color=\u00bbRGBA(255,255,255,0)\u00bb text_orientation=\u00bbjustified\u00bb width=\u00bb75%\u00bb width_tablet=\u00bb75%\u00bb width_phone=\u00bb85%\u00bb width_last_edited=\u00bbon|desktop\u00bb min_height=\u00bb92px\u00bb custom_margin=\u00bb|auto||auto|false|false\u00bb custom_margin_tablet=\u00bb||29px|||\u00bb custom_margin_phone=\u00bb||0px||false|false\u00bb custom_margin_last_edited=\u00bbon|phone\u00bb custom_padding=\u00bb22px|10px|22px|10px|false|false\u00bb custom_padding_tablet=\u00bb22px||||false|false\u00bb custom_padding_phone=\u00bb22px||22px||false|false\u00bb custom_padding_last_edited=\u00bbon|phone\u00bb text_font_size_tablet=\u00bb25px\u00bb text_font_size_phone=\u00bb19px\u00bb text_font_size_last_edited=\u00bbon|desktop\u00bb header_font_size_tablet=\u00bb\u00bb header_font_size_phone=\u00bb14px\u00bb header_font_size_last_edited=\u00bbon|phone\u00bb global_colors_info=\u00bb{}\u00bb]<\/p>\n<h2 style=\"font-weight: 400;\"><strong>\u00bfPOR QU\u00c9 ESTUDIAR LA MAESTR\u00cdA EN PROCESO PENAL ACUSATORIO?<\/strong><\/h2>\n<ul>\n<li>Enfocado a desarrollar tus habilidades de litigaci\u00f3n y juicios orales.<\/li>\n<li>Acompa\u00f1amiento presencial.<\/li>\n<li>Experimenta activar la teor\u00eda con la pr\u00e1ctica de los procesos penales.<\/li>\n<li>Logra tu formaci\u00f3n integral.<\/li>\n<li>Es un programa Incorporado a la SEP del Estado de Chiapas, con la nueva normativa de la duraci\u00f3n de 2 a\u00f1os que garantiza la profesionalizaci\u00f3n para nivel maestr\u00eda en el \u00e1rea te\u00f3rica y pr\u00e1ctica del proceso penal acusatorio, contando con una excelente base metodol\u00f3gica.<\/li>\n<li>Dirigido para los egresados de Licenciatura en Derecho, Criminolog\u00eda, Criminal\u00edstica y afines.<\/li>\n<li>El maestrante estudiar\u00e1 16 Unidades de Aprendizaje (UA), mismas que cursar\u00e1 durante los 2 a\u00f1os, tomando 4 UA por cada semestre, en un sistema flexible, din\u00e1mico y sistem\u00e1tico.<\/li>\n<\/ul>\n<p style=\"font-weight: 400;\">[\/et_pb_text][\/et_pb_column][\/et_pb_row][et_pb_row custom_padding_last_edited=\u00bboff|phone\u00bb _builder_version=\u00bb4.27.0&#8243; _module_preset=\u00bbdefault\u00bb width=\u00bb99%\u00bb width_tablet=\u00bb80%\u00bb width_phone=\u00bb100%\u00bb width_last_edited=\u00bboff|desktop\u00bb custom_padding=\u00bb8px||||false|false\u00bb custom_padding_tablet=\u00bb17px||3px|||\u00bb global_colors_info=\u00bb{}\u00bb][et_pb_column type=\u00bb4_4&#8243; _builder_version=\u00bb4.16&#8243; _module_preset=\u00bbdefault\u00bb global_colors_info=\u00bb{}\u00bb][et_pb_text admin_label=\u00bbTexto\u00bb _builder_version=\u00bb4.27.0&#8243; _module_preset=\u00bbdefault\u00bb text_font=\u00bbActor||||||||\u00bb text_font_size=\u00bb18px\u00bb header_font=\u00bbActor||||||||\u00bb header_2_font=\u00bbOswald||||||||\u00bb background_color=\u00bbRGBA(255,255,255,0)\u00bb text_orientation=\u00bbjustified\u00bb width=\u00bb75%\u00bb width_tablet=\u00bb75%\u00bb width_phone=\u00bb85%\u00bb width_last_edited=\u00bbon|desktop\u00bb min_height=\u00bb92px\u00bb custom_margin=\u00bb|auto||auto|false|false\u00bb custom_margin_tablet=\u00bb||29px|||\u00bb custom_margin_phone=\u00bb||0px||false|false\u00bb custom_margin_last_edited=\u00bbon|phone\u00bb custom_padding=\u00bb22px|10px|22px|10px|false|false\u00bb custom_padding_tablet=\u00bb22px||||false|false\u00bb custom_padding_phone=\u00bb22px||22px||false|false\u00bb custom_padding_last_edited=\u00bbon|phone\u00bb text_font_size_tablet=\u00bb25px\u00bb text_font_size_phone=\u00bb19px\u00bb text_font_size_last_edited=\u00bbon|desktop\u00bb header_font_size_tablet=\u00bb\u00bb header_font_size_phone=\u00bb14px\u00bb header_font_size_last_edited=\u00bbon|phone\u00bb global_colors_info=\u00bb{}\u00bb]<\/p>\n<h2 style=\"font-weight: 400;\">VENTAJA DE LA MAESTR\u00cdA EN PROCESO PENAL ACUSATORIO<\/h2>\n<p style=\"font-weight: 400;\">a) Pertenecer al sector penalista, siendo un profesionista formado por las competencias \u00e9ticas, acad\u00e9micas y profesionales que se requieren en el campo as\u00ed como acceder a una excelente planta docente, plataforma educativa, vinculaci\u00f3n con el sector legal y gran ambiente educativo.<\/p>\n<p>[\/et_pb_text][\/et_pb_column][\/et_pb_row][et_pb_row _builder_version=\u00bb4.27.0&#8243; _module_preset=\u00bbdefault\u00bb background_color=\u00bb#fdd836&#8243; width=\u00bb99%\u00bb custom_padding=\u00bb8px||||false|false\u00bb global_colors_info=\u00bb{}\u00bb][et_pb_column type=\u00bb4_4&#8243; _builder_version=\u00bb4.16&#8243; _module_preset=\u00bbdefault\u00bb global_colors_info=\u00bb{}\u00bb][et_pb_text admin_label=\u00bbTexto\u00bb _builder_version=\u00bb4.27.0&#8243; _module_preset=\u00bbdefault\u00bb text_font=\u00bbActor||||||||\u00bb text_font_size=\u00bb18px\u00bb header_font=\u00bbActor||||||||\u00bb header_2_font=\u00bbOswald||||||||\u00bb background_color=\u00bbRGBA(255,255,255,0)\u00bb text_orientation=\u00bbjustified\u00bb width=\u00bb75%\u00bb width_tablet=\u00bb75%\u00bb width_phone=\u00bb85%\u00bb width_last_edited=\u00bbon|desktop\u00bb min_height=\u00bb92px\u00bb custom_margin=\u00bb|auto||auto|false|false\u00bb custom_margin_tablet=\u00bb||29px|||\u00bb custom_margin_phone=\u00bb||0px||false|false\u00bb custom_margin_last_edited=\u00bbon|phone\u00bb custom_padding=\u00bb22px|10px|22px|10px|false|false\u00bb custom_padding_tablet=\u00bb22px||||false|false\u00bb custom_padding_phone=\u00bb22px||22px||false|false\u00bb custom_padding_last_edited=\u00bbon|phone\u00bb text_font_size_tablet=\u00bb25px\u00bb text_font_size_phone=\u00bb19px\u00bb text_font_size_last_edited=\u00bbon|desktop\u00bb header_font_size_tablet=\u00bb\u00bb header_font_size_phone=\u00bb14px\u00bb header_font_size_last_edited=\u00bbon|phone\u00bb global_colors_info=\u00bb{}\u00bb]<\/p>\n<h2>MODALIDAD MIXTA:<\/h2>\n<p>La Maestr\u00eda en Proceso Penal Acusatorio se impartir\u00e1 en la Modalidad Mixta, bajo el modelo pedag\u00f3gico curricular constructivo, centrado en el estudiante, para favorecer el aprendizaje significativo, por descubrimiento, creador, reflexivo, emocional y social, que permitir\u00e1 al estudiante tener un aprendizaje flexible entre las clases sincr\u00f3nicas (presenciales con coincidencia temporal) y asincr\u00f3nicas (desde plataforma educativa). Es un modelo que brinda flexibilidad al combinar estrategias, m\u00e9todos y recursos de las modalidades escolar y no escolar.<\/p>\n<p>Con la modalidad mixta que asumimos en este plan de estudios, el proceso de ense\u00f1anza-aprendizaje, \u201capoyos did\u00e1cticos\u201d, di\u00e1logos, retroalimentaci\u00f3n, y transferencia de datos, se lleva a modo sincr\u00f3nico y asincr\u00f3nico, siendo una combinaci\u00f3n equilibrada, correctamente organizada y planeada por la Coordinaci\u00f3n Acad\u00e9mica de la Universidad, seg\u00fan los tiempos previstos en el calendario escolar.<\/p>\n<p>El tambi\u00e9n llamado modelo h\u00edbrido, favorece la flexibilidad, adaptaci\u00f3n, ubicuidad e inclusi\u00f3n de quien pretende estudiar con nosotros. Con las sesiones sincr\u00f3nicas favorecemos el contacto humano, tan importante en la filosof\u00eda institucional cuya centralidad es la persona, y con las sesiones asincr\u00f3nicas, desde el uso correcto de la plataforma, que, consolida el proceso de formaci\u00f3n en esta instituci\u00f3n educativa, el estudiante es un agente activo y participativo en su propio aprendizaje; adem\u00e1s, est\u00e1 motivado por el aprendizaje y por su formaci\u00f3n y es autogestivo. El mismo estudiante encuentra en el aula virtual, todos los \u201capoyos did\u00e1cticos\u201d y los recursos tecnol\u00f3gicos asociados a su uso, que fortalecen el aprendizaje significativo, con los que va a dar seguimiento a la construcci\u00f3n de su aprendizaje significativo.<\/p>\n<p>&nbsp;<\/p>\n<p>[\/et_pb_text][\/et_pb_column][\/et_pb_row][et_pb_row custom_padding_last_edited=\u00bboff|phone\u00bb _builder_version=\u00bb4.27.0&#8243; _module_preset=\u00bbdefault\u00bb width=\u00bb99%\u00bb width_tablet=\u00bb80%\u00bb width_phone=\u00bb100%\u00bb width_last_edited=\u00bboff|desktop\u00bb custom_padding=\u00bb8px||||false|false\u00bb custom_padding_tablet=\u00bb17px||3px|||\u00bb global_colors_info=\u00bb{}\u00bb][et_pb_column type=\u00bb4_4&#8243; _builder_version=\u00bb4.16&#8243; _module_preset=\u00bbdefault\u00bb global_colors_info=\u00bb{}\u00bb][et_pb_text admin_label=\u00bbTexto\u00bb _builder_version=\u00bb4.27.0&#8243; _module_preset=\u00bbdefault\u00bb text_font=\u00bbActor||||||||\u00bb text_font_size=\u00bb18px\u00bb header_font=\u00bbActor||||||||\u00bb header_2_font=\u00bbOswald||||||||\u00bb background_color=\u00bbRGBA(255,255,255,0)\u00bb text_orientation=\u00bbjustified\u00bb width=\u00bb75%\u00bb width_tablet=\u00bb75%\u00bb width_phone=\u00bb85%\u00bb width_last_edited=\u00bbon|desktop\u00bb min_height=\u00bb92px\u00bb custom_margin=\u00bb|auto||auto|false|false\u00bb custom_margin_tablet=\u00bb||29px|||\u00bb custom_margin_phone=\u00bb||0px||false|false\u00bb custom_margin_last_edited=\u00bbon|phone\u00bb custom_padding=\u00bb22px|10px|22px|10px|false|false\u00bb custom_padding_tablet=\u00bb22px||||false|false\u00bb custom_padding_phone=\u00bb22px||22px||false|false\u00bb custom_padding_last_edited=\u00bbon|phone\u00bb text_font_size_tablet=\u00bb25px\u00bb text_font_size_phone=\u00bb19px\u00bb text_font_size_last_edited=\u00bbon|desktop\u00bb header_font_size_tablet=\u00bb\u00bb header_font_size_phone=\u00bb14px\u00bb header_font_size_last_edited=\u00bbon|phone\u00bb global_colors_info=\u00bb{}\u00bb]<\/p>\n<h2>MODELO DE APRENDIZAJE:<\/h2>\n<p>Clases en tiempo real (presencial o virtual): Con lecciones magistrales, an\u00e1lisis y retroalimentaci\u00f3n de los facilitadores; exposiciones de investigaciones, proyectos y diversas evidencias de aprendizaje de los estudiantes.<br \/>Asesor\u00eda y tutor\u00eda: Los facilitadores est\u00e1n comprometidos con los estudiantes para la resoluci\u00f3n de dudas durante el proceso de formaci\u00f3n.<br \/>Aprendizaje desde plataforma tecnol\u00f3gica: Con los recursos did\u00e1cticos puestos en la plataforma tecnol\u00f3gica educativa, intercambia opiniones, dudas e informaci\u00f3n sobre las Unidades de Aprendizaje con tus compa\u00f1eros y facilitadores.<br \/>Informaci\u00f3n actualizada: Siempre tendr\u00e1s la informaci\u00f3n actualizada de las unidades de aprendizaje, llevando temas y casos reales para un mejor desarrollo del aprendizaje.<br \/>Evaluaciones: Son de acuerdo a los criterios del modelo constructivista, que cada facilitador implementa, d\u00e1ndotelo a conocer desde el inicio de la Unidad de Aprendizaje o asignatura.<\/p>\n<p>[\/et_pb_text][\/et_pb_column][\/et_pb_row][et_pb_row _builder_version=\u00bb4.27.0&#8243; _module_preset=\u00bbdefault\u00bb background_color=\u00bb#fdd836&#8243; width=\u00bb99%\u00bb custom_padding=\u00bb8px||||false|false\u00bb global_colors_info=\u00bb{}\u00bb][et_pb_column type=\u00bb4_4&#8243; _builder_version=\u00bb4.16&#8243; _module_preset=\u00bbdefault\u00bb global_colors_info=\u00bb{}\u00bb][et_pb_text admin_label=\u00bbTexto\u00bb _builder_version=\u00bb4.27.0&#8243; _module_preset=\u00bbdefault\u00bb text_font=\u00bbActor||||||||\u00bb text_font_size=\u00bb18px\u00bb header_font=\u00bbActor||||||||\u00bb header_2_font=\u00bbOswald||||||||\u00bb background_color=\u00bbRGBA(255,255,255,0)\u00bb text_orientation=\u00bbjustified\u00bb width=\u00bb75%\u00bb width_tablet=\u00bb75%\u00bb width_phone=\u00bb85%\u00bb width_last_edited=\u00bbon|desktop\u00bb min_height=\u00bb92px\u00bb custom_margin=\u00bb|auto||auto|false|false\u00bb custom_margin_tablet=\u00bb||29px|||\u00bb custom_margin_phone=\u00bb||0px||false|false\u00bb custom_margin_last_edited=\u00bbon|phone\u00bb custom_padding=\u00bb22px|10px|22px|10px|false|false\u00bb custom_padding_tablet=\u00bb22px||||false|false\u00bb custom_padding_phone=\u00bb22px||22px||false|false\u00bb custom_padding_last_edited=\u00bbon|phone\u00bb text_font_size_tablet=\u00bb25px\u00bb text_font_size_phone=\u00bb19px\u00bb text_font_size_last_edited=\u00bbon|desktop\u00bb header_font_size_tablet=\u00bb\u00bb header_font_size_phone=\u00bb14px\u00bb header_font_size_last_edited=\u00bbon|phone\u00bb global_colors_info=\u00bb{}\u00bb]<\/p>\n<h2 style=\"font-weight: 400;\">OBJETIVO DE LA MAESTR\u00cdA:<\/h2>\n<p style=\"font-weight: 400;\">La Maestr\u00eda en Proceso Penal Acusatorio tiene como fin, la formaci\u00f3n de profesionales en el sistema de justicia penal; asimismo, que los estudiantes adquieran las destrezas en materia de litigio oral -procesal- penal para resolver problemas en el \u00e1mbito de procuraci\u00f3n y administraci\u00f3n de justicia. El presente dise\u00f1o presenta un modelo te\u00f3rico-pr\u00e1ctico que permite al estudiante fortalecer las habilidades que exige el campo laboral actual.<\/p>\n<p style=\"font-weight: 400;\">La Maestr\u00eda en Proceso Penal Acusatorio, tiene como finalidad social, formar postgraduados con las capacidades profesionales y humanas para desarrollar e implementar estrategias de actuaci\u00f3n jur\u00eddica que contribuyan a la consolidaci\u00f3n del Sistema Penal Acusatorio mexicano, a partir del an\u00e1lisis cr\u00edtico del cuerpo normativo, de la jurisprudencia y de las pol\u00edticas p\u00fablicas relacionadas, tanto con la procuraci\u00f3n y administraci\u00f3n de la justicia como con la ejecuci\u00f3n de penas; en este sentido, en el proceso de formaci\u00f3n, se fomenta el alto sentido \u00e9tico en el ejercicio profesional y de protecci\u00f3n a los derechos humanos de manera hol\u00edstica e innovadora, desarrollando competencias profesionales para el estudio y la investigaci\u00f3n acad\u00e9mica, de manera transversal disciplinaria, interdisciplinaria y transdisciplinaria.<\/p>\n<p>[\/et_pb_text][\/et_pb_column][\/et_pb_row][et_pb_row custom_padding_last_edited=\u00bboff|phone\u00bb _builder_version=\u00bb4.27.0&#8243; _module_preset=\u00bbdefault\u00bb width=\u00bb99%\u00bb width_tablet=\u00bb80%\u00bb width_phone=\u00bb100%\u00bb width_last_edited=\u00bboff|desktop\u00bb custom_padding=\u00bb8px||||false|false\u00bb custom_padding_tablet=\u00bb17px||3px|||\u00bb global_colors_info=\u00bb{}\u00bb][et_pb_column type=\u00bb4_4&#8243; _builder_version=\u00bb4.16&#8243; _module_preset=\u00bbdefault\u00bb global_colors_info=\u00bb{}\u00bb][et_pb_text admin_label=\u00bbTexto\u00bb _builder_version=\u00bb4.27.0&#8243; _module_preset=\u00bbdefault\u00bb text_font=\u00bbActor||||||||\u00bb text_font_size=\u00bb18px\u00bb header_font=\u00bbActor||||||||\u00bb header_2_font=\u00bbOswald||||||||\u00bb background_color=\u00bbRGBA(255,255,255,0)\u00bb text_orientation=\u00bbjustified\u00bb width=\u00bb75%\u00bb width_tablet=\u00bb75%\u00bb width_phone=\u00bb85%\u00bb width_last_edited=\u00bbon|desktop\u00bb min_height=\u00bb92px\u00bb custom_margin=\u00bb|auto||auto|false|false\u00bb custom_margin_tablet=\u00bb||29px|||\u00bb custom_margin_phone=\u00bb||0px||false|false\u00bb custom_margin_last_edited=\u00bbon|phone\u00bb custom_padding=\u00bb22px|10px|22px|10px|false|false\u00bb custom_padding_tablet=\u00bb22px||||false|false\u00bb custom_padding_phone=\u00bb22px||22px||false|false\u00bb custom_padding_last_edited=\u00bbon|phone\u00bb text_font_size_tablet=\u00bb25px\u00bb text_font_size_phone=\u00bb19px\u00bb text_font_size_last_edited=\u00bbon|desktop\u00bb header_font_size_tablet=\u00bb\u00bb header_font_size_phone=\u00bb14px\u00bb header_font_size_last_edited=\u00bbon|phone\u00bb global_colors_info=\u00bb{}\u00bb]<\/p>\n<h2 style=\"font-weight: 400;\"><strong>PERFIL DE INGRESO<\/strong><\/h2>\n<ul>\n<li>Egresado de Licenciaturas en Derecho, Criminolog\u00eda, Criminal\u00edstica o afines.<\/li>\n<li>Tener el gusto, deseo y contar con un plan de superaci\u00f3n, disposici\u00f3n a la reflexi\u00f3n, investigaci\u00f3n y estudio.<\/li>\n<li>Habilidad lectora, asertividad en el proceso de comunicaci\u00f3n oral y escrita.<\/li>\n<li>Disponer de la capacidad de an\u00e1lisis y s\u00edntesis.<\/li>\n<li>Tener conocimiento e inter\u00e9s por el \u00e1mbito de la justicia penal.<\/li>\n<li>Aspirar a ser profesional en el entorno de la justicia penal que agregue valor a la sociedad.<\/li>\n<\/ul>\n<p>[\/et_pb_text][\/et_pb_column][\/et_pb_row][et_pb_row _builder_version=\u00bb4.27.0&#8243; _module_preset=\u00bbdefault\u00bb background_color=\u00bb#fdd836&#8243; width=\u00bb99%\u00bb custom_padding=\u00bb8px||||false|false\u00bb global_colors_info=\u00bb{}\u00bb][et_pb_column type=\u00bb4_4&#8243; _builder_version=\u00bb4.16&#8243; _module_preset=\u00bbdefault\u00bb global_colors_info=\u00bb{}\u00bb][et_pb_text admin_label=\u00bbTexto\u00bb _builder_version=\u00bb4.27.0&#8243; _module_preset=\u00bbdefault\u00bb text_font=\u00bbActor||||||||\u00bb text_font_size=\u00bb18px\u00bb header_font=\u00bbActor||||||||\u00bb header_2_font=\u00bbOswald||||||||\u00bb background_color=\u00bbRGBA(255,255,255,0)\u00bb text_orientation=\u00bbjustified\u00bb width=\u00bb75%\u00bb width_tablet=\u00bb75%\u00bb width_phone=\u00bb85%\u00bb width_last_edited=\u00bbon|desktop\u00bb min_height=\u00bb92px\u00bb custom_margin=\u00bb|auto||auto|false|false\u00bb custom_margin_tablet=\u00bb||29px|||\u00bb custom_margin_phone=\u00bb||0px||false|false\u00bb custom_margin_last_edited=\u00bbon|phone\u00bb custom_padding=\u00bb22px|10px|22px|10px|false|false\u00bb custom_padding_tablet=\u00bb22px||||false|false\u00bb custom_padding_phone=\u00bb22px||22px||false|false\u00bb custom_padding_last_edited=\u00bbon|phone\u00bb text_font_size_tablet=\u00bb25px\u00bb text_font_size_phone=\u00bb19px\u00bb text_font_size_last_edited=\u00bbon|desktop\u00bb header_font_size_tablet=\u00bb\u00bb header_font_size_phone=\u00bb14px\u00bb header_font_size_last_edited=\u00bbon|phone\u00bb global_colors_info=\u00bb{}\u00bb]<\/p>\n<h2 style=\"font-weight: 400;\"><strong>HABILIDADES QUE OBTENDR\u00c1S AL FINALIZAR LA MAESTR\u00cdA<\/strong><\/h2>\n<ul>\n<li>Actuar\u00e1s de manera <strong>eficiente<\/strong> en cada una de las etapas que conforman el nuevo procedimiento penal acusatorio, adversarial y oral.<\/li>\n<li>Desarrollar\u00e1s disposiciones inteligentes y creativas en los procesos de organizar, <strong>conducir y coordinar<\/strong> cursos de capacitaci\u00f3n a nivel postgrado, vinculados con el derecho procesal penal y juicios orales.<\/li>\n<li>Descubrir\u00e1s los intereses y motivaciones indagatorios que te posibiliten realizar <strong>investigaci\u00f3n<\/strong> de alto nivel, con la suficiente formaci\u00f3n, de tal manera que, puedas integrar al <strong>Sistema Nacional de Investigadores<\/strong>.<\/li>\n<li>Dispondr\u00e1s de fuerza intelectual y recursos jur\u00eddicos para integrarte al sector p\u00fablico en la administraci\u00f3n y procuraci\u00f3n de justicia en materia penal.<\/li>\n<li>Aplicar\u00e1s <strong>destrezas jur\u00eddicas<\/strong> para intervenir en juicios acusatorio, adversarial y oral, ya sea como defensor p\u00fablico o postulante.<\/li>\n<li>Fortalecer\u00e1s tus conocimientos y experiencia para ejercer la <strong>docencia<\/strong> en instituciones de educaci\u00f3n superior, formadoras de profesionales en el campo del derecho procesal penal de corte acusatorio, adversarial y oral.<\/li>\n<li>Aplicar\u00e1s <strong>estrategias<\/strong> con base en el nuevo sistema de justicia penal oral que te permita enfrentar y resolver problemas de tipo legal.<\/li>\n<li>Resolver\u00e1s creativamente <strong>controversias<\/strong> a trav\u00e9s de medios alternativos de soluci\u00f3n de conflictos.<\/li>\n<li><strong>Intervendr\u00e1s activamente<\/strong> y con fundamento en las nuevas disposiciones legales y procesales en cada una de las etapas del proceso acusatorio, adversarial y oral.<\/li>\n<\/ul>\n<p>[\/et_pb_text][\/et_pb_column][\/et_pb_row][et_pb_row custom_padding_last_edited=\u00bboff|phone\u00bb _builder_version=\u00bb4.27.0&#8243; _module_preset=\u00bbdefault\u00bb width=\u00bb99%\u00bb width_tablet=\u00bb80%\u00bb width_phone=\u00bb100%\u00bb width_last_edited=\u00bboff|desktop\u00bb custom_padding=\u00bb8px||||false|false\u00bb custom_padding_tablet=\u00bb17px||3px|||\u00bb global_colors_info=\u00bb{}\u00bb][et_pb_column type=\u00bb4_4&#8243; _builder_version=\u00bb4.16&#8243; _module_preset=\u00bbdefault\u00bb global_colors_info=\u00bb{}\u00bb][et_pb_text admin_label=\u00bbTexto\u00bb _builder_version=\u00bb4.27.0&#8243; _module_preset=\u00bbdefault\u00bb text_font=\u00bbActor||||||||\u00bb text_font_size=\u00bb18px\u00bb header_font=\u00bbActor||||||||\u00bb header_2_font=\u00bbOswald||||||||\u00bb background_color=\u00bbRGBA(255,255,255,0)\u00bb text_orientation=\u00bbjustified\u00bb width=\u00bb75%\u00bb width_tablet=\u00bb75%\u00bb width_phone=\u00bb85%\u00bb width_last_edited=\u00bbon|desktop\u00bb min_height=\u00bb92px\u00bb custom_margin=\u00bb|auto||auto|false|false\u00bb custom_margin_tablet=\u00bb||29px|||\u00bb custom_margin_phone=\u00bb||0px||false|false\u00bb custom_margin_last_edited=\u00bbon|phone\u00bb custom_padding=\u00bb22px|10px|22px|10px|false|false\u00bb custom_padding_tablet=\u00bb22px||||false|false\u00bb custom_padding_phone=\u00bb22px||22px||false|false\u00bb custom_padding_last_edited=\u00bbon|phone\u00bb text_font_size_tablet=\u00bb25px\u00bb text_font_size_phone=\u00bb19px\u00bb text_font_size_last_edited=\u00bbon|desktop\u00bb header_font_size_tablet=\u00bb\u00bb header_font_size_phone=\u00bb14px\u00bb header_font_size_last_edited=\u00bbon|phone\u00bb global_colors_info=\u00bb{}\u00bb]<\/p>\n<h2 style=\"font-weight: 400;\"><strong>CAMPO LABORAL:<\/strong><\/h2>\n<ul>\n<li style=\"font-weight: 400;\">Los Maestros en Proceso Penal Acusatorio est\u00e1n facultados para proteger los derechos de las personas imputadas o v\u00edctimas.<\/li>\n<li style=\"font-weight: 400;\">Laborar dentro de la administraci\u00f3n p\u00fablica en fiscal\u00edas como \u00f3rganos acusadores o asesores de v\u00edctimas.<\/li>\n<li style=\"font-weight: 400;\">Desarrollarse en la pr\u00e1ctica privada como defensores estableciendo despachos especializados en litigio penal o consolidar los ya instalados.<\/li>\n<li style=\"font-weight: 400;\">Ejercer diversas funciones ya sea que trabajen para una instituci\u00f3n p\u00fablica o en el sector privado y representen a un particular.<\/li>\n<li style=\"font-weight: 400;\">Trabajar en y por las instituciones de justicia.<\/li>\n<li style=\"font-weight: 400;\">Acompa\u00f1ar a los justiciables desde el proceso de denuncia hasta la sentencia y ejecuci\u00f3n de pena, clavado en la litigaci\u00f3n que aclara por investigaci\u00f3n requerida el conocimiento de la verdad para la culpabilidad o libertad.<\/li>\n<li style=\"font-weight: 400;\">Investigador en el \u00e1mbito legal y\/o penal.<\/li>\n<li style=\"font-weight: 400;\">Docente en niveles de pregrado y posgrado.<\/li>\n<\/ul>\n<p style=\"font-weight: 400;\">\n<p>[\/et_pb_text][\/et_pb_column][\/et_pb_row][et_pb_row _builder_version=\u00bb4.27.0&#8243; _module_preset=\u00bbdefault\u00bb background_color=\u00bb#fdd836&#8243; width=\u00bb99%\u00bb custom_padding=\u00bb8px||||false|false\u00bb global_colors_info=\u00bb{}\u00bb][et_pb_column type=\u00bb4_4&#8243; _builder_version=\u00bb4.16&#8243; _module_preset=\u00bbdefault\u00bb global_colors_info=\u00bb{}\u00bb][et_pb_text admin_label=\u00bbTexto\u00bb _builder_version=\u00bb4.27.0&#8243; _module_preset=\u00bbdefault\u00bb text_font=\u00bbActor||||||||\u00bb text_font_size=\u00bb18px\u00bb header_font=\u00bbActor||||||||\u00bb header_2_font=\u00bbOswald||||||||\u00bb background_color=\u00bbRGBA(255,255,255,0)\u00bb text_orientation=\u00bbjustified\u00bb width=\u00bb75%\u00bb width_tablet=\u00bb75%\u00bb width_phone=\u00bb85%\u00bb width_last_edited=\u00bbon|desktop\u00bb min_height=\u00bb92px\u00bb custom_margin=\u00bb|auto||auto|false|false\u00bb custom_margin_tablet=\u00bb||29px|||\u00bb custom_margin_phone=\u00bb||0px||false|false\u00bb custom_margin_last_edited=\u00bbon|phone\u00bb custom_padding=\u00bb22px|10px|22px|10px|false|false\u00bb custom_padding_tablet=\u00bb22px||||false|false\u00bb custom_padding_phone=\u00bb22px||22px||false|false\u00bb custom_padding_last_edited=\u00bbon|phone\u00bb text_font_size_tablet=\u00bb25px\u00bb text_font_size_phone=\u00bb19px\u00bb text_font_size_last_edited=\u00bbon|desktop\u00bb header_font_size_tablet=\u00bb\u00bb header_font_size_phone=\u00bb14px\u00bb header_font_size_last_edited=\u00bbon|phone\u00bb global_colors_info=\u00bb{}\u00bb]<\/p>\n<h2 style=\"font-weight: 400;\"><strong>PLAN DE ESTUDIOS:<\/strong><\/h2>\n<p style=\"font-weight: 400;\">El plan de estudios de la Maestr\u00eda en Proceso Penal Acusatorio, es de reciente incorporaci\u00f3n y est\u00e1 conformado por 16 unidades de aprendizaje, con un total de 80 cr\u00e9ditos que se imparten a lo largo de 4 semestres, impartida por profesionales altamente capacitados, con amplia trayectoria y experiencia formativa.<\/p>\n<p>[\/et_pb_text][\/et_pb_column][\/et_pb_row][et_pb_row custom_padding_last_edited=\u00bboff|phone\u00bb _builder_version=\u00bb4.27.0&#8243; _module_preset=\u00bbdefault\u00bb width_tablet=\u00bb80%\u00bb width_phone=\u00bb100%\u00bb width_last_edited=\u00bboff|desktop\u00bb custom_padding=\u00bb8px||||false|false\u00bb custom_padding_tablet=\u00bb17px||3px|||\u00bb global_colors_info=\u00bb{}\u00bb][et_pb_column type=\u00bb4_4&#8243; _builder_version=\u00bb4.16&#8243; _module_preset=\u00bbdefault\u00bb global_colors_info=\u00bb{}\u00bb][et_pb_text admin_label=\u00bbTexto\u00bb _builder_version=\u00bb4.27.0&#8243; _module_preset=\u00bbdefault\u00bb text_font=\u00bbActor||||||||\u00bb text_font_size=\u00bb18px\u00bb header_font=\u00bbActor||||||||\u00bb header_2_font=\u00bbOswald||||||||\u00bb background_color=\u00bbRGBA(255,255,255,0)\u00bb text_orientation=\u00bbjustified\u00bb width=\u00bb75%\u00bb width_tablet=\u00bb75%\u00bb width_phone=\u00bb85%\u00bb width_last_edited=\u00bbon|desktop\u00bb min_height=\u00bb92px\u00bb custom_margin=\u00bb|auto|0px|auto|false|false\u00bb custom_margin_tablet=\u00bb||29px|||\u00bb custom_margin_phone=\u00bb||0px||false|false\u00bb custom_margin_last_edited=\u00bbon|phone\u00bb custom_padding=\u00bb22px|10px|0px|10px|false|false\u00bb custom_padding_tablet=\u00bb22px||||false|false\u00bb custom_padding_phone=\u00bb22px||22px||false|false\u00bb custom_padding_last_edited=\u00bbon|phone\u00bb text_font_size_tablet=\u00bb25px\u00bb text_font_size_phone=\u00bb19px\u00bb text_font_size_last_edited=\u00bbon|desktop\u00bb header_font_size_tablet=\u00bb\u00bb header_font_size_phone=\u00bb14px\u00bb header_font_size_last_edited=\u00bbon|phone\u00bb global_colors_info=\u00bb{}\u00bb]<\/p>\n<h2 style=\"font-weight: 400; text-align: center;\"><strong>PROGRAMA DE ESTUDIOS<\/strong><\/h2>\n<p>[\/et_pb_text][\/et_pb_column][\/et_pb_row][et_pb_row column_structure=\u00bb1_2,1_2&#8243; custom_padding_last_edited=\u00bboff|phone\u00bb _builder_version=\u00bb4.27.0&#8243; _module_preset=\u00bbdefault\u00bb width_tablet=\u00bb80%\u00bb width_phone=\u00bb100%\u00bb width_last_edited=\u00bboff|desktop\u00bb custom_padding=\u00bb8px||||false|false\u00bb custom_padding_tablet=\u00bb17px||3px|||\u00bb global_colors_info=\u00bb{}\u00bb][et_pb_column type=\u00bb1_2&#8243; _builder_version=\u00bb4.16&#8243; _module_preset=\u00bbdefault\u00bb global_colors_info=\u00bb{}\u00bb][et_pb_text admin_label=\u00bbTexto\u00bb _builder_version=\u00bb4.27.0&#8243; _module_preset=\u00bbdefault\u00bb text_font=\u00bbActor||||||||\u00bb text_text_color=\u00bb#FFFFFF\u00bb text_font_size=\u00bb18px\u00bb header_2_font=\u00bbOswald||||||||\u00bb header_3_font=\u00bbOswald|600|||||||\u00bb header_3_text_align=\u00bbcenter\u00bb header_3_text_color=\u00bb#FFFFFF\u00bb background_color=\u00bb#0c71c3&#8243; text_orientation=\u00bbjustified\u00bb width=\u00bb90%\u00bb width_tablet=\u00bb75%\u00bb width_phone=\u00bb85%\u00bb width_last_edited=\u00bbon|desktop\u00bb min_height=\u00bb92px\u00bb custom_margin=\u00bb|auto||auto|false|false\u00bb custom_margin_tablet=\u00bb||29px|||\u00bb custom_margin_phone=\u00bb||0px||false|false\u00bb custom_margin_last_edited=\u00bbon|phone\u00bb custom_padding=\u00bb22px|10px|22px|10px|false|false\u00bb custom_padding_tablet=\u00bb22px||||false|false\u00bb custom_padding_phone=\u00bb22px||22px||false|false\u00bb custom_padding_last_edited=\u00bbon|phone\u00bb text_font_size_tablet=\u00bb25px\u00bb text_font_size_phone=\u00bb19px\u00bb text_font_size_last_edited=\u00bbon|desktop\u00bb header_font_size_tablet=\u00bb\u00bb header_font_size_phone=\u00bb14px\u00bb header_font_size_last_edited=\u00bbon|phone\u00bb box_shadow_style=\u00bbpreset2&#8243; global_colors_info=\u00bb{}\u00bb]<\/p>\n<h3 style=\"font-weight: 400;\">PRINCIPIOS DEL SISTEMA PENAL ACUSATORIO<\/h3>\n<p style=\"font-weight: 400;\">El estudiante conocer\u00e1 y comprender\u00e1 que los principios del sistema penal acusatorio son normas rectoras que inspiran el procedimiento, son de observancia tanto para el legislador al elaborar las leyes, como por los \u00f3rganos encargados de interpretarlos y aplicarlas, de su enumeraci\u00f3n se desprenden lineamientos b\u00e1sicos de actuaci\u00f3n judicial, imprescindibles en la b\u00fasqueda de una justicia m\u00e1s equitativa, que son de exigencia y exigibles a t\u00edtulo de garant\u00eda.<\/p>\n<h3 style=\"font-weight: 400;\">SUJETOS PROCESALES<\/h3>\n<p style=\"font-weight: 400;\">El estudiante conocer\u00e1 los distintos sujetos que intervienen en el nuevo sistema acusatorio adversarial, entendiendo el papel que cada uno de ellos juegue durante el procedimiento y las limitantes que tengan.<\/p>\n<h3 style=\"font-weight: 400;\">INVESTIGACION INICIAL Y COMPLEMENTARIA DEL SISTEMA PENAL ACUSATORIO<\/h3>\n<p style=\"font-weight: 400;\">El estudiante conocer\u00e1 y comprender\u00e1 que la etapa de investigaci\u00f3n tiene como finalidad entorno a la existencia de un hecho denunciado como delito, los datos de identidad de los involucrados, de la v\u00edctima u ofendido, as\u00ed como recolectar aquellos indicios que coadyuven al esclarecimiento de los hechos materia de la investigaci\u00f3n.<\/p>\n<h3 style=\"font-weight: 400;\">ARGUMENTACI\u00d3N JUR\u00cdDICA<\/h3>\n<p style=\"font-weight: 400;\">El estudiante alcanzar\u00e1 la capacidad para resolver un problema jur\u00eddico en relaci\u00f3n con el tipo de razonamiento requerido, pudiendo dar cuenta y raz\u00f3n tanto del contexto.<\/p>\n<p style=\"font-weight: 400;\">[\/et_pb_text][\/et_pb_column][et_pb_column type=\u00bb1_2&#8243; _builder_version=\u00bb4.16&#8243; _module_preset=\u00bbdefault\u00bb global_colors_info=\u00bb{}\u00bb][et_pb_text admin_label=\u00bbTexto\u00bb _builder_version=\u00bb4.27.0&#8243; _module_preset=\u00bbdefault\u00bb text_font=\u00bbActor||||||||\u00bb text_text_color=\u00bb#FFFFFF\u00bb text_font_size=\u00bb18px\u00bb header_2_font=\u00bbOswald||||||||\u00bb header_3_font=\u00bbOswald|600|||||||\u00bb header_3_text_align=\u00bbcenter\u00bb header_3_text_color=\u00bb#FFFFFF\u00bb background_color=\u00bb#0c71c3&#8243; text_orientation=\u00bbjustified\u00bb width=\u00bb90%\u00bb width_tablet=\u00bb75%\u00bb width_phone=\u00bb85%\u00bb width_last_edited=\u00bbon|desktop\u00bb min_height=\u00bb92px\u00bb custom_margin=\u00bb|auto||auto|false|false\u00bb custom_margin_tablet=\u00bb||29px|||\u00bb custom_margin_phone=\u00bb||0px||false|false\u00bb custom_margin_last_edited=\u00bbon|phone\u00bb custom_padding=\u00bb22px|10px|22px|10px|false|false\u00bb custom_padding_tablet=\u00bb22px||||false|false\u00bb custom_padding_phone=\u00bb22px||22px||false|false\u00bb custom_padding_last_edited=\u00bbon|phone\u00bb text_font_size_tablet=\u00bb25px\u00bb text_font_size_phone=\u00bb19px\u00bb text_font_size_last_edited=\u00bbon|desktop\u00bb header_font_size_tablet=\u00bb\u00bb header_font_size_phone=\u00bb14px\u00bb header_font_size_last_edited=\u00bbon|phone\u00bb box_shadow_style=\u00bbpreset2&#8243; global_colors_info=\u00bb{}\u00bb]<\/p>\n<h3 style=\"font-weight: 400;\">c)bTEOR\u00cdA DE LA PRUEBA EN EL SISTEMA PENAL ACUSATORIO<\/h3>\n<p style=\"font-weight: 400;\">Permitir\u00e1 al estudiante planear una estrategia probatoria en cualquier etapa del proceso penal acusatorio, discutir la idoneidad, pertinencia y suficiencia, para la admisi\u00f3n o el desechamiento de un medio de prueba as\u00ed como generar la estrategia a la hora de desahogar los medios probatorios en etapa de juicio oral.<\/p>\n<h3 style=\"font-weight: 400;\">LOS DERECHOS HUMANOS EN EL SISTEMA PENAL ACUSATORIO<\/h3>\n<p style=\"font-weight: 400;\">Comprender\u00e1 la importancia y los alcances de los derechos humanos en su estructura y ejercicio en el entorno nacional e internacional; as\u00ed como aplicar los conocimientos adquiridos en el sistema penal acusatorio relacionados con el respeto, promoci\u00f3n y vigencia de los derechos humanos en el marco del sistema de justicia penal en M\u00e9xico.<\/p>\n<h3 style=\"font-weight: 400;\">ETAPA INICIAL DEL PROCESO PENAL ACUSATORIO<\/h3>\n<p style=\"font-weight: 400;\">El estudiante conocer\u00e1 y comprender\u00e1 los tres objetivos de la audiencia inicial: a) Informar al imputado sus derechos constitucionales y legales, b) Realizar el control de legalidad de la detenci\u00f3n y c) Resolver sobre la solicitud de vinculaci\u00f3n a proceso y medidas cautelares; con la finalidad de darle cumplimiento a lo establecido en el art\u00edculo 307 del C\u00f3digo Nacional de Procedimientos Penales.<\/p>\n<p>[\/et_pb_text][\/et_pb_column][\/et_pb_row][et_pb_row column_structure=\u00bb1_2,1_2&#8243; custom_padding_last_edited=\u00bboff|phone\u00bb _builder_version=\u00bb4.27.0&#8243; _module_preset=\u00bbdefault\u00bb width_tablet=\u00bb80%\u00bb width_phone=\u00bb100%\u00bb width_last_edited=\u00bboff|desktop\u00bb custom_padding=\u00bb8px||||false|false\u00bb custom_padding_tablet=\u00bb17px||3px|||\u00bb global_colors_info=\u00bb{}\u00bb][et_pb_column type=\u00bb1_2&#8243; _builder_version=\u00bb4.16&#8243; _module_preset=\u00bbdefault\u00bb global_colors_info=\u00bb{}\u00bb][et_pb_text admin_label=\u00bbTexto\u00bb _builder_version=\u00bb4.27.0&#8243; _module_preset=\u00bbdefault\u00bb text_font=\u00bbActor||||||||\u00bb text_text_color=\u00bb#FFFFFF\u00bb text_font_size=\u00bb18px\u00bb header_2_font=\u00bbOswald||||||||\u00bb header_3_font=\u00bbOswald|600|||||||\u00bb header_3_text_align=\u00bbcenter\u00bb header_3_text_color=\u00bb#FFFFFF\u00bb background_color=\u00bb#0c71c3&#8243; text_orientation=\u00bbjustified\u00bb width=\u00bb90%\u00bb width_tablet=\u00bb75%\u00bb width_phone=\u00bb85%\u00bb width_last_edited=\u00bbon|desktop\u00bb min_height=\u00bb92px\u00bb custom_margin=\u00bb|auto||auto|false|false\u00bb custom_margin_tablet=\u00bb||29px|||\u00bb custom_margin_phone=\u00bb||0px||false|false\u00bb custom_margin_last_edited=\u00bbon|phone\u00bb custom_padding=\u00bb22px|10px|22px|10px|false|false\u00bb custom_padding_tablet=\u00bb22px||||false|false\u00bb custom_padding_phone=\u00bb22px||22px||false|false\u00bb custom_padding_last_edited=\u00bbon|phone\u00bb text_font_size_tablet=\u00bb25px\u00bb text_font_size_phone=\u00bb19px\u00bb text_font_size_last_edited=\u00bbon|desktop\u00bb header_font_size_tablet=\u00bb\u00bb header_font_size_phone=\u00bb14px\u00bb header_font_size_last_edited=\u00bbon|phone\u00bb box_shadow_style=\u00bbpreset2&#8243; global_colors_info=\u00bb{}\u00bb]<\/p>\n<h3 style=\"font-weight: 400;\">METODOLOGIA DE LA INVESTIGACION JURIDICA<\/h3>\n<p style=\"font-weight: 400;\">Proporcionar\u00e1 al estudiante los elementos te\u00f3rico-metodol\u00f3gicos para que pueda apropiarse, construir, fundamentar y aplicar los conocimientos que le permitan una mayor comprensi\u00f3n de los m\u00e9todos y t\u00e9cnicas de investigaci\u00f3n en materia jur\u00eddica penal.<\/p>\n<h3 style=\"font-weight: 400;\">ETAPA INTERMEDIA DEL SISTEMA PENAL ACUSATORIO<\/h3>\n<p style=\"font-weight: 400;\">El estudiante conocer\u00e1 y comprender\u00e1 que la etapa intermedia tiene por objetivo el ofrecimiento y admisi\u00f3n de los medios de prueba, as\u00ed como la depuraci\u00f3n de los hechos controvertidos que ser\u00e1n materia del juicio; consolidar y\/o aprobar los acuerdos reparatorios a que las partes arriben de la mediaci\u00f3n y\/o conciliaci\u00f3n, celebrar la audiencia de suspensi\u00f3n condicional del proceso y\/o dictar con la admisi\u00f3n y depuraci\u00f3n de las pruebas.<\/p>\n<h3 style=\"font-weight: 400;\">ETAPA DE JUICIO ORAL<\/h3>\n<p style=\"font-weight: 400;\">El estudiante ser\u00e1 capaz de resolver las cuestiones esenciales de la etapa de juicio oral, asegurando los derechos tanto de la v\u00edctima como del acusado, sirvi\u00e9ndose del desahogo de los medios de prueba para el esclarecimiento de los hechos, proteger al inocente, procurar que el culpable no quede impune y que los da\u00f1os causados por el delito se reparen.<\/p>\n<h3 style=\"font-weight: 400;\">TECNICAS DE LITIGACION EN EL SISTEMA PENAL ACUSATORIO<\/h3>\n<p style=\"font-weight: 400;\">Permitir\u00e1 al estudiante contar con las competencias necesarias para la elaboraci\u00f3n de la teor\u00eda del caso, t\u00e9cnicas de interrogatorio y contra, desahogo de prueba pericial, material y documental, formulando objeciones pertinentes que le den control dentro de las diversas audiencias en el proceso penal.<\/p>\n<p style=\"font-weight: 400;\">[\/et_pb_text][\/et_pb_column][et_pb_column type=\u00bb1_2&#8243; _builder_version=\u00bb4.16&#8243; _module_preset=\u00bbdefault\u00bb global_colors_info=\u00bb{}\u00bb][et_pb_text admin_label=\u00bbTexto\u00bb _builder_version=\u00bb4.27.0&#8243; _module_preset=\u00bbdefault\u00bb text_font=\u00bbActor||||||||\u00bb text_text_color=\u00bb#FFFFFF\u00bb text_font_size=\u00bb18px\u00bb header_2_font=\u00bbOswald||||||||\u00bb header_3_font=\u00bbOswald|600|||||||\u00bb header_3_text_align=\u00bbcenter\u00bb header_3_text_color=\u00bb#FFFFFF\u00bb background_color=\u00bb#0c71c3&#8243; text_orientation=\u00bbjustified\u00bb width=\u00bb90%\u00bb width_tablet=\u00bb75%\u00bb width_phone=\u00bb85%\u00bb width_last_edited=\u00bbon|desktop\u00bb min_height=\u00bb92px\u00bb custom_margin=\u00bb|auto||auto|false|false\u00bb custom_margin_tablet=\u00bb||29px|||\u00bb custom_margin_phone=\u00bb||0px||false|false\u00bb custom_margin_last_edited=\u00bbon|phone\u00bb custom_padding=\u00bb22px|10px|22px|10px|false|false\u00bb custom_padding_tablet=\u00bb22px||||false|false\u00bb custom_padding_phone=\u00bb22px||22px||false|false\u00bb custom_padding_last_edited=\u00bbon|phone\u00bb text_font_size_tablet=\u00bb25px\u00bb text_font_size_phone=\u00bb19px\u00bb text_font_size_last_edited=\u00bbon|desktop\u00bb header_font_size_tablet=\u00bb\u00bb header_font_size_phone=\u00bb14px\u00bb header_font_size_last_edited=\u00bbon|phone\u00bb box_shadow_style=\u00bbpreset2&#8243; global_colors_info=\u00bb{}\u00bb]<\/p>\n<h3 style=\"font-weight: 400;\">SEMINARIO DE TESIS<\/h3>\n<p style=\"font-weight: 400;\">Conocer\u00e1 las caracter\u00edsticas generales de los procesos mediante los cuales se generan nuevos conocimientos identificando los componentes de un protocolo de investigaci\u00f3n al plantear problemas y definir los componentes b\u00e1sicos de un modelo evaluando propuestas de proyectos de investigaci\u00f3n en las \u00e1reas de las ciencias sociales y el derecho.<\/p>\n<h3 style=\"font-weight: 400;\">SALIDAS ALTERNAS AL PROCESO PENAL Y MECANISMOS ALTERNATIVOS DE SOLUCION DE CONTROVERSIAS<\/h3>\n<p style=\"font-weight: 400;\">Identificara y utilizara estrategias de las principales figuras que integran la justicia alternativa, as\u00ed como su procedencia antes, durante y en la ejecuci\u00f3n penal.<\/p>\n<h3 style=\"font-weight: 400;\">SENTENCIA Y EJECUCION DE PENA<\/h3>\n<p style=\"font-weight: 400;\">Conocer\u00e1 la estructura de la sentencia en materia penal y proporcionar un marco te\u00f3rico- conceptual en la ejecuci\u00f3n penal desde un enfoque de derechos humanos que permita obtener un conocimiento profundo sobre el uso, la aplicaci\u00f3n y los alcances de la Ley Nacional de Ejecuci\u00f3n Penal.<\/p>\n<h3 style=\"font-weight: 400;\"><strong>\u00a0<\/strong>TALLER DE JUICIO ORAL<\/h3>\n<p style=\"font-weight: 400;\">Desarrollar\u00e1 habilidades que permitan realizar una defensa t\u00e9cnica de calidad, haciendo uso de conocimientos jur\u00eddicos, l\u00f3gicos y cient\u00edficos; as\u00ed como la construcci\u00f3n de argumentos s\u00f3lidos a trav\u00e9s del estudio de casos.<\/p>\n<h3 style=\"font-weight: 400;\"><strong>\u00a0<\/strong>RECURSOS EN EL PROCESO PENAL ACUSATORIO<\/h3>\n<p style=\"font-weight: 400;\">Conocer\u00e1 los recursos que prev\u00e9 el C\u00f3digo Nacional de Procedimientos Penales, para aplicar en el procedimiento penal acusatorio, desde el rol de ministerio p\u00fablico, defensor, v\u00edctima u ofendido.<\/p>\n<p>[\/et_pb_text][\/et_pb_column][\/et_pb_row][et_pb_row _builder_version=\u00bb4.27.0&#8243; _module_preset=\u00bbdefault\u00bb background_color=\u00bb#fdd836&#8243; width=\u00bb99%\u00bb custom_padding=\u00bb8px||||false|false\u00bb global_colors_info=\u00bb{}\u00bb][et_pb_column type=\u00bb4_4&#8243; _builder_version=\u00bb4.16&#8243; _module_preset=\u00bbdefault\u00bb global_colors_info=\u00bb{}\u00bb][et_pb_text admin_label=\u00bbTexto\u00bb _builder_version=\u00bb4.27.0&#8243; _module_preset=\u00bbdefault\u00bb text_font=\u00bbActor||||||||\u00bb text_font_size=\u00bb18px\u00bb header_font=\u00bbActor||||||||\u00bb header_2_font=\u00bbOswald||||||||\u00bb background_color=\u00bbRGBA(255,255,255,0)\u00bb text_orientation=\u00bbjustified\u00bb width=\u00bb75%\u00bb width_tablet=\u00bb75%\u00bb width_phone=\u00bb85%\u00bb width_last_edited=\u00bbon|desktop\u00bb min_height=\u00bb92px\u00bb custom_margin=\u00bb|auto||auto|false|false\u00bb custom_margin_tablet=\u00bb||29px|||\u00bb custom_margin_phone=\u00bb||0px||false|false\u00bb custom_margin_last_edited=\u00bbon|phone\u00bb custom_padding=\u00bb22px|10px|22px|10px|false|false\u00bb custom_padding_tablet=\u00bb22px||||false|false\u00bb custom_padding_phone=\u00bb22px||22px||false|false\u00bb custom_padding_last_edited=\u00bbon|phone\u00bb text_font_size_tablet=\u00bb25px\u00bb text_font_size_phone=\u00bb19px\u00bb text_font_size_last_edited=\u00bbon|desktop\u00bb header_font_size_tablet=\u00bb\u00bb header_font_size_phone=\u00bb14px\u00bb header_font_size_last_edited=\u00bbon|phone\u00bb global_colors_info=\u00bb{}\u00bb]<\/p>\n<h3 style=\"font-weight: 400;\"><strong>PLANTA DOCENTE:<\/strong><\/h3>\n<p style=\"font-weight: 400;\">\n<h4 style=\"font-weight: 400;\"><strong>Dr. Jos\u00e9 Guadalupe Arias Bustos<\/strong><\/h4>\n<ul style=\"font-weight: 400;\">\n<li>Doctor en Educaci\u00f3n &#8211; Universidad San Marcos<\/li>\n<li>Maestro en Ciencias Penales -Universidad San Marcos<\/li>\n<li>Licenciado en Derecho &#8211; Universidad Nacional Aut\u00f3noma de M\u00e9xico<\/li>\n<li>Especialista en Planeaci\u00f3n de las Pol\u00edticas y Estrategias en materia de Seguridad P\u00fablica.<\/li>\n<li>Miembro Profesional de la Sociedad Mexicana de Criminolog\u00eda.<\/li>\n<li>Experiencia Profesional: Ocup\u00f3 el puesto de jefe del Departamento de capacitaci\u00f3n y adiestramiento en la Coordinaci\u00f3n de prevenci\u00f3n y readaptaci\u00f3n social del Estado. Se desarrollo como Asistente del Ministerio Publico de la Federaci\u00f3n en la Procuradur\u00eda General de la Rep\u00fablica, cuenta con una gran experiencia docente en los niveles de Pregrado y Posgrado por m\u00e1s de 20 a\u00f1os.<\/li>\n<\/ul>\n<p style=\"font-weight: 400;\">\n<h4 style=\"font-weight: 400;\"><strong>Mtro. Rusbel Mario Cordero Gallegos <\/strong><\/h4>\n<ul style=\"font-weight: 400;\">\n<li>Maestro en Juicios Orales<\/li>\n<li>Licenciado en Derecho<\/li>\n<li>Cursos: Programa de Formaci\u00f3n Pedag\u00f3gica para la Ciencia y la Tecnolog\u00eda Modulo V: \u201cEl Papel del Mediador 3er. Fasc\u00edculo\u201d; Programa de Formaci\u00f3n Pedag\u00f3gica Para la Ciencia y la Tecnolog\u00eda VI: \u201cMetaconocimiento y Metaevaluaci\u00f3n\u201d; Formaci\u00f3n de Facilitadores en Competencia. Aprendizaje Contextual Orientado a Resultados; Estrategias de Aprendizaje; Fundamentos de las Principales Teor\u00edas de Aprendizaje.<\/li>\n<li>Experiencia Profesional: Actualmente es Director del Corporativo Jur\u00eddico Profesional Cordero Gallegos. Catedr\u00e1tico de tiempo completo en CONALEP. Cuenta con m\u00e1s de 20 a\u00f1os en docencia en los diferentes niveles educativos. Colaborador en la actualizaci\u00f3n del Plan de Estudio de la Licenciatura en Derecho en la Universidad Teol\u00f3gica de Chiapas <em>Juan Pablo II.<\/em><\/li>\n<\/ul>\n<p style=\"font-weight: 400;\"><em>\u00a0<\/em><\/p>\n<h4 style=\"font-weight: 400;\"><strong>Mtro. Oscar Luis Barajas S\u00e1nchez <\/strong><\/h4>\n<ul style=\"font-weight: 400;\">\n<li>Maestro en Ciencias Penales &#8211; Universidad San Marcos.<\/li>\n<li>Licenciado en Derecho &#8211; Universidad San Marcos.<\/li>\n<li>Especialidad en Grafoscop\u00eda, Documentoscop\u00eda y Dactiloscop\u00eda.<\/li>\n<li>Diplomado en Criminal\u00edstica General &#8211; Universidad INFA.<\/li>\n<li>Investigador en los temas: Teor\u00eda del delito, teor\u00eda de la prueba, criminal\u00edstica, derechos humanos y teor\u00eda de la norma jur\u00eddica.<\/li>\n<li>Publicaciones: El principio <em>pro homine<\/em> y la cl\u00e1usula de interpretaci\u00f3n conforme; El juez de control y el control de convencionalidad; Seudociencias: peligro para la verdad; La criminal\u00edstica en el proceso penal acusatorio; La valoraci\u00f3n de la prueba en los medios de impugnaci\u00f3n en materia electoral; Actos de investigaci\u00f3n y actos de prueba y Derecho fundamental al medio ambiente y responsabilidad penal de las empresas.<\/li>\n<li>Docente por m\u00e1s de 10 a\u00f1os en diversas universidades<\/li>\n<li>Conferencista<\/li>\n<li>Experiencia Profesional: Se ha desenvuelto en los puestos de secretario t\u00e9cnico en la Presidencia de la Mesa Directiva del Congreso del Estado, Asesor en la Comisi\u00f3n de Gobernaci\u00f3n y Puntos Constitucionales del Congreso del Estado de Chiapas, Asesor de la Comisi\u00f3n de Justicia del Congreso del Estado de Chiapas, Asesor jur\u00eddico en la Junta de Coordinaci\u00f3n Pol\u00edtica del Estado de Chiapas, Perito Oficial Del Poder Judicial Del Estado De Chiapas y actualmente es abogado litigante.<\/li>\n<\/ul>\n<p style=\"font-weight: 400;\">\n<h4 style=\"font-weight: 400;\"><strong>Dr. Alejandro G\u00f3mez Guillen <\/strong><\/h4>\n<ul style=\"font-weight: 400;\">\n<li>Doctorado en Derechos Humanos y Litigaci\u00f3n Oral.<\/li>\n<li>Maestro en Derecho Civil.<\/li>\n<li>Licenciado en Ciencias Pol\u00edticas.<\/li>\n<li>Agente capacitador externo con el n\u00famero goga750317um3-0005, de la secretar\u00eda del trabajo y previsi\u00f3n social.<\/li>\n<li>Investigador inscrito en el Sistema Estatal de Investigadores del Estado de Chiapas, (SEI) Dependiente del Instituto de Ciencia, Tecnolog\u00eda e Innovaci\u00f3n (ICTI). Inscrito en el Sistema Nacional de Investigadores del Consejo Nacional de Humanidades, Ciencia y Tecnolog\u00eda (CONAHCYT).<\/li>\n<li>Publicaci\u00f3n de art\u00edculos como: \u201cDerechos Pol\u00edticos y su Desafecci\u00f3n en la Juventud del Municipio de Tuxtla Guti\u00e9rrez, Chiapas\u201d; \u201cPol\u00edtica y Derechos Humanos, en los J\u00f3venes de Tuxtla Guti\u00e9rrez, Chiapas.\u201d; \u201cLa Importancia del Derecho de Autor y el Derecho a la Propiedad Intelectual. Una Visi\u00f3n del Plagio y la Pirater\u00eda en M\u00e9xico\u201d.<\/li>\n<li>Docente con m\u00e1s de 8 a\u00f1os en experiencia acad\u00e9mica.<\/li>\n<\/ul>\n<p style=\"font-weight: 400;\"><em>\u00a0<\/em><\/p>\n<h4 style=\"font-weight: 400;\"><strong>Dr. Amet L\u00f3pez Jim\u00e9nez <\/strong><\/h4>\n<ul style=\"font-weight: 400;\">\n<li>Doctor en Derecho Penal &#8211; Universidad del Sur<\/li>\n<li>Maestro en Derecho Civil &#8211; Universidad Privada del Sur de M\u00e9xico<\/li>\n<li>Maestro en Educaci\u00f3n Basada en Competencias &#8211; Universidad del Valle de M\u00e9xico<\/li>\n<li>Licenciado en Derecho &#8211; Instituto de Estudios Superiores de Chiapas.<\/li>\n<li>Docente certificado por la Secretar\u00eda T\u00e9cnica para la Implementaci\u00f3n del Nuevo Sistema de Justicia Penal.<\/li>\n<li>Aspirante a obtener el t\u00edtulo de la Licenciatura en Gesti\u00f3n de MIPYME &#8211; UNACH.<\/li>\n<li>Cursos: Ejecuci\u00f3n Penal, Sistema penal acusatorio, Coaching educativo, Aprender a aprender, Alternativas para una mejor calidad de vida, Aprendizaje estrat\u00e9gico en ambientes virtuales, El r\u00e9gimen probatorio en el proceso penal acusatorio, Capacitaci\u00f3n Sobre Derechos Humanos y el Delito de Torturas, An\u00e1lisis Cr\u00edtico al C\u00f3digo Nacional de Procedimientos Penales, Juzgar con Perspectiva de G\u00e9nero, Derecho Procesal Penal, Reforma Fiscal<\/li>\n<li>Diplomados: Juicio de Amparo &#8211; Suprema Corte de Justicia de la Naci\u00f3n. T\u00e9cnicas de litigaci\u00f3n oral &#8211; CEEAD; Proceso penal acusatorio &#8211; CEEAD; Pr\u00e1cticas educativas para la ense\u00f1anza del Derecho en la era digital &#8211; CEEAD; Diplomado en Juicios orales &#8211; Instituto de la Judicatura Federal del Poder Judicial de la Federaci\u00f3n. Actualizaci\u00f3n Jur\u00eddica impartido &#8211; Instituto de la Judicatura Federal; Teor\u00eda del caso y teor\u00eda del delito &#8211; Instituto Nacional de Ciencias Penales; Juicios orales &#8211; Instituto Nacional de Ciencias Penales; Cadena de Custodia &#8211; Instituto Nacional de Ciencias Penales; Impacto y Escenarios de la Reforma Penal &#8211; impartido por la Secretar\u00eda T\u00e9cnica del Consejo de Coordinaci\u00f3n para la Implementaci\u00f3n del Sistema de Justicia Penal, Instituto Nacional de Ciencias Penales y Procuradur\u00eda General de la Rep\u00fablica, T\u00e9cnico en Computaci\u00f3n Administrativa y Dise\u00f1o Gr\u00e1fico e Ingl\u00e9s B\u00e1sico.<\/li>\n<\/ul>\n<p style=\"font-weight: 400;\">\n<h4 style=\"font-weight: 400;\"><strong>Dr. Pedro Trujillo Murillo <\/strong><\/h4>\n<ul style=\"font-weight: 400;\">\n<li>Doctor en Derecho Penal<\/li>\n<li>Maestro en Derecho procesal Penal y Juicio Oral<\/li>\n<li>Maestro en Derecho Procesal Laboral<\/li>\n<li>Licenciado en Derecho<\/li>\n<li>Especialidad Judicial de Amparo.<\/li>\n<li>Docente en diversas universidades como la Universidad Aut\u00f3noma de Sinaloa, Universidad Popular Aut\u00f3noma del Estado de Puebla. (UPAEP), Universidad de las Am\u00e9ricas, entre otras.<\/li>\n<li>Cursos: Preparaci\u00f3n y Capacitaci\u00f3n para Actuarios del Poder Judicial de la federaci\u00f3n. Preparaci\u00f3n y capacitaci\u00f3n para secretarios de Juzgado de Distrito. Propiedad Industrial, Instituto Mexicano de la Propiedad Industrial e Instituto de la Judicatura Federal. Taller Ambiente Laboral Incluyente. Taller Interpretaci\u00f3n Conforme y Control de Convencionalidad y Virtual. Di\u00e1logos para la instrumentaci\u00f3n de la nueva Ley de Amparo, Instituto de la Judicatura Federal. Debates desde la Judicatura sobre el Sistema Integral de Justicia Penal para Adolescentes, Poder Judicial de la Federaci\u00f3n. Primera Jornada de Difusi\u00f3n de la Actividad Jurisdiccional, Suprema Corte de Justicia de la Naci\u00f3n. Estudios de Posgrado. Diplomado en Derecho Procesal Civil y Mercantil.<\/li>\n<li>Experiencia laboral: Se ha desempa\u00f1ado durante m\u00e1s de 20 a\u00f1os como Secretario, Segundo Tribunal Colegiado en Materias Administrativa y de Trabajo; Oficial Administrativo y Secretario del Segundo Tribunal Colegiado; Oficial Administrativo y Secretario del Segundo Tribunal Unitario; Secretario, Juzgado Segundo de Distrito de Procesos Penales Federales en el Estado de Nayarit; Secretario, Juzgado Primero de Distrito de Procesos Penales Federales en el Estado de Nayarit.; Secretario, Segundo Tribunal Colegiado en Materia Penal del S\u00e9ptimo Circuito; Secretario, Juzgado Primero de Distrito de Procesos Penales Federales en el Estado de Veracruz. Actualmente es secretario del Juzgado Primero de Distrito de Procesos Penales Federales y de Amparo en Materia Penal en el Estado de Veracruz.<\/li>\n<\/ul>\n<p>[\/et_pb_text][\/et_pb_column][\/et_pb_row][et_pb_row custom_padding_last_edited=\u00bboff|phone\u00bb _builder_version=\u00bb4.27.0&#8243; _module_preset=\u00bbdefault\u00bb width=\u00bb99%\u00bb width_tablet=\u00bb80%\u00bb width_phone=\u00bb100%\u00bb width_last_edited=\u00bboff|desktop\u00bb custom_padding=\u00bb8px||||false|false\u00bb custom_padding_tablet=\u00bb17px||3px|||\u00bb global_colors_info=\u00bb{}\u00bb][et_pb_column type=\u00bb4_4&#8243; _builder_version=\u00bb4.16&#8243; _module_preset=\u00bbdefault\u00bb global_colors_info=\u00bb{}\u00bb][et_pb_text admin_label=\u00bbTexto\u00bb _builder_version=\u00bb4.27.0&#8243; _module_preset=\u00bbdefault\u00bb text_font=\u00bbActor||||||||\u00bb text_font_size=\u00bb18px\u00bb header_font=\u00bbActor||||||||\u00bb header_2_font=\u00bbOswald||||||||\u00bb background_color=\u00bbRGBA(255,255,255,0)\u00bb text_orientation=\u00bbjustified\u00bb width=\u00bb75%\u00bb width_tablet=\u00bb75%\u00bb width_phone=\u00bb85%\u00bb width_last_edited=\u00bbon|desktop\u00bb min_height=\u00bb92px\u00bb custom_margin=\u00bb|auto||auto|false|false\u00bb custom_margin_tablet=\u00bb||29px|||\u00bb custom_margin_phone=\u00bb||0px||false|false\u00bb custom_margin_last_edited=\u00bbon|phone\u00bb custom_padding=\u00bb22px|10px|22px|10px|false|false\u00bb custom_padding_tablet=\u00bb22px||||false|false\u00bb custom_padding_phone=\u00bb22px||22px||false|false\u00bb custom_padding_last_edited=\u00bbon|phone\u00bb text_font_size_tablet=\u00bb25px\u00bb text_font_size_phone=\u00bb19px\u00bb text_font_size_last_edited=\u00bbon|desktop\u00bb header_font_size_tablet=\u00bb\u00bb header_font_size_phone=\u00bb14px\u00bb header_font_size_last_edited=\u00bbon|phone\u00bb global_colors_info=\u00bb{}\u00bb]<\/p>\n<p style=\"font-weight: 400;\">Somos UCACH, una organizaci\u00f3n escolar que ofrece educaci\u00f3n integral centrada en la persona, sus necesidades de plenitud individual y global, contextualizada en la inestabilidad del mundo, mediante el desarrollo de aprendizajes significativos y la interdisciplinariedad del saber, que le permita afrontar desaf\u00edos de las diversas dimensiones de su vida en orden al progreso socio cultural.<\/p>\n<p>[\/et_pb_text][et_pb_text admin_label=\u00bbTexto\u00bb _builder_version=\u00bb4.27.0&#8243; _module_preset=\u00bbdefault\u00bb text_font=\u00bbOswald||||||||\u00bb text_text_color=\u00bb#0C71C3&#8243; text_font_size=\u00bb58px\u00bb header_font=\u00bbActor||||||||\u00bb background_color=\u00bbRGBA(255,255,255,0)\u00bb width_tablet=\u00bb\u00bb width_phone=\u00bb85%\u00bb width_last_edited=\u00bbon|phone\u00bb min_height=\u00bb92px\u00bb custom_margin=\u00bb|auto||auto|false|false\u00bb custom_margin_tablet=\u00bb||29px|||\u00bb custom_margin_phone=\u00bb||0px||false|false\u00bb custom_margin_last_edited=\u00bbon|phone\u00bb custom_padding=\u00bb22px|10px|22px|10px|false|false\u00bb custom_padding_tablet=\u00bb22px||||false|false\u00bb custom_padding_phone=\u00bb22px||22px||false|false\u00bb custom_padding_last_edited=\u00bbon|phone\u00bb text_font_size_tablet=\u00bb25px\u00bb text_font_size_phone=\u00bb35px\u00bb text_font_size_last_edited=\u00bbon|phone\u00bb text_line_height_tablet=\u00bb\u00bb text_line_height_phone=\u00bb1.8em\u00bb text_line_height_last_edited=\u00bbon|phone\u00bb header_font_size_tablet=\u00bb\u00bb header_font_size_phone=\u00bb14px\u00bb header_font_size_last_edited=\u00bbon|phone\u00bb global_colors_info=\u00bb{}\u00bb]<\/p>\n<p style=\"font-weight: 400; text-align: center;\">Desarrollando el futuro con educaci\u00f3n integral<\/p>\n<p>[\/et_pb_text][\/et_pb_column][\/et_pb_row][\/et_pb_section]<\/p>\n","protected":false},"excerpt":{"rendered":"<p>MAESTR\u00cdA EN PROCESO PENAL ACUSATORIORVOE ESTATAL: PSU-03\/2024MAESTR\u00cdA EN PROCESO PENAL ACUSATORIO La reforma constitucional en materia de justicia penal en M\u00e9xico, es parte de los cambios reflejados en la legislaci\u00f3n en materia de proceso penal acusatorio, la atenci\u00f3n de dichos cambios requiere una reformulaci\u00f3n del perfil general de los abogados postulantes. Ante eso, la Maestr\u00eda [&hellip;]<\/p>\n","protected":false},"author":1,"featured_media":0,"parent":0,"menu_order":0,"comment_status":"closed","ping_status":"closed","template":"","meta":{"_et_pb_use_builder":"on","_et_pb_old_content":"","_et_gb_content_width":"","_monsterinsights_skip_tracking":false,"_monsterinsights_sitenote_active":false,"_monsterinsights_sitenote_note":"","_monsterinsights_sitenote_category":0,"_uf_show_specific_survey":0,"_uf_disable_surveys":false,"footnotes":""},"class_list":["post-3598","page","type-page","status-publish","hentry"],"aioseo_notices":[],"jetpack_sharing_enabled":true,"_links":{"self":[{"href":"https:\/\/ucach.mx\/index.php\/wp-json\/wp\/v2\/pages\/3598","targetHints":{"allow":["GET"]}}],"collection":[{"href":"https:\/\/ucach.mx\/index.php\/wp-json\/wp\/v2\/pages"}],"about":[{"href":"https:\/\/ucach.mx\/index.php\/wp-json\/wp\/v2\/types\/page"}],"author":[{"embeddable":true,"href":"https:\/\/ucach.mx\/index.php\/wp-json\/wp\/v2\/users\/1"}],"replies":[{"embeddable":true,"href":"https:\/\/ucach.mx\/index.php\/wp-json\/wp\/v2\/comments?post=3598"}],"version-history":[{"count":20,"href":"https:\/\/ucach.mx\/index.php\/wp-json\/wp\/v2\/pages\/3598\/revisions"}],"predecessor-version":[{"id":3658,"href":"https:\/\/ucach.mx\/index.php\/wp-json\/wp\/v2\/pages\/3598\/revisions\/3658"}],"wp:attachment":[{"href":"https:\/\/ucach.mx\/index.php\/wp-json\/wp\/v2\/media?parent=3598"}],"curies":[{"name":"wp","href":"https:\/\/api.w.org\/{rel}","templated":true}]}}