{"id":3642,"date":"2024-09-17T10:33:41","date_gmt":"2024-09-17T16:33:41","guid":{"rendered":"https:\/\/ucach.mx\/?page_id=3642"},"modified":"2024-09-17T10:42:51","modified_gmt":"2024-09-17T16:42:51","slug":"maestria-en-administracion-estrategica","status":"publish","type":"page","link":"https:\/\/ucach.mx\/index.php\/maestria-en-administracion-estrategica\/","title":{"rendered":"MAESTR\u00cdA EN ADMINISTRACI\u00d3N ESTRAT\u00c9GICA"},"content":{"rendered":"\n[et_pb_section fb_built=\u00bb1&#8243; _builder_version=\u00bb4.16&#8243; _module_preset=\u00bbdefault\u00bb background_color=\u00bb#f6f6f6&#8243; locked=\u00bboff\u00bb global_colors_info=\u00bb{}\u00bb][et_pb_row custom_padding_last_edited=\u00bboff|phone\u00bb _builder_version=\u00bb4.27.0&#8243; _module_preset=\u00bbdefault\u00bb background_image=\u00bbhttps:\/\/ucach.mx\/wp-content\/uploads\/2024\/09\/handshake-6135752_1280.jpg\u00bb width=\u00bb99%\u00bb width_tablet=\u00bb80%\u00bb width_phone=\u00bb100%\u00bb width_last_edited=\u00bboff|desktop\u00bb custom_padding=\u00bb8px||||false|false\u00bb custom_padding_tablet=\u00bb17px||3px|||\u00bb hover_enabled=\u00bb0&#8243; global_colors_info=\u00bb{}\u00bb title_text=\u00bbhandshake-6135752_1280&#8243; sticky_enabled=\u00bb0&#8243;][et_pb_column type=\u00bb4_4&#8243; _builder_version=\u00bb4.16&#8243; _module_preset=\u00bbdefault\u00bb global_colors_info=\u00bb{}\u00bb][et_pb_text _builder_version=\u00bb4.27.0&#8243; _module_preset=\u00bbdefault\u00bb text_font=\u00bbOswald||||||||\u00bb text_font_size=\u00bb25px\u00bb text_letter_spacing=\u00bb4px\u00bb header_font=\u00bbOswald||||||||\u00bb header_text_color=\u00bb#FFFFFF\u00bb header_font_size=\u00bb48px\u00bb background_color=\u00bbRGBA(255,255,255,0)\u00bb width=\u00bb80%\u00bb min_height=\u00bb92px\u00bb custom_margin=\u00bb28px|auto|0px|auto|false|false\u00bb custom_margin_tablet=\u00bb||29px|||\u00bb custom_margin_phone=\u00bb||0px||false|false\u00bb custom_margin_last_edited=\u00bbon|phone\u00bb custom_padding=\u00bb22px||0px||false|false\u00bb custom_padding_tablet=\u00bb22px||||false|false\u00bb custom_padding_phone=\u00bb22px||22px||false|false\u00bb custom_padding_last_edited=\u00bbon|desktop\u00bb hover_enabled=\u00bb0&#8243; text_font_size_tablet=\u00bb25px\u00bb text_font_size_phone=\u00bb22px\u00bb text_font_size_last_edited=\u00bbon|phone\u00bb header_font_size_tablet=\u00bb\u00bb header_font_size_phone=\u00bb26px\u00bb header_font_size_last_edited=\u00bbon|phone\u00bb header_text_shadow_style=\u00bbpreset1&#8243; border_width_bottom=\u00bb8px\u00bb border_color_bottom=\u00bb#fdd838&#8243; global_colors_info=\u00bb{}\u00bb header_line_height=\u00bb1.2em\u00bb sticky_enabled=\u00bb0&#8243;]<h1 style=\"text-align: center;\">MAESTR\u00cdA EN ADMINISTRACI\u00d3N ESTRAT\u00c9GICA<\/h1>[\/et_pb_text][et_pb_text _builder_version=\u00bb4.27.0&#8243; _module_preset=\u00bbdefault\u00bb text_font=\u00bbActor||||||||\u00bb text_font_size=\u00bb25px\u00bb text_letter_spacing=\u00bb4px\u00bb header_font=\u00bbOswald||||||||\u00bb header_text_color=\u00bb#FFFFFF\u00bb header_font_size=\u00bb48px\u00bb background_color=\u00bbRGBA(255,255,255,0)\u00bb width=\u00bb80%\u00bb min_height=\u00bb92px\u00bb custom_margin=\u00bb|auto||auto|false|false\u00bb custom_margin_tablet=\u00bb||29px|||\u00bb custom_margin_phone=\u00bb||0px||false|false\u00bb custom_margin_last_edited=\u00bbon|phone\u00bb custom_padding=\u00bb12px||||false|false\u00bb custom_padding_tablet=\u00bb22px||||false|false\u00bb custom_padding_phone=\u00bb22px||22px||false|false\u00bb custom_padding_last_edited=\u00bboff|desktop\u00bb hover_enabled=\u00bb0&#8243; text_font_size_tablet=\u00bb25px\u00bb text_font_size_phone=\u00bb22px\u00bb text_font_size_last_edited=\u00bbon|phone\u00bb header_font_size_tablet=\u00bb\u00bb header_font_size_phone=\u00bb32px\u00bb header_font_size_last_edited=\u00bbon|phone\u00bb border_color_all=\u00bbRGBA(255,255,255,0)\u00bb border_style_all=\u00bbnone\u00bb border_width_bottom=\u00bb8px\u00bb border_color_bottom=\u00bb#fdd838&#8243; global_colors_info=\u00bb{}\u00bb header_text_shadow_style=\u00bbpreset1&#8243; sticky_enabled=\u00bb0&#8243;]<h1 style=\"font-weight: 400; text-align: center;\">RVOE ESTATAL: PSU-04\/2024<\/h1>[\/et_pb_text][\/et_pb_column][\/et_pb_row][et_pb_row custom_padding_last_edited=\u00bboff|phone\u00bb _builder_version=\u00bb4.27.0&#8243; _module_preset=\u00bbdefault\u00bb width=\u00bb99%\u00bb width_tablet=\u00bb80%\u00bb width_phone=\u00bb100%\u00bb width_last_edited=\u00bboff|desktop\u00bb custom_padding=\u00bb8px||||false|false\u00bb custom_padding_tablet=\u00bb17px||3px|||\u00bb global_colors_info=\u00bb{}\u00bb][et_pb_column type=\u00bb4_4&#8243; _builder_version=\u00bb4.16&#8243; _module_preset=\u00bbdefault\u00bb global_colors_info=\u00bb{}\u00bb][et_pb_text admin_label=\u00bbTexto\u00bb _builder_version=\u00bb4.27.0&#8243; _module_preset=\u00bbdefault\u00bb text_font=\u00bbActor||||||||\u00bb text_font_size=\u00bb18px\u00bb header_font=\u00bbActor||||||||\u00bb header_2_font=\u00bbOswald||||||||\u00bb background_color=\u00bbRGBA(255,255,255,0)\u00bb text_orientation=\u00bbjustified\u00bb width=\u00bb75%\u00bb width_tablet=\u00bb75%\u00bb width_phone=\u00bb85%\u00bb width_last_edited=\u00bbon|desktop\u00bb min_height=\u00bb92px\u00bb custom_margin=\u00bb|auto||auto|false|false\u00bb custom_margin_tablet=\u00bb||29px|||\u00bb custom_margin_phone=\u00bb||0px||false|false\u00bb custom_margin_last_edited=\u00bbon|phone\u00bb custom_padding=\u00bb22px|10px|22px|10px|false|false\u00bb custom_padding_tablet=\u00bb22px||||false|false\u00bb custom_padding_phone=\u00bb22px||22px||false|false\u00bb custom_padding_last_edited=\u00bbon|phone\u00bb text_font_size_tablet=\u00bb25px\u00bb text_font_size_phone=\u00bb19px\u00bb text_font_size_last_edited=\u00bbon|desktop\u00bb header_font_size_tablet=\u00bb\u00bb header_font_size_phone=\u00bb14px\u00bb header_font_size_last_edited=\u00bbon|phone\u00bb global_colors_info=\u00bb{}\u00bb]<p>Las organizaciones se desarrollan en el mundo competitivo y vol\u00e1til dentro del mercado global donde constantemente necesitan posicionar su propuesta de valor, redise\u00f1ar su estrategia comercial, atendiendo los \u00e1mbitos econ\u00f3micos, contables, financieros y administrativos.<\/p>\n<p>Programa Incorporado a la SEP del Estado de Chiapas, con la nueva normativa de duraci\u00f3n de 2 a\u00f1os que garantiza la profesionalizaci\u00f3n en el nivel maestr\u00eda de licenciados del \u00e1rea econ\u00f3mico-administrativos o profesionales que quieran incursionar en la administraci\u00f3n y los negocios.<\/p>\n<p>Estudiar la Maestr\u00eda te garantiza la profesionalizaci\u00f3n en el \u00e1rea econ\u00f3mica-administrativa, con la capacidad de incursionar en la administraci\u00f3n y los negocios. Estudia en un sistema flexible, din\u00e1mico y sistem\u00e1tico de 4 semestres, 16 Unidades de Aprendizaje (UA) en un total de 2 a\u00f1os tomando 4 UA por cada semestre con carga horaria de 25 horas con docente m\u00e1s horas individuales de estudio por cada Unidad de Aprendizaje.<\/p>[\/et_pb_text][\/et_pb_column][\/et_pb_row][et_pb_row custom_padding_last_edited=\u00bboff|phone\u00bb _builder_version=\u00bb4.27.0&#8243; _module_preset=\u00bbdefault\u00bb background_color=\u00bb#fdd836&#8243; width=\u00bb99%\u00bb width_tablet=\u00bb80%\u00bb width_phone=\u00bb100%\u00bb width_last_edited=\u00bboff|desktop\u00bb custom_padding=\u00bb8px||||false|false\u00bb custom_padding_tablet=\u00bb17px||3px|||\u00bb global_colors_info=\u00bb{}\u00bb][et_pb_column type=\u00bb4_4&#8243; _builder_version=\u00bb4.16&#8243; _module_preset=\u00bbdefault\u00bb global_colors_info=\u00bb{}\u00bb][et_pb_text admin_label=\u00bbTexto\u00bb _builder_version=\u00bb4.27.0&#8243; _module_preset=\u00bbdefault\u00bb text_font=\u00bbActor||||||||\u00bb text_font_size=\u00bb18px\u00bb header_font=\u00bbActor||||||||\u00bb header_2_font=\u00bbOswald||||||||\u00bb background_color=\u00bbRGBA(255,255,255,0)\u00bb text_orientation=\u00bbjustified\u00bb width=\u00bb75%\u00bb width_tablet=\u00bb75%\u00bb width_phone=\u00bb85%\u00bb width_last_edited=\u00bbon|desktop\u00bb min_height=\u00bb92px\u00bb custom_margin=\u00bb|auto||auto|false|false\u00bb custom_margin_tablet=\u00bb||29px|||\u00bb custom_margin_phone=\u00bb||0px||false|false\u00bb custom_margin_last_edited=\u00bbon|phone\u00bb custom_padding=\u00bb22px|10px|22px|10px|false|false\u00bb custom_padding_tablet=\u00bb22px||||false|false\u00bb custom_padding_phone=\u00bb22px||22px||false|false\u00bb custom_padding_last_edited=\u00bbon|phone\u00bb text_font_size_tablet=\u00bb25px\u00bb text_font_size_phone=\u00bb19px\u00bb text_font_size_last_edited=\u00bbon|desktop\u00bb header_font_size_tablet=\u00bb\u00bb header_font_size_phone=\u00bb14px\u00bb header_font_size_last_edited=\u00bbon|phone\u00bb global_colors_info=\u00bb{}\u00bb]<h2 style=\"font-weight: 400;\"><strong>\u00bfPOR QU\u00c9 ESTUDIAR LA MAESTR\u00cdA EN ADMINISTRACI\u00d3N ESTRAT\u00c9GICA?<\/strong><\/h2>\n<p>El emprendimiento y las organizaciones requieren actualizarse y centrarse en lo m\u00e1s innovador para lograr la productividad que requiere el mercado nacional e internacional. <br \/>Este programa est\u00e1 desarrollado en estas estrategias:<\/p>\n<ol>\n<li>Plan de estudio encauzado en desarrollar tus habilidades de emprendimiento y desarrollo empresarial con una visi\u00f3n globalizadora.<\/li>\n<li>Fomentar tus habilidades de investigaci\u00f3n, direcci\u00f3n y evaluaci\u00f3n de las diferentes actividades empresariales.<\/li>\n<li>Experimentar las actividades te\u00f3rico-pr\u00e1cticas orientadas a la direcci\u00f3n estrat\u00e9gica de los negocios.<\/li>\n<li>Te formar\u00e1 desde una perspectiva de formaci\u00f3n integral.<\/li>\n<li>Contar\u00e1s con el acompa\u00f1amiento presencial adem\u00e1s del apoyo de plataforma educativa tecnol\u00f3gica.<\/li>\n<li>Despertar\u00e1s tu inter\u00e9s por el desarrollo de proyectos estrat\u00e9gicos con visi\u00f3n emprendedora para su aplicaci\u00f3n en el mercado actual y competitivo.<\/li>\n<\/ol>[\/et_pb_text][\/et_pb_column][\/et_pb_row][et_pb_row custom_padding_last_edited=\u00bboff|phone\u00bb _builder_version=\u00bb4.27.0&#8243; _module_preset=\u00bbdefault\u00bb width=\u00bb99%\u00bb width_tablet=\u00bb80%\u00bb width_phone=\u00bb100%\u00bb width_last_edited=\u00bboff|desktop\u00bb custom_padding=\u00bb8px||||false|false\u00bb custom_padding_tablet=\u00bb17px||3px|||\u00bb global_colors_info=\u00bb{}\u00bb][et_pb_column type=\u00bb4_4&#8243; _builder_version=\u00bb4.16&#8243; _module_preset=\u00bbdefault\u00bb global_colors_info=\u00bb{}\u00bb][et_pb_text admin_label=\u00bbTexto\u00bb _builder_version=\u00bb4.27.0&#8243; _module_preset=\u00bbdefault\u00bb text_font=\u00bbActor||||||||\u00bb text_font_size=\u00bb18px\u00bb header_font=\u00bbActor||||||||\u00bb header_2_font=\u00bbOswald||||||||\u00bb background_color=\u00bbRGBA(255,255,255,0)\u00bb text_orientation=\u00bbjustified\u00bb width=\u00bb75%\u00bb width_tablet=\u00bb75%\u00bb width_phone=\u00bb85%\u00bb width_last_edited=\u00bbon|desktop\u00bb min_height=\u00bb92px\u00bb custom_margin=\u00bb|auto||auto|false|false\u00bb custom_margin_tablet=\u00bb||29px|||\u00bb custom_margin_phone=\u00bb||0px||false|false\u00bb custom_margin_last_edited=\u00bbon|phone\u00bb custom_padding=\u00bb22px|10px|22px|10px|false|false\u00bb custom_padding_tablet=\u00bb22px||||false|false\u00bb custom_padding_phone=\u00bb22px||22px||false|false\u00bb custom_padding_last_edited=\u00bbon|phone\u00bb text_font_size_tablet=\u00bb25px\u00bb text_font_size_phone=\u00bb19px\u00bb text_font_size_last_edited=\u00bbon|desktop\u00bb header_font_size_tablet=\u00bb\u00bb header_font_size_phone=\u00bb14px\u00bb header_font_size_last_edited=\u00bbon|phone\u00bb global_colors_info=\u00bb{}\u00bb]<h2 style=\"font-weight: 400;\">VENTAJA DE LA MAESTR\u00cdA EN ADMINISTRACI\u00d3N ESTRAT\u00c9GICA<\/h2>\n<ul>\n<li style=\"font-weight: 400;\">Adquiere conocimientos para el desarrollo del proceso estrat\u00e9gico con una visi\u00f3n integral y a largo plazo del negocio.<\/li>\n<li style=\"font-weight: 400;\">Adquiere las herramientas necesarias para el desarrolla de las habilidades directivas y para el proceso de toma de decisiones en alta direcci\u00f3n.<\/li>\n<li style=\"font-weight: 400;\">Desarrolla tus habilidades gerenciales que permitan evaluar los factores externos de la organizaci\u00f3n para la elaboraci\u00f3n de estrategias necesarias que permitan aprovechar las oportunidades y disminuir las amenazas.<\/li>\n<li style=\"font-weight: 400;\">Prepara a los directivos de la organizaci\u00f3n para gestionar los procesos necesarios a fin de contar con los recursos financieros, humanos y tecnol\u00f3gicos para la realizaci\u00f3n de proyectos estrat\u00e9gicos en la organizaci\u00f3n.<\/li>\n<li style=\"font-weight: 400;\">Capacita a los directivos de la organizaci\u00f3n sobre las habilidades de liderazgo y gerencia, para despertar la innovaci\u00f3n en el desarrollo de estrategias empresariales.<\/li>\n<li style=\"font-weight: 400;\">Adquiere los conocimientos sobre las nuevas tendencias del comercio electr\u00f3nico y el uso de redes sociales como forma de desarrollar estrategias mercadol\u00f3gicas competitivas.<\/li>\n<li style=\"font-weight: 400;\">Desarrolla una visi\u00f3n estrat\u00e9gica sobre los nuevos procesos de Nearshoring para reubicar sus procesos comerciales o productivos para la exportaci\u00f3n en pa\u00edses que se encuentran m\u00e1s cercanos a su principal mercado y que generen costos m\u00e1s bajos.<\/li>\n<\/ul>[\/et_pb_text][\/et_pb_column][\/et_pb_row][et_pb_row _builder_version=\u00bb4.27.0&#8243; _module_preset=\u00bbdefault\u00bb background_color=\u00bb#fdd836&#8243; width=\u00bb99%\u00bb custom_padding=\u00bb8px||||false|false\u00bb global_colors_info=\u00bb{}\u00bb][et_pb_column type=\u00bb4_4&#8243; _builder_version=\u00bb4.16&#8243; _module_preset=\u00bbdefault\u00bb global_colors_info=\u00bb{}\u00bb][et_pb_text admin_label=\u00bbTexto\u00bb _builder_version=\u00bb4.27.0&#8243; _module_preset=\u00bbdefault\u00bb text_font=\u00bbActor||||||||\u00bb text_font_size=\u00bb18px\u00bb header_font=\u00bbActor||||||||\u00bb header_2_font=\u00bbOswald||||||||\u00bb background_color=\u00bbRGBA(255,255,255,0)\u00bb text_orientation=\u00bbjustified\u00bb width=\u00bb75%\u00bb width_tablet=\u00bb75%\u00bb width_phone=\u00bb85%\u00bb width_last_edited=\u00bbon|desktop\u00bb min_height=\u00bb92px\u00bb custom_margin=\u00bb|auto||auto|false|false\u00bb custom_margin_tablet=\u00bb||29px|||\u00bb custom_margin_phone=\u00bb||0px||false|false\u00bb custom_margin_last_edited=\u00bbon|phone\u00bb custom_padding=\u00bb22px|10px|22px|10px|false|false\u00bb custom_padding_tablet=\u00bb22px||||false|false\u00bb custom_padding_phone=\u00bb22px||22px||false|false\u00bb custom_padding_last_edited=\u00bbon|phone\u00bb text_font_size_tablet=\u00bb25px\u00bb text_font_size_phone=\u00bb19px\u00bb text_font_size_last_edited=\u00bbon|desktop\u00bb header_font_size_tablet=\u00bb\u00bb header_font_size_phone=\u00bb14px\u00bb header_font_size_last_edited=\u00bbon|phone\u00bb global_colors_info=\u00bb{}\u00bb]<h2>MODALIDAD:<\/h2>\n<p>La Maestr\u00eda en Administraci\u00f3n Estrat\u00e9gica cuenta con la Modalidad Mixta, bajo el modelo pedag\u00f3gico curricular constructivo, centrado en el estudiante, para favorecer el aprendizaje significativo, por descubrimiento, creador, reflexivo, emocional y social, que permite al estudiante tener un aprendizaje flexible entre las clases sincr\u00f3nicas y asincr\u00f3nicas.<br \/>El modelo te brinda flexibilidad al combinar estrategias, m\u00e9todos y recursos de las modalidades escolar y no escolar, siendo una combinaci\u00f3n equilibrada de ambas, correctamente organizadas y planeadas.<\/p>\n<p>El tambi\u00e9n llamado modelo h\u00edbrido, favorece la flexibilidad, adaptaci\u00f3n, ubicuidad e inclusi\u00f3n de quien pretende aprender con nosotros. Con las sesiones sincr\u00f3nicas favorecemos el contacto humano, tan importante en la filosof\u00eda institucional cuya centralidad es la persona, y con las sesiones asincr\u00f3nicas, desde el uso correcto de la plataforma, que, consolida el proceso de formaci\u00f3n en esta instituci\u00f3n educativa, el estudiante es un agente activo y participativo en su propio aprendizaje; adem\u00e1s, est\u00e1 motivado por el aprendizaje y por su formaci\u00f3n y es autogestivo. <\/p>\n<p>&nbsp;<\/p>[\/et_pb_text][\/et_pb_column][\/et_pb_row][et_pb_row custom_padding_last_edited=\u00bboff|phone\u00bb _builder_version=\u00bb4.27.0&#8243; _module_preset=\u00bbdefault\u00bb width=\u00bb99%\u00bb width_tablet=\u00bb80%\u00bb width_phone=\u00bb100%\u00bb width_last_edited=\u00bboff|desktop\u00bb custom_padding=\u00bb8px||||false|false\u00bb custom_padding_tablet=\u00bb17px||3px|||\u00bb global_colors_info=\u00bb{}\u00bb][et_pb_column type=\u00bb4_4&#8243; _builder_version=\u00bb4.16&#8243; _module_preset=\u00bbdefault\u00bb global_colors_info=\u00bb{}\u00bb][et_pb_text admin_label=\u00bbTexto\u00bb _builder_version=\u00bb4.27.0&#8243; _module_preset=\u00bbdefault\u00bb text_font=\u00bbActor||||||||\u00bb text_font_size=\u00bb18px\u00bb header_font=\u00bbActor||||||||\u00bb header_2_font=\u00bbOswald||||||||\u00bb background_color=\u00bbRGBA(255,255,255,0)\u00bb text_orientation=\u00bbjustified\u00bb width=\u00bb75%\u00bb width_tablet=\u00bb75%\u00bb width_phone=\u00bb85%\u00bb width_last_edited=\u00bbon|desktop\u00bb min_height=\u00bb92px\u00bb custom_margin=\u00bb|auto||auto|false|false\u00bb custom_margin_tablet=\u00bb||29px|||\u00bb custom_margin_phone=\u00bb||0px||false|false\u00bb custom_margin_last_edited=\u00bbon|phone\u00bb custom_padding=\u00bb22px|10px|22px|10px|false|false\u00bb custom_padding_tablet=\u00bb22px||||false|false\u00bb custom_padding_phone=\u00bb22px||22px||false|false\u00bb custom_padding_last_edited=\u00bbon|phone\u00bb text_font_size_tablet=\u00bb25px\u00bb text_font_size_phone=\u00bb19px\u00bb text_font_size_last_edited=\u00bbon|desktop\u00bb header_font_size_tablet=\u00bb\u00bb header_font_size_phone=\u00bb14px\u00bb header_font_size_last_edited=\u00bbon|phone\u00bb global_colors_info=\u00bb{}\u00bb]<h2>MODELO DE APRENDIZAJE:<\/h2>\n<p>Clases en tiempo real (presencial o virtual): Con lecciones magistrales, an\u00e1lisis y retroalimentaci\u00f3n de los facilitadores; exposiciones de investigaciones, proyectos y diversas evidencias de aprendizaje de los estudiantes.<\/p>\n<p>Asesor\u00eda y tutor\u00eda: Los facilitadores est\u00e1n comprometidos con los estudiantes para la resoluci\u00f3n de dudas durante el proceso de formaci\u00f3n.<\/p>\n<p>Aprendizaje desde plataforma: Con los recursos did\u00e1cticos puestos en la plataforma tecnol\u00f3gica, intercambia opiniones, dudas e informaci\u00f3n sobre las Unidades de Aprendizaje con tus compa\u00f1eros y facilitadores.<\/p>\n<p>Informaci\u00f3n actualizada: Siempre contar\u00e1s con informaci\u00f3n actualizada, llevando temas y casos reales para un mejor desarrollo del aprendizaje.<br \/>Evaluaciones: Implementadas acorde a los criterios del modelo constructivista.<\/p>[\/et_pb_text][\/et_pb_column][\/et_pb_row][et_pb_row _builder_version=\u00bb4.27.0&#8243; _module_preset=\u00bbdefault\u00bb background_color=\u00bb#fdd836&#8243; width=\u00bb99%\u00bb custom_padding=\u00bb8px||||false|false\u00bb global_colors_info=\u00bb{}\u00bb][et_pb_column type=\u00bb4_4&#8243; _builder_version=\u00bb4.16&#8243; _module_preset=\u00bbdefault\u00bb global_colors_info=\u00bb{}\u00bb][et_pb_text admin_label=\u00bbTexto\u00bb _builder_version=\u00bb4.27.0&#8243; _module_preset=\u00bbdefault\u00bb text_font=\u00bbActor||||||||\u00bb text_font_size=\u00bb18px\u00bb header_font=\u00bbActor||||||||\u00bb header_2_font=\u00bbOswald||||||||\u00bb background_color=\u00bbRGBA(255,255,255,0)\u00bb text_orientation=\u00bbjustified\u00bb width=\u00bb75%\u00bb width_tablet=\u00bb75%\u00bb width_phone=\u00bb85%\u00bb width_last_edited=\u00bbon|desktop\u00bb min_height=\u00bb92px\u00bb custom_margin=\u00bb|auto||auto|false|false\u00bb custom_margin_tablet=\u00bb||29px|||\u00bb custom_margin_phone=\u00bb||0px||false|false\u00bb custom_margin_last_edited=\u00bbon|phone\u00bb custom_padding=\u00bb22px|10px|22px|10px|false|false\u00bb custom_padding_tablet=\u00bb22px||||false|false\u00bb custom_padding_phone=\u00bb22px||22px||false|false\u00bb custom_padding_last_edited=\u00bbon|phone\u00bb text_font_size_tablet=\u00bb25px\u00bb text_font_size_phone=\u00bb19px\u00bb text_font_size_last_edited=\u00bbon|desktop\u00bb header_font_size_tablet=\u00bb\u00bb header_font_size_phone=\u00bb14px\u00bb header_font_size_last_edited=\u00bbon|phone\u00bb global_colors_info=\u00bb{}\u00bb]<h2 style=\"font-weight: 400;\">OBJETIVO DEL PROGRAMA:<\/h2>\n<p style=\"font-weight: 400;\">El prop\u00f3sito fundamental del programa es formar capital humano con altos est\u00e1ndares de competencias para planear, gestionar, organizar y dirigir proyectos empresariales, con visi\u00f3n estrat\u00e9gica en ambientes de incertidumbre y de competitividad internacional, a trav\u00e9s de instrumentos metodol\u00f3gicos en las diferentes actividades econ\u00f3micas, financieras, contables, tecnol\u00f3gicos y de mercados, que contribuyan a la generaci\u00f3n de empleos, desarrollo de empresas, fortalecimiento de la econom\u00eda, impulso de procesos innovadores en las organizaciones en general y aportar soluciones en los negocios de la regi\u00f3n y del pa\u00eds.<\/p>[\/et_pb_text][\/et_pb_column][\/et_pb_row][et_pb_row custom_padding_last_edited=\u00bboff|phone\u00bb _builder_version=\u00bb4.27.0&#8243; _module_preset=\u00bbdefault\u00bb width=\u00bb99%\u00bb width_tablet=\u00bb80%\u00bb width_phone=\u00bb100%\u00bb width_last_edited=\u00bboff|desktop\u00bb custom_padding=\u00bb8px||||false|false\u00bb custom_padding_tablet=\u00bb17px||3px|||\u00bb global_colors_info=\u00bb{}\u00bb][et_pb_column type=\u00bb4_4&#8243; _builder_version=\u00bb4.16&#8243; _module_preset=\u00bbdefault\u00bb global_colors_info=\u00bb{}\u00bb][et_pb_text admin_label=\u00bbTexto\u00bb _builder_version=\u00bb4.27.0&#8243; _module_preset=\u00bbdefault\u00bb text_font=\u00bbActor||||||||\u00bb text_font_size=\u00bb18px\u00bb header_font=\u00bbActor||||||||\u00bb header_2_font=\u00bbOswald||||||||\u00bb background_color=\u00bbRGBA(255,255,255,0)\u00bb text_orientation=\u00bbjustified\u00bb width=\u00bb75%\u00bb width_tablet=\u00bb75%\u00bb width_phone=\u00bb85%\u00bb width_last_edited=\u00bbon|desktop\u00bb min_height=\u00bb92px\u00bb custom_margin=\u00bb|auto||auto|false|false\u00bb custom_margin_tablet=\u00bb||29px|||\u00bb custom_margin_phone=\u00bb||0px||false|false\u00bb custom_margin_last_edited=\u00bbon|phone\u00bb custom_padding=\u00bb22px|10px|22px|10px|false|false\u00bb custom_padding_tablet=\u00bb22px||||false|false\u00bb custom_padding_phone=\u00bb22px||22px||false|false\u00bb custom_padding_last_edited=\u00bbon|phone\u00bb text_font_size_tablet=\u00bb25px\u00bb text_font_size_phone=\u00bb19px\u00bb text_font_size_last_edited=\u00bbon|desktop\u00bb header_font_size_tablet=\u00bb\u00bb header_font_size_phone=\u00bb14px\u00bb header_font_size_last_edited=\u00bbon|phone\u00bb global_colors_info=\u00bb{}\u00bb]<h2 style=\"font-weight: 400;\"><strong>PERFIL DE EGRESO<\/strong><\/h2>\n<p>Conocimientos:<\/p>\n<ul>\n<li>Manejo de planeaci\u00f3n estrat\u00e9gica en el entorno de la empresa;<\/li>\n<li>An\u00e1lisis de problemas complejos en el \u00e1rea de negocios;<\/li>\n<li>Desarrollo y gesti\u00f3n de recursos humanos en la organizaci\u00f3n;<\/li>\n<li>Visi\u00f3n de negocios en ambientes de incertidumbre y de competitividad internacional, innovando y aplicando t\u00e9cnicas administrativas en las diferentes \u00e1reas de las organizaciones;<\/li>\n<li>Conocimientos que le permitan participar en procesos empresariales innovadores, capaz de implementar, organizar, dirigir y evaluar la gesti\u00f3n de las organizaciones tanto p\u00fablicas como privadas;<\/li>\n<li>Integraci\u00f3n de enfoques de las ciencias administrativas que permitan fundamentar el desarrollo y la gesti\u00f3n de proyectos emprendedores para su aplicaci\u00f3n en los negocios, desde la interdisciplina y tras disciplina;<\/li>\n<li>Identificaci\u00f3n de las diversas fuentes de financiamiento para la implementaci\u00f3n y desarrollo de los proyectos emprendedores;<\/li>\n<li>An\u00e1lisis del marco jur\u00eddico local, regional y nacional para su aplicaci\u00f3n en la creaci\u00f3n y gesti\u00f3n de cualquier emprendimiento, local o global;<\/li>\n<li>Aplicaci\u00f3n de conocimientos e informaci\u00f3n contable y financiera para salvaguardar los recursos y el capital de la empresa, para su desarrollo y crecimiento en el mediano y largo plazo.<\/li>\n<\/ul>[\/et_pb_text][\/et_pb_column][\/et_pb_row][et_pb_row _builder_version=\u00bb4.27.0&#8243; _module_preset=\u00bbdefault\u00bb background_color=\u00bb#fdd836&#8243; width=\u00bb99%\u00bb custom_padding=\u00bb8px||||false|false\u00bb global_colors_info=\u00bb{}\u00bb][et_pb_column type=\u00bb4_4&#8243; _builder_version=\u00bb4.16&#8243; _module_preset=\u00bbdefault\u00bb global_colors_info=\u00bb{}\u00bb][et_pb_text admin_label=\u00bbTexto\u00bb _builder_version=\u00bb4.27.0&#8243; _module_preset=\u00bbdefault\u00bb text_font=\u00bbActor||||||||\u00bb text_font_size=\u00bb18px\u00bb header_font=\u00bbActor||||||||\u00bb header_2_font=\u00bbOswald||||||||\u00bb background_color=\u00bbRGBA(255,255,255,0)\u00bb text_orientation=\u00bbjustified\u00bb width=\u00bb75%\u00bb width_tablet=\u00bb75%\u00bb width_phone=\u00bb85%\u00bb width_last_edited=\u00bbon|desktop\u00bb min_height=\u00bb92px\u00bb custom_margin=\u00bb|auto||auto|false|false\u00bb custom_margin_tablet=\u00bb||29px|||\u00bb custom_margin_phone=\u00bb||0px||false|false\u00bb custom_margin_last_edited=\u00bbon|phone\u00bb custom_padding=\u00bb22px|10px|22px|10px|false|false\u00bb custom_padding_tablet=\u00bb22px||||false|false\u00bb custom_padding_phone=\u00bb22px||22px||false|false\u00bb custom_padding_last_edited=\u00bbon|phone\u00bb text_font_size_tablet=\u00bb25px\u00bb text_font_size_phone=\u00bb19px\u00bb text_font_size_last_edited=\u00bbon|desktop\u00bb header_font_size_tablet=\u00bb\u00bb header_font_size_phone=\u00bb14px\u00bb header_font_size_last_edited=\u00bbon|phone\u00bb global_colors_info=\u00bb{}\u00bb]<h2 style=\"font-weight: 400;\"><strong>HABILIDADES PROFESIONALES ADQUIRIDAS AL ESTUDIAR LA MAESTR\u00cdA<\/strong><\/h2>\n<ul>\n<li>Toma de decisiones respecto a los objetivos y necesidades de la empresa<\/li>\n<li>Liderazgo en los equipos de trabajo y potenciar en las personas la toma de decisiones.<\/li>\n<li>Innovaci\u00f3n en los procesos de la empresa.<\/li>\n<li>Desarrollo de competencias para implementar la planeaci\u00f3n, organizaci\u00f3n, direcci\u00f3n, control, evaluaci\u00f3n y comercializaci\u00f3n estrat\u00e9gica de las organizaciones de los diferentes sectores productivos.<\/li>\n<li>Aplicaci\u00f3n de capacidad de an\u00e1lisis y de competencias gerenciales que le permiten una visi\u00f3n de negocios en ambientes de competitividad en el \u00e1mbito Nacional e Internacional.<\/li>\n<li>Responder eficazmente las demandas de eficiencia de los sectores p\u00fablico y privado, aplicando los conocimientos y habilidades en administraci\u00f3n, en las diferentes \u00e1reas funcionales de las empresas, con un esp\u00edritu emprendedor que promueva una mayor creatividad e iniciativa.<\/li>\n<li>Ejecuta t\u00e9cnicas y herramientas metodol\u00f3gicas para la creaci\u00f3n de proyectos empresariales.<\/li>\n<li>Conocimiento de instrumentos para el proceso de reclutamiento, selecci\u00f3n y capacitaci\u00f3n del recurso humano bajo el modelo de competencias laborales.<\/li>\n<li>Aplicaci\u00f3n de herramientas de estudios de mercados, evaluaci\u00f3n de viabilidad de proyectos emprendedores a nivel local, regional y nacional.<\/li>\n<li>Evaluaci\u00f3n de factores que generan la problem\u00e1tica de crecimiento de las empresas<\/li>\n<\/ul>[\/et_pb_text][\/et_pb_column][\/et_pb_row][et_pb_row custom_padding_last_edited=\u00bboff|phone\u00bb _builder_version=\u00bb4.27.0&#8243; _module_preset=\u00bbdefault\u00bb width=\u00bb99%\u00bb width_tablet=\u00bb80%\u00bb width_phone=\u00bb100%\u00bb width_last_edited=\u00bboff|desktop\u00bb custom_padding=\u00bb8px||||false|false\u00bb custom_padding_tablet=\u00bb17px||3px|||\u00bb global_colors_info=\u00bb{}\u00bb][et_pb_column type=\u00bb4_4&#8243; _builder_version=\u00bb4.16&#8243; _module_preset=\u00bbdefault\u00bb global_colors_info=\u00bb{}\u00bb][et_pb_text admin_label=\u00bbTexto\u00bb _builder_version=\u00bb4.27.0&#8243; _module_preset=\u00bbdefault\u00bb text_font=\u00bbActor||||||||\u00bb text_font_size=\u00bb18px\u00bb header_font=\u00bbActor||||||||\u00bb header_2_font=\u00bbOswald||||||||\u00bb background_color=\u00bbRGBA(255,255,255,0)\u00bb text_orientation=\u00bbjustified\u00bb width=\u00bb75%\u00bb width_tablet=\u00bb75%\u00bb width_phone=\u00bb85%\u00bb width_last_edited=\u00bbon|desktop\u00bb min_height=\u00bb92px\u00bb custom_margin=\u00bb|auto||auto|false|false\u00bb custom_margin_tablet=\u00bb||29px|||\u00bb custom_margin_phone=\u00bb||0px||false|false\u00bb custom_margin_last_edited=\u00bbon|phone\u00bb custom_padding=\u00bb22px|10px|22px|10px|false|false\u00bb custom_padding_tablet=\u00bb22px||||false|false\u00bb custom_padding_phone=\u00bb22px||22px||false|false\u00bb custom_padding_last_edited=\u00bbon|phone\u00bb text_font_size_tablet=\u00bb25px\u00bb text_font_size_phone=\u00bb19px\u00bb text_font_size_last_edited=\u00bbon|desktop\u00bb header_font_size_tablet=\u00bb\u00bb header_font_size_phone=\u00bb14px\u00bb header_font_size_last_edited=\u00bbon|phone\u00bb global_colors_info=\u00bb{}\u00bb]<h2 style=\"font-weight: 400;\"><strong>CAMPO LABORAL:<\/strong><\/h2>\n<ul>\n<li style=\"font-weight: 400;\">Creaci\u00f3n de una organizaci\u00f3n privada<\/li>\n<li style=\"font-weight: 400;\">Gestor administrativo en organizaciones p\u00fablicas y privadas<\/li>\n<li style=\"font-weight: 400;\">Asesor estrat\u00e9gico en negocios familiares, empresas p\u00fablicas y privadas<\/li>\n<li style=\"font-weight: 400;\">Docente en el campo administrativo<\/li>\n<li style=\"font-weight: 400;\">Administrador General de una organizaci\u00f3n<\/li>\n<li style=\"font-weight: 400;\">Director de diversas \u00e1reas como Recursos Humanos, Finanzas, Administraci\u00f3n, entre otras.<\/li>\n<li style=\"font-weight: 400;\">Servidor p\u00fablico en las \u00e1reas de Planeaci\u00f3n y Programaci\u00f3n de recursos. <\/li>\n<\/ul>\n<p style=\"font-weight: 400;\">[\/et_pb_text][\/et_pb_column][\/et_pb_row][et_pb_row _builder_version=\u00bb4.27.0&#8243; _module_preset=\u00bbdefault\u00bb background_color=\u00bb#fdd836&#8243; width=\u00bb99%\u00bb custom_padding=\u00bb8px||||false|false\u00bb global_colors_info=\u00bb{}\u00bb][et_pb_column type=\u00bb4_4&#8243; _builder_version=\u00bb4.16&#8243; _module_preset=\u00bbdefault\u00bb global_colors_info=\u00bb{}\u00bb][et_pb_text admin_label=\u00bbTexto\u00bb _builder_version=\u00bb4.27.0&#8243; _module_preset=\u00bbdefault\u00bb text_font=\u00bbActor||||||||\u00bb text_font_size=\u00bb18px\u00bb header_font=\u00bbActor||||||||\u00bb header_2_font=\u00bbOswald||||||||\u00bb background_color=\u00bbRGBA(255,255,255,0)\u00bb text_orientation=\u00bbjustified\u00bb width=\u00bb75%\u00bb width_tablet=\u00bb75%\u00bb width_phone=\u00bb85%\u00bb width_last_edited=\u00bbon|desktop\u00bb min_height=\u00bb92px\u00bb custom_margin=\u00bb|auto||auto|false|false\u00bb custom_margin_tablet=\u00bb||29px|||\u00bb custom_margin_phone=\u00bb||0px||false|false\u00bb custom_margin_last_edited=\u00bbon|phone\u00bb custom_padding=\u00bb22px|10px|22px|10px|false|false\u00bb custom_padding_tablet=\u00bb22px||||false|false\u00bb custom_padding_phone=\u00bb22px||22px||false|false\u00bb custom_padding_last_edited=\u00bbon|phone\u00bb text_font_size_tablet=\u00bb25px\u00bb text_font_size_phone=\u00bb19px\u00bb text_font_size_last_edited=\u00bbon|desktop\u00bb header_font_size_tablet=\u00bb\u00bb header_font_size_phone=\u00bb14px\u00bb header_font_size_last_edited=\u00bbon|phone\u00bb global_colors_info=\u00bb{}\u00bb]<h2 style=\"font-weight: 400;\"><strong>PLAN DE ESTUDIOS:<\/strong><\/h2>\n<p style=\"font-weight: 400;\">Estudiar la Maestr\u00eda te garantiza la profesionalizaci\u00f3n en el \u00e1rea econ\u00f3mica-administrativa, con la capacidad de incursionar en la administraci\u00f3n y los negocios. Estudia en un sistema flexible, din\u00e1mico y sistem\u00e1tico de 4 semestres, 16 Unidades de Aprendizaje (UA) en un total de 2 a\u00f1os tomando 4 UA por cada semestre con carga horaria de 25 horas con docente altamente capacitados, m\u00e1s horas individuales de estudio por cada Unidad de Aprendizaje.<\/p>[\/et_pb_text][\/et_pb_column][\/et_pb_row][et_pb_row custom_padding_last_edited=\u00bboff|phone\u00bb _builder_version=\u00bb4.27.0&#8243; _module_preset=\u00bbdefault\u00bb width_tablet=\u00bb80%\u00bb width_phone=\u00bb100%\u00bb width_last_edited=\u00bboff|desktop\u00bb custom_padding=\u00bb8px||||false|false\u00bb custom_padding_tablet=\u00bb17px||3px|||\u00bb global_colors_info=\u00bb{}\u00bb][et_pb_column type=\u00bb4_4&#8243; _builder_version=\u00bb4.16&#8243; _module_preset=\u00bbdefault\u00bb global_colors_info=\u00bb{}\u00bb][et_pb_text admin_label=\u00bbTexto\u00bb _builder_version=\u00bb4.27.0&#8243; _module_preset=\u00bbdefault\u00bb text_font=\u00bbActor||||||||\u00bb text_font_size=\u00bb18px\u00bb header_font=\u00bbActor||||||||\u00bb header_2_font=\u00bbOswald||||||||\u00bb background_color=\u00bbRGBA(255,255,255,0)\u00bb text_orientation=\u00bbjustified\u00bb width=\u00bb75%\u00bb width_tablet=\u00bb75%\u00bb width_phone=\u00bb85%\u00bb width_last_edited=\u00bbon|desktop\u00bb min_height=\u00bb92px\u00bb custom_margin=\u00bb|auto|0px|auto|false|false\u00bb custom_margin_tablet=\u00bb||29px|||\u00bb custom_margin_phone=\u00bb||0px||false|false\u00bb custom_margin_last_edited=\u00bbon|phone\u00bb custom_padding=\u00bb22px|10px|0px|10px|false|false\u00bb custom_padding_tablet=\u00bb22px||||false|false\u00bb custom_padding_phone=\u00bb22px||22px||false|false\u00bb custom_padding_last_edited=\u00bbon|phone\u00bb text_font_size_tablet=\u00bb25px\u00bb text_font_size_phone=\u00bb19px\u00bb text_font_size_last_edited=\u00bbon|desktop\u00bb header_font_size_tablet=\u00bb\u00bb header_font_size_phone=\u00bb14px\u00bb header_font_size_last_edited=\u00bbon|phone\u00bb global_colors_info=\u00bb{}\u00bb]<h2 style=\"font-weight: 400; text-align: center;\"><strong>PROGRAMA DE ESTUDIOS<\/strong><\/h2>[\/et_pb_text][\/et_pb_column][\/et_pb_row][et_pb_row column_structure=\u00bb1_2,1_2&#8243; custom_padding_last_edited=\u00bboff|phone\u00bb _builder_version=\u00bb4.27.0&#8243; _module_preset=\u00bbdefault\u00bb width_tablet=\u00bb80%\u00bb width_phone=\u00bb100%\u00bb width_last_edited=\u00bboff|desktop\u00bb custom_padding=\u00bb8px||||false|false\u00bb custom_padding_tablet=\u00bb17px||3px|||\u00bb global_colors_info=\u00bb{}\u00bb][et_pb_column type=\u00bb1_2&#8243; _builder_version=\u00bb4.16&#8243; _module_preset=\u00bbdefault\u00bb global_colors_info=\u00bb{}\u00bb][et_pb_text admin_label=\u00bbTexto\u00bb _builder_version=\u00bb4.27.0&#8243; _module_preset=\u00bbdefault\u00bb text_font=\u00bbActor||||||||\u00bb text_text_color=\u00bb#FFFFFF\u00bb text_font_size=\u00bb18px\u00bb header_2_font=\u00bbOswald||||||||\u00bb header_3_font=\u00bbOswald|600|||||||\u00bb header_3_text_align=\u00bbcenter\u00bb header_3_text_color=\u00bb#FFFFFF\u00bb background_color=\u00bb#0c71c3&#8243; text_orientation=\u00bbjustified\u00bb width=\u00bb90%\u00bb width_tablet=\u00bb75%\u00bb width_phone=\u00bb85%\u00bb width_last_edited=\u00bbon|desktop\u00bb min_height=\u00bb92px\u00bb custom_margin=\u00bb|auto||auto|false|false\u00bb custom_margin_tablet=\u00bb||29px|||\u00bb custom_margin_phone=\u00bb||0px||false|false\u00bb custom_margin_last_edited=\u00bbon|phone\u00bb custom_padding=\u00bb22px|10px|22px|10px|false|false\u00bb custom_padding_tablet=\u00bb22px||||false|false\u00bb custom_padding_phone=\u00bb22px||22px||false|false\u00bb custom_padding_last_edited=\u00bbon|phone\u00bb text_font_size_tablet=\u00bb25px\u00bb text_font_size_phone=\u00bb19px\u00bb text_font_size_last_edited=\u00bbon|desktop\u00bb header_font_size_tablet=\u00bb\u00bb header_font_size_phone=\u00bb14px\u00bb header_font_size_last_edited=\u00bbon|phone\u00bb box_shadow_style=\u00bbpreset2&#8243; global_colors_info=\u00bb{}\u00bb]<h3>CREACION Y ADMNISTRACION DE EMPRESAS <\/h3>\n<p>Herramientas de gesti\u00f3n en la creaci\u00f3n y administraci\u00f3n de micros, peque\u00f1as y medianas empresas mediante estrategias que contribuyan a la permanencia de las empresas en el mercado, con base a normatividad y procedimientos de alta competencia, que permita diferenciarse de las dem\u00e1s, con estrategias creativas capaces de generar un efecto innovador en el sector al que pertenezca.<\/p>\n<h3>GESTION PARA EL DESARROLLO DEL PLAN DE NEGOCIOS<\/h3>\n<p>Herramientas para el desarrollo de la planeaci\u00f3n y desarrollo del negocio en la organizaci\u00f3n, esto mediante los pasos del modelo estrat\u00e9gico que deber\u00e1 aplicarlo para su logro a largo plazo.<\/p>\n<h3>DERECHO CORPORATIVO <\/h3>\n<p>Conocimiento indispensable del Derecho Corporativo mediante el estudio de las disposiciones jur\u00eddicas y de la aplicaci\u00f3n pr\u00e1ctica, donde demuestre sus conocimientos sobre la materia.<\/p>\n<h3>INVERSION Y FINANCIAMIENTO EN LOS NEGOCIOS<\/h3>\n<p>Toma de decisiones y la gesti\u00f3n del financiamiento, tanto de los activos de capital de las empresas como del capital de trabajo que requiera en funci\u00f3n de la disponibilidad y costos de los recursos financieros. <\/p>[\/et_pb_text][\/et_pb_column][et_pb_column type=\u00bb1_2&#8243; _builder_version=\u00bb4.16&#8243; _module_preset=\u00bbdefault\u00bb global_colors_info=\u00bb{}\u00bb][et_pb_text admin_label=\u00bbTexto\u00bb _builder_version=\u00bb4.27.0&#8243; _module_preset=\u00bbdefault\u00bb text_font=\u00bbActor||||||||\u00bb text_text_color=\u00bb#FFFFFF\u00bb text_font_size=\u00bb18px\u00bb header_2_font=\u00bbOswald||||||||\u00bb header_3_font=\u00bbOswald|600|||||||\u00bb header_3_text_align=\u00bbcenter\u00bb header_3_text_color=\u00bb#FFFFFF\u00bb background_color=\u00bb#0c71c3&#8243; text_orientation=\u00bbjustified\u00bb width=\u00bb90%\u00bb width_tablet=\u00bb75%\u00bb width_phone=\u00bb85%\u00bb width_last_edited=\u00bbon|desktop\u00bb min_height=\u00bb92px\u00bb custom_margin=\u00bb|auto||auto|false|false\u00bb custom_margin_tablet=\u00bb||29px|||\u00bb custom_margin_phone=\u00bb||0px||false|false\u00bb custom_margin_last_edited=\u00bbon|phone\u00bb custom_padding=\u00bb22px|10px|22px|10px|false|false\u00bb custom_padding_tablet=\u00bb22px||||false|false\u00bb custom_padding_phone=\u00bb22px||22px||false|false\u00bb custom_padding_last_edited=\u00bbon|phone\u00bb text_font_size_tablet=\u00bb25px\u00bb text_font_size_phone=\u00bb19px\u00bb text_font_size_last_edited=\u00bbon|desktop\u00bb header_font_size_tablet=\u00bb\u00bb header_font_size_phone=\u00bb14px\u00bb header_font_size_last_edited=\u00bbon|phone\u00bb box_shadow_style=\u00bbpreset2&#8243; global_colors_info=\u00bb{}\u00bb]<h3>CONTABILIDAD FIANCIERA Y ADMINISTRATIVA<\/h3>\n<p>Correcta presentaci\u00f3n, uso e interpretaci\u00f3n de la informaci\u00f3n financiera como herramienta vital para las entidades; as\u00ed como el uso de las herramientas administrativas tan indispensables en la toma de decisiones adecuadas en pro del crecimiento de las organizaciones.<\/p>\n<h3>SUELDOS, SALARIOS Y SEGURIDAD SOCIAL<\/h3>\n<p>Importancia de los conceptos sueldo y salarios, misma que permitir\u00e1 comprender c\u00f3mo estos se ven afectados desde la perspectiva fiscal, laboral y de seguridad social, ya que tiene implicaciones tanto para el asalariado como para la empresa.<\/p>\n<h3>OBLIGACIONES FISCALES PARA NEGOCIOS<\/h3>\n<p>Herramientas de an\u00e1lisis, comprensi\u00f3n, reglas de cumplimiento y control de las obligaciones fiscales de las empresas o negocios, particularmente los de nueva creaci\u00f3n, sean de personas f\u00edsicas o morales, estableciendo una cultura de contribuci\u00f3n mediante estrategias que contribuya al status legal de las empresas, con base a la normatividad vigente y cambiante.<\/p>\n<h3>ESTRATEGIA Y COMPETITIVIDAD EN LOS NEGOCIOS<\/h3>\n<p>Conjunto gen\u00e9rico de las estrategias de negocio que le permitir\u00e1n a la empresa, mejorar su posici\u00f3n competitiva respecto a las dem\u00e1s empresas del sector.<\/p>[\/et_pb_text][\/et_pb_column][\/et_pb_row][et_pb_row column_structure=\u00bb1_2,1_2&#8243; custom_padding_last_edited=\u00bboff|phone\u00bb _builder_version=\u00bb4.27.0&#8243; _module_preset=\u00bbdefault\u00bb width_tablet=\u00bb80%\u00bb width_phone=\u00bb100%\u00bb width_last_edited=\u00bboff|desktop\u00bb custom_padding=\u00bb8px||||false|false\u00bb custom_padding_tablet=\u00bb17px||3px|||\u00bb global_colors_info=\u00bb{}\u00bb][et_pb_column type=\u00bb1_2&#8243; _builder_version=\u00bb4.16&#8243; _module_preset=\u00bbdefault\u00bb global_colors_info=\u00bb{}\u00bb][et_pb_text admin_label=\u00bbTexto\u00bb _builder_version=\u00bb4.27.0&#8243; _module_preset=\u00bbdefault\u00bb text_font=\u00bbActor||||||||\u00bb text_text_color=\u00bb#FFFFFF\u00bb text_font_size=\u00bb18px\u00bb header_2_font=\u00bbOswald||||||||\u00bb header_3_font=\u00bbOswald|600|||||||\u00bb header_3_text_align=\u00bbcenter\u00bb header_3_text_color=\u00bb#FFFFFF\u00bb background_color=\u00bb#0c71c3&#8243; text_orientation=\u00bbjustified\u00bb width=\u00bb90%\u00bb width_tablet=\u00bb75%\u00bb width_phone=\u00bb85%\u00bb width_last_edited=\u00bbon|desktop\u00bb min_height=\u00bb92px\u00bb custom_margin=\u00bb|auto||auto|false|false\u00bb custom_margin_tablet=\u00bb||29px|||\u00bb custom_margin_phone=\u00bb||0px||false|false\u00bb custom_margin_last_edited=\u00bbon|phone\u00bb custom_padding=\u00bb22px|10px|22px|10px|false|false\u00bb custom_padding_tablet=\u00bb22px||||false|false\u00bb custom_padding_phone=\u00bb22px||22px||false|false\u00bb custom_padding_last_edited=\u00bbon|phone\u00bb text_font_size_tablet=\u00bb25px\u00bb text_font_size_phone=\u00bb19px\u00bb text_font_size_last_edited=\u00bbon|desktop\u00bb header_font_size_tablet=\u00bb\u00bb header_font_size_phone=\u00bb14px\u00bb header_font_size_last_edited=\u00bbon|phone\u00bb box_shadow_style=\u00bbpreset2&#8243; global_colors_info=\u00bb{}\u00bb]<h3>CONTROLES INTERNOS PARA NEGOCIOS<\/h3>\n<p>Diferentes mecanismos de control que puede aplicar en las organizaciones, as\u00ed como la identificaci\u00f3n de las estructuras con problemas de control y el an\u00e1lisis de los ciclos propios de las entidades, para adecuarse a las necesidades de las organizaciones.<\/p>\n<h3>COMERCIO ELECTR\u00d3NICO Y REDES SOCIALES<\/h3>\n<p>Nuevas formas de hacer negocios a trav\u00e9s de Internet y Redes Sociales, proporcionando las habilidades y conocimientos para el desarrollo de sistemas de informaci\u00f3n adaptados al comercio electr\u00f3nico.<\/p>\n<h3>COMERCIO INTERNACIONAL<\/h3>\n<p>Medio internacional con sus caracter\u00edsticas espec\u00edficas de las operaciones del comercio, as\u00ed como de las nuevas tendencias para facilitar su labor futura. Asimismo, conocer\u00e1 la formaci\u00f3n de directivos con conocimientos en las particularidades del entorno internacional y de las formas de planificar y ejecutar las operaciones de comercio internacional.<\/p>\n<h3>FINANZAS CORPORATIVAS <\/h3>\n<p>Valuaci\u00f3n de los activos y pasivos financieros, as\u00ed como tomar las decisiones para el buen funcionamiento y desarrollo de la empresa de negocios, principalmente de las que cotizan en bolsa.<\/p>\n<h3>GOBIERNO CORPORATIVO EN LOS NEGOCIOS<\/h3>\n<p>Proceso y estructura de desarrollo del gobierno corporativo en la organizaci\u00f3n, describiendo cada etapa para asegurar su permanencia en la sucesi\u00f3n y el tiempo, a fin de lograr los objetivos estrat\u00e9gicos necesarios para su crecimiento en el mercado.<\/p>[\/et_pb_text][\/et_pb_column][et_pb_column type=\u00bb1_2&#8243; _builder_version=\u00bb4.16&#8243; _module_preset=\u00bbdefault\u00bb global_colors_info=\u00bb{}\u00bb][et_pb_text admin_label=\u00bbTexto\u00bb _builder_version=\u00bb4.27.0&#8243; _module_preset=\u00bbdefault\u00bb text_font=\u00bbActor||||||||\u00bb text_text_color=\u00bb#FFFFFF\u00bb text_font_size=\u00bb18px\u00bb header_2_font=\u00bbOswald||||||||\u00bb header_3_font=\u00bbOswald|600|||||||\u00bb header_3_text_align=\u00bbcenter\u00bb header_3_text_color=\u00bb#FFFFFF\u00bb background_color=\u00bb#0c71c3&#8243; text_orientation=\u00bbjustified\u00bb width=\u00bb90%\u00bb width_tablet=\u00bb75%\u00bb width_phone=\u00bb85%\u00bb width_last_edited=\u00bbon|desktop\u00bb min_height=\u00bb92px\u00bb custom_margin=\u00bb|auto||auto|false|false\u00bb custom_margin_tablet=\u00bb||29px|||\u00bb custom_margin_phone=\u00bb||0px||false|false\u00bb custom_margin_last_edited=\u00bbon|phone\u00bb custom_padding=\u00bb22px|10px|22px|10px|false|false\u00bb custom_padding_tablet=\u00bb22px||||false|false\u00bb custom_padding_phone=\u00bb22px||22px||false|false\u00bb custom_padding_last_edited=\u00bbon|phone\u00bb text_font_size_tablet=\u00bb25px\u00bb text_font_size_phone=\u00bb19px\u00bb text_font_size_last_edited=\u00bbon|desktop\u00bb header_font_size_tablet=\u00bb\u00bb header_font_size_phone=\u00bb14px\u00bb header_font_size_last_edited=\u00bbon|phone\u00bb box_shadow_style=\u00bbpreset2&#8243; global_colors_info=\u00bb{}\u00bb]<h3>ECONOMIA EMPRESARIAL <\/h3>\n<p>Conocimientos del entorno interno y externo de la empresa y su impacto en el mercado para una adecuada toma de decisiones y realizar propuestas sobre las distintas funciones y \u00e1reas de la organizaci\u00f3n, misma que le permitir\u00e1 comprender la importancia de la Econom\u00eda Empresarial en el entorno sociopol\u00edtico del mundo de las empresas.<\/p>\n<h3>GESTION DE LA RESPONSABILIDAD SOCIAL CORPORATIVA<\/h3>\n<p>Elementos de responsabilidad de car\u00e1cter \u00e9tico que fomente el compromiso de la empresa para dirigir sus acciones a la contribuci\u00f3n del mejoramiento social, econ\u00f3mico y ambiental, para disminuir el impacto negativo que afecta tanto a la naturaleza, como la sociedad.<\/p>\n<h3>SEMINARIO DE EVALUACION DE PROYECTOS DE INVERSI\u00d3N<\/h3>\n<p>Conocimientos te\u00f3ricos necesarios para la formulaci\u00f3n, el an\u00e1lisis y la evaluaci\u00f3n de proyectos de inversi\u00f3n, asimismo conocimientos pr\u00e1cticos para su aplicaci\u00f3n a un proyecto de inversi\u00f3n espec\u00edfico que le permita presentar ante cualquier instituci\u00f3n financiera.<\/p>[\/et_pb_text][\/et_pb_column][\/et_pb_row][et_pb_row _builder_version=\u00bb4.27.0&#8243; _module_preset=\u00bbdefault\u00bb background_color=\u00bb#fdd836&#8243; width=\u00bb99%\u00bb custom_padding=\u00bb8px||||false|false\u00bb global_colors_info=\u00bb{}\u00bb][et_pb_column type=\u00bb4_4&#8243; _builder_version=\u00bb4.16&#8243; _module_preset=\u00bbdefault\u00bb global_colors_info=\u00bb{}\u00bb][et_pb_text admin_label=\u00bbTexto\u00bb _builder_version=\u00bb4.27.0&#8243; _module_preset=\u00bbdefault\u00bb text_font=\u00bbActor||||||||\u00bb text_font_size=\u00bb18px\u00bb header_font=\u00bbActor||||||||\u00bb header_2_font=\u00bbOswald||||||||\u00bb background_color=\u00bbRGBA(255,255,255,0)\u00bb text_orientation=\u00bbjustified\u00bb width=\u00bb75%\u00bb width_tablet=\u00bb75%\u00bb width_phone=\u00bb85%\u00bb width_last_edited=\u00bbon|desktop\u00bb min_height=\u00bb92px\u00bb custom_margin=\u00bb|auto||auto|false|false\u00bb custom_margin_tablet=\u00bb||29px|||\u00bb custom_margin_phone=\u00bb||0px||false|false\u00bb custom_margin_last_edited=\u00bbon|phone\u00bb custom_padding=\u00bb22px|10px|22px|10px|false|false\u00bb custom_padding_tablet=\u00bb22px||||false|false\u00bb custom_padding_phone=\u00bb22px||22px||false|false\u00bb custom_padding_last_edited=\u00bbon|phone\u00bb text_font_size_tablet=\u00bb25px\u00bb text_font_size_phone=\u00bb19px\u00bb text_font_size_last_edited=\u00bbon|desktop\u00bb header_font_size_tablet=\u00bb\u00bb header_font_size_phone=\u00bb14px\u00bb header_font_size_last_edited=\u00bbon|phone\u00bb global_colors_info=\u00bb{}\u00bb]<h3 style=\"font-weight: 400;\"><strong>PLANTA DOCENTE:<\/strong><\/h3>\n<p><strong>Cecilio de Jes\u00fas D\u00edaz Rinc\u00f3n<\/strong><\/p>\n<p>Licenciado en administraci\u00f3n de Empresas, Maestro y Doctor en Administraci\u00f3n. Con 20 de a\u00f1os de experiencia en docencia.<\/p>\n<p><strong>Marco Polo Gordillo Rivera<\/strong><\/p>\n<p>Licenciado en Derecho con Maestr\u00eda en Derecho de Empresas y en Juicios Orales. Con m\u00e1s de 15 a\u00f1os de experiencia docente en universidades p\u00fablicas y privadas. De igual manera, se desempe\u00f1a como director y abogado litigante en despachos jur\u00eddicos.<\/p>\n<p><strong>Victor Hugo Guzm\u00e1n Zarate<\/strong><\/p>\n<p>Licenciado en administraci\u00f3n de empresas con Maestr\u00eda y doctorado en administraci\u00f3n especializado en finanzas. Cuenta con m\u00e1s de 10 a\u00f1os de experiencia docente en universidades p\u00fablicas y privadas. Es miembro de la asociaci\u00f3n EX \u2013 A \u2013 TEC Chiapas y de la Asociaci\u00f3n Mexicana de Capacitaci\u00f3n (AMECAP).<\/p>\n<p><strong>Adriana Ocampo Garc\u00eda<\/strong><\/p>\n<p>Licenciada en Ciencias de la Comunicaci\u00f3n y Maestra en Administraci\u00f3n con especialidad en Negocios Internacionales. Se desempe\u00f1a como Presidenta del Consejo Directivo Estatal en Chiapas de la Academia Nacional de la Mujer, Sociedad Nacional de Geograf\u00eda y Estad\u00edstica desde 2006.<\/p>\n<p><strong>Hilario Laguna Caballero<\/strong><\/p>\n<p>Licenciado en Contadur\u00eda P\u00fablica, Maestro en Administraci\u00f3n Organizacional y Doctor en Estudios Organizacionales. Docente investigador en diferentes cuerpos acad\u00e9micos de la Facultad de Contadur\u00eda y Administraci\u00f3n de la Universidad Aut\u00f3noma de Chiapas.<\/p>\n<p><strong>Francisco Antonio P\u00e9rez Mart\u00ednez<\/strong><\/p>\n<p>Licenciado en Econom\u00eda, Maestro y Doctor en Administraci\u00f3n. Cuenta con m\u00e1s de 20 a\u00f1os en diferentes universidades p\u00fablicas y privadas. Ha podido desempe\u00f1arse en diferentes instituciones p\u00fablicas de car\u00e1cter administrativo y financiero.<\/p>\n<p><strong>Mario Alberto Villanueva Franco<\/strong><\/p>\n<p>Licenciado en Ingenier\u00eda Qu\u00edmica, Maestro en Ingenier\u00eda de Calidad y Doctor en Administraci\u00f3n con Especialidad en Estrategia y An\u00e1lisis Estad\u00edstico de Datos por el Instituto Tecnol\u00f3gico y de Estudios Superiores de Monterrey &#8211; University of North Carolina. Cuenta con experiencia docente a nivel licenciatura, maestr\u00eda y doctorado en diversas instituciones de educaci\u00f3n superior del estado de Chiapas. Pertenece a grupos de investigaci\u00f3n cient\u00edfica y posgrado a nivel estatal y nacional.<\/p>[\/et_pb_text][\/et_pb_column][\/et_pb_row][et_pb_row custom_padding_last_edited=\u00bboff|phone\u00bb _builder_version=\u00bb4.27.0&#8243; _module_preset=\u00bbdefault\u00bb width=\u00bb99%\u00bb width_tablet=\u00bb80%\u00bb width_phone=\u00bb100%\u00bb width_last_edited=\u00bboff|desktop\u00bb custom_padding=\u00bb8px||||false|false\u00bb custom_padding_tablet=\u00bb17px||3px|||\u00bb global_colors_info=\u00bb{}\u00bb][et_pb_column type=\u00bb4_4&#8243; _builder_version=\u00bb4.16&#8243; _module_preset=\u00bbdefault\u00bb global_colors_info=\u00bb{}\u00bb][et_pb_text admin_label=\u00bbTexto\u00bb _builder_version=\u00bb4.27.0&#8243; _module_preset=\u00bbdefault\u00bb text_font=\u00bbActor||||||||\u00bb text_font_size=\u00bb18px\u00bb header_font=\u00bbActor||||||||\u00bb header_2_font=\u00bbOswald||||||||\u00bb background_color=\u00bbRGBA(255,255,255,0)\u00bb text_orientation=\u00bbjustified\u00bb width=\u00bb75%\u00bb width_tablet=\u00bb75%\u00bb width_phone=\u00bb85%\u00bb width_last_edited=\u00bbon|desktop\u00bb min_height=\u00bb92px\u00bb custom_margin=\u00bb|auto||auto|false|false\u00bb custom_margin_tablet=\u00bb||29px|||\u00bb custom_margin_phone=\u00bb||0px||false|false\u00bb custom_margin_last_edited=\u00bbon|phone\u00bb custom_padding=\u00bb22px|10px|22px|10px|false|false\u00bb custom_padding_tablet=\u00bb22px||||false|false\u00bb custom_padding_phone=\u00bb22px||22px||false|false\u00bb custom_padding_last_edited=\u00bbon|phone\u00bb text_font_size_tablet=\u00bb25px\u00bb text_font_size_phone=\u00bb19px\u00bb text_font_size_last_edited=\u00bbon|desktop\u00bb header_font_size_tablet=\u00bb\u00bb header_font_size_phone=\u00bb14px\u00bb header_font_size_last_edited=\u00bbon|phone\u00bb global_colors_info=\u00bb{}\u00bb]<p style=\"font-weight: 400;\">Somos UCACH, una organizaci\u00f3n escolar que ofrece educaci\u00f3n integral centrada en la persona, sus necesidades de plenitud individual y global, contextualizada en la inestabilidad del mundo, mediante el desarrollo de aprendizajes significativos y la interdisciplinariedad del saber, que le permita afrontar desaf\u00edos de las diversas dimensiones de su vida en orden al progreso socio cultural.<\/p>[\/et_pb_text][et_pb_text admin_label=\u00bbTexto\u00bb _builder_version=\u00bb4.27.0&#8243; _module_preset=\u00bbdefault\u00bb text_font=\u00bbOswald||||||||\u00bb text_text_color=\u00bb#0C71C3&#8243; text_font_size=\u00bb58px\u00bb header_font=\u00bbActor||||||||\u00bb background_color=\u00bbRGBA(255,255,255,0)\u00bb width_tablet=\u00bb\u00bb width_phone=\u00bb85%\u00bb width_last_edited=\u00bbon|phone\u00bb min_height=\u00bb92px\u00bb custom_margin=\u00bb|auto||auto|false|false\u00bb custom_margin_tablet=\u00bb||29px|||\u00bb custom_margin_phone=\u00bb||0px||false|false\u00bb custom_margin_last_edited=\u00bbon|phone\u00bb custom_padding=\u00bb22px|10px|22px|10px|false|false\u00bb custom_padding_tablet=\u00bb22px||||false|false\u00bb custom_padding_phone=\u00bb22px||22px||false|false\u00bb custom_padding_last_edited=\u00bbon|phone\u00bb text_font_size_tablet=\u00bb25px\u00bb text_font_size_phone=\u00bb35px\u00bb text_font_size_last_edited=\u00bbon|phone\u00bb text_line_height_tablet=\u00bb\u00bb text_line_height_phone=\u00bb1.8em\u00bb text_line_height_last_edited=\u00bbon|phone\u00bb header_font_size_tablet=\u00bb\u00bb header_font_size_phone=\u00bb14px\u00bb header_font_size_last_edited=\u00bbon|phone\u00bb global_colors_info=\u00bb{}\u00bb]<p style=\"font-weight: 400; text-align: center;\">Desarrollando el futuro con educaci\u00f3n integral<\/p>[\/et_pb_text][\/et_pb_column][\/et_pb_row][\/et_pb_section]\n","protected":false},"excerpt":{"rendered":"<p>MAESTR\u00cdA EN ADMINISTRACI\u00d3N ESTRAT\u00c9GICARVOE ESTATAL: PSU-04\/2024Las organizaciones se desarrollan en el mundo competitivo y vol\u00e1til dentro del mercado global donde constantemente necesitan posicionar su propuesta de valor, redise\u00f1ar su estrategia comercial, atendiendo los \u00e1mbitos econ\u00f3micos, contables, financieros y administrativos. Programa Incorporado a la SEP del Estado de Chiapas, con la nueva normativa de duraci\u00f3n de [&hellip;]<\/p>\n","protected":false},"author":1,"featured_media":0,"parent":0,"menu_order":0,"comment_status":"closed","ping_status":"closed","template":"","meta":{"_et_pb_use_builder":"on","_et_pb_old_content":"","_et_gb_content_width":"","_monsterinsights_skip_tracking":false,"_monsterinsights_sitenote_active":false,"_monsterinsights_sitenote_note":"","_monsterinsights_sitenote_category":0,"_uf_show_specific_survey":0,"_uf_disable_surveys":false,"footnotes":""},"class_list":["post-3642","page","type-page","status-publish","hentry"],"aioseo_notices":[],"jetpack_sharing_enabled":true,"_links":{"self":[{"href":"https:\/\/ucach.mx\/index.php\/wp-json\/wp\/v2\/pages\/3642","targetHints":{"allow":["GET"]}}],"collection":[{"href":"https:\/\/ucach.mx\/index.php\/wp-json\/wp\/v2\/pages"}],"about":[{"href":"https:\/\/ucach.mx\/index.php\/wp-json\/wp\/v2\/types\/page"}],"author":[{"embeddable":true,"href":"https:\/\/ucach.mx\/index.php\/wp-json\/wp\/v2\/users\/1"}],"replies":[{"embeddable":true,"href":"https:\/\/ucach.mx\/index.php\/wp-json\/wp\/v2\/comments?post=3642"}],"version-history":[{"count":6,"href":"https:\/\/ucach.mx\/index.php\/wp-json\/wp\/v2\/pages\/3642\/revisions"}],"predecessor-version":[{"id":3655,"href":"https:\/\/ucach.mx\/index.php\/wp-json\/wp\/v2\/pages\/3642\/revisions\/3655"}],"wp:attachment":[{"href":"https:\/\/ucach.mx\/index.php\/wp-json\/wp\/v2\/media?parent=3642"}],"curies":[{"name":"wp","href":"https:\/\/api.w.org\/{rel}","templated":true}]}}